{"id":945,"date":"2022-11-07T15:27:30","date_gmt":"2022-11-07T14:27:30","guid":{"rendered":"https:\/\/dzieckoi.usz.edu.pl\/?page_id=945"},"modified":"2022-11-07T20:15:50","modified_gmt":"2022-11-07T19:15:50","slug":"kontakt","status":"publish","type":"page","link":"https:\/\/dzieckoi.usz.edu.pl\/index.php\/kontakt\/","title":{"rendered":"Kontakt"},"content":{"rendered":"\t\t<div data-elementor-type=\"wp-page\" data-elementor-id=\"945\" class=\"elementor elementor-945\">\n\t\t\t\t\t\t<div class=\"elementor-inner\">\n\t\t\t\t<div class=\"elementor-section-wrap\">\n\t\t\t\t\t\t\t\t\t<section class=\"elementor-section elementor-top-section elementor-element elementor-element-4e6fe608 elementor-section-height-min-height elementor-section-content-middle elementor-section-boxed elementor-section-height-default elementor-section-items-middle\" data-id=\"4e6fe608\" data-element_type=\"section\" data-settings=\"{&quot;background_background&quot;:&quot;classic&quot;}\">\n\t\t\t\t\t\t\t<div class=\"elementor-background-overlay\"><\/div>\n\t\t\t\t\t\t\t<div class=\"elementor-container elementor-column-gap-no\">\n\t\t\t\t\t\t\t<div class=\"elementor-row\">\n\t\t\t\t\t<div class=\"elementor-column elementor-col-100 elementor-top-column elementor-element elementor-element-6f860f18\" data-id=\"6f860f18\" data-element_type=\"column\" data-settings=\"{&quot;background_background&quot;:&quot;classic&quot;}\">\n\t\t\t<div class=\"elementor-column-wrap elementor-element-populated\">\n\t\t\t\t\t\t\t<div class=\"elementor-widget-wrap\">\n\t\t\t\t\t\t<div class=\"elementor-element elementor-element-6db16e11 elementor-widget elementor-widget-theme-post-title elementor-page-title elementor-widget-heading\" data-id=\"6db16e11\" data-element_type=\"widget\" data-widget_type=\"theme-post-title.default\">\n\t\t\t\t<div class=\"elementor-widget-container\">\n\t\t\t<h1 class=\"elementor-heading-title elementor-size-default\">Kontakt<\/h1>\t\t<\/div>\n\t\t\t\t<\/div>\n\t\t\t\t\t\t<\/div>\n\t\t\t\t\t<\/div>\n\t\t<\/div>\n\t\t\t\t\t\t\t\t<\/div>\n\t\t\t\t\t<\/div>\n\t\t<\/section>\n\t\t\t\t<section class=\"elementor-section elementor-top-section elementor-element elementor-element-440d2e1 elementor-section-boxed elementor-section-height-default elementor-section-height-default\" data-id=\"440d2e1\" data-element_type=\"section\">\n\t\t\t\t\t\t<div class=\"elementor-container elementor-column-gap-default\">\n\t\t\t\t\t\t\t<div class=\"elementor-row\">\n\t\t\t\t\t<div class=\"elementor-column elementor-col-100 elementor-top-column elementor-element elementor-element-d482118\" data-id=\"d482118\" data-element_type=\"column\">\n\t\t\t<div class=\"elementor-column-wrap elementor-element-populated\">\n\t\t\t\t\t\t\t<div class=\"elementor-widget-wrap\">\n\t\t\t\t\t\t<div class=\"elementor-element elementor-element-e959b61 elementor-widget elementor-widget-elementskit-heading\" data-id=\"e959b61\" data-element_type=\"widget\" data-widget_type=\"elementskit-heading.default\">\n\t\t\t\t<div class=\"elementor-widget-container\">\n\t\t\t<div class=\"ekit-wid-con\" ><div class=\"ekit-heading elementskit-section-title-wraper text_center   ekit_heading_tablet-   ekit_heading_mobile-\"><h3 class=\"elementskit-section-subtitle  \">\n\t\t\t\t\t\tDZIECKO I &quot;J\u0118ZYK WCZESNEJ EDUKACJI&quot;\n\t\t\t\t\t<\/h3><h2 class=\"ekit-heading--title elementskit-section-title \">Kontakt z nami<\/h2><div class=\"ekit_heading_separetor_wraper ekit_heading_elementskit-border-divider elementskit-style-long\"><div class=\"elementskit-border-divider elementskit-style-long\"><\/div><\/div><\/div><\/div>\t\t<\/div>\n\t\t\t\t<\/div>\n\t\t\t\t<div class=\"elementor-element elementor-element-2e8217c elementor-widget elementor-widget-text-editor\" data-id=\"2e8217c\" data-element_type=\"widget\" data-widget_type=\"text-editor.default\">\n\t\t\t\t<div class=\"elementor-widget-container\">\n\t\t\t\t\t\t\t\t<div class=\"elementor-text-editor elementor-clearfix\">\n\t\t\t\t<p>Zapraszamy do kontaktu z nami:<\/p><p data-fontsize=\"13\">Uniwersytet Szczeci\u0144ski<br \/>Instytut Pedagogiki<br \/>Ogi\u0144skiego 16\/17<br \/>71-415 Szczecin<\/p>\t\t\t\t\t<\/div>\n\t\t\t\t\t\t<\/div>\n\t\t\t\t<\/div>\n\t\t\t\t<div class=\"elementor-element elementor-element-a9bedb5 elementor-widget elementor-widget-text-editor\" data-id=\"a9bedb5\" data-element_type=\"widget\" data-widget_type=\"text-editor.default\">\n\t\t\t\t<div class=\"elementor-widget-container\">\n\t\t\t\t\t\t\t\t<div class=\"elementor-text-editor elementor-clearfix\">\n\t\t\t\t<p><strong>Urszula Ch\u0119ci\u0144ska<\/strong> &#8211;<br \/><span class=\"konwersja\">lp.ude.zsu@aksnicehc.aluzsru<\/span><\/p><p><strong>Lidia Pawlusi\u0144ska &#8211;<\/strong><br \/><span class=\"konwersja\">lp.ude.zsu@aksnisulwap.aidil<\/span><\/p><p><strong>Agnieszka Materne<\/strong> &#8211;<br \/><span class=\"konwersja\">lp.ude.zsu@enretam.akzseinga<\/span><\/p><p>\u00a0<\/p><p>\u00a0<\/p>\t\t\t\t\t<\/div>\n\t\t\t\t\t\t<\/div>\n\t\t\t\t<\/div>\n\t\t\t\t<div class=\"elementor-element elementor-element-2a372b4 elementor-widget elementor-widget-image\" data-id=\"2a372b4\" data-element_type=\"widget\" data-widget_type=\"image.default\">\n\t\t\t\t<div class=\"elementor-widget-container\">\n\t\t\t\t\t\t\t\t<div class=\"elementor-image\">\n\t\t\t\t\t\t\t\t\t\t\t\t<img loading=\"lazy\" decoding=\"async\" width=\"2560\" height=\"597\" src=\"https:\/\/dzieckoi.usz.edu.pl\/wp-content\/uploads\/2022\/11\/korczak-kulmowa-scaled.jpg\" class=\"attachment-full size-full\" alt=\"Korczak i Kulmowa\" srcset=\"https:\/\/dzieckoi.usz.edu.pl\/wp-content\/uploads\/2022\/11\/korczak-kulmowa-scaled.jpg 2560w, https:\/\/dzieckoi.usz.edu.pl\/wp-content\/uploads\/2022\/11\/korczak-kulmowa-300x70.jpg 300w, https:\/\/dzieckoi.usz.edu.pl\/wp-content\/uploads\/2022\/11\/korczak-kulmowa-1024x239.jpg 1024w, https:\/\/dzieckoi.usz.edu.pl\/wp-content\/uploads\/2022\/11\/korczak-kulmowa-768x179.jpg 768w, https:\/\/dzieckoi.usz.edu.pl\/wp-content\/uploads\/2022\/11\/korczak-kulmowa-1536x358.jpg 1536w, https:\/\/dzieckoi.usz.edu.pl\/wp-content\/uploads\/2022\/11\/korczak-kulmowa-2048x478.jpg 2048w\" sizes=\"auto, (max-width: 2560px) 100vw, 2560px\" \/>\t\t\t\t\t\t\t\t\t\t\t\t\t\t<\/div>\n\t\t\t\t\t\t<\/div>\n\t\t\t\t<\/div>\n\t\t\t\t\t\t<\/div>\n\t\t\t\t\t<\/div>\n\t\t<\/div>\n\t\t\t\t\t\t\t\t<\/div>\n\t\t\t\t\t<\/div>\n\t\t<\/section>\n\t\t\t\t<section class=\"elementor-section elementor-top-section elementor-element elementor-element-dc6078b elementor-section-content-middle elementor-section-boxed elementor-section-height-default elementor-section-height-default\" data-id=\"dc6078b\" data-element_type=\"section\" data-settings=\"{&quot;background_background&quot;:&quot;classic&quot;}\">\n\t\t\t\t\t\t<div class=\"elementor-container elementor-column-gap-default\">\n\t\t\t\t\t\t\t<div class=\"elementor-row\">\n\t\t\t\t\t<div class=\"elementor-column elementor-col-100 elementor-top-column elementor-element elementor-element-a0c6074\" data-id=\"a0c6074\" data-element_type=\"column\">\n\t\t\t<div class=\"elementor-column-wrap elementor-element-populated\">\n\t\t\t\t\t\t\t<div class=\"elementor-widget-wrap\">\n\t\t\t\t\t\t<div class=\"elementor-element elementor-element-a8e7b9a elementor-widget elementor-widget-text-editor\" data-id=\"a8e7b9a\" data-element_type=\"widget\" data-widget_type=\"text-editor.default\">\n\t\t\t\t<div class=\"elementor-widget-container\">\n\t\t\t\t\t\t\t\t<div class=\"elementor-text-editor elementor-clearfix\">\n\t\t\t\t<p>Konferencja dofinansowana przez Ministerstwo Edukacji i Nauki w ramach programu DOSKONA\u0141A NAUKA \u2013 wsparcie konferencji naukowych (DKN\/SP\/547378\/2022)<\/p>\t\t\t\t\t<\/div>\n\t\t\t\t\t\t<\/div>\n\t\t\t\t<\/div>\n\t\t\t\t\t\t<\/div>\n\t\t\t\t\t<\/div>\n\t\t<\/div>\n\t\t\t\t\t\t\t\t<\/div>\n\t\t\t\t\t<\/div>\n\t\t<\/section>\n\t\t\t\t\t\t\t\t\t<\/div>\n\t\t\t<\/div>\n\t\t\t\t\t<\/div>\n\t\t","protected":false},"excerpt":{"rendered":"<p>DZIECKO I &quot;J\u0118ZYK WCZESNEJ EDUKACJI&quot; Kontakt z nami Zapraszamy do kontaktu z nami: Uniwersytet Szczeci\u0144skiInstytut PedagogikiOgi\u0144skiego 16\/1771-415 Szczecin Urszula Ch\u0119ci\u0144ska &#8211;lp.ude.zsu@aksnicehc.aluzsru Lidia Pawlusi\u0144ska &#8211;lp.ude.zsu@aksnisulwap.aidil Agnieszka Materne &#8211;lp.ude.zsu@enretam.akzseinga \u00a0 \u00a0 Konferencja dofinansowana przez Ministerstwo Edukacji i Nauki w ramach programu DOSKONA\u0141A NAUKA \u2013 wsparcie konferencji naukowych (DKN\/SP\/547378\/2022)<\/p>\n","protected":false},"author":2,"featured_media":0,"parent":0,"menu_order":3,"comment_status":"closed","ping_status":"closed","template":"elementor_header_footer","meta":{"footnotes":""},"class_list":["post-945","page","type-page","status-publish","hentry"],"_links":{"self":[{"href":"https:\/\/dzieckoi.usz.edu.pl\/index.php\/wp-json\/wp\/v2\/pages\/945","targetHints":{"allow":["GET"]}}],"collection":[{"href":"https:\/\/dzieckoi.usz.edu.pl\/index.php\/wp-json\/wp\/v2\/pages"}],"about":[{"href":"https:\/\/dzieckoi.usz.edu.pl\/index.php\/wp-json\/wp\/v2\/types\/page"}],"author":[{"embeddable":true,"href":"https:\/\/dzieckoi.usz.edu.pl\/index.php\/wp-json\/wp\/v2\/users\/2"}],"replies":[{"embeddable":true,"href":"https:\/\/dzieckoi.usz.edu.pl\/index.php\/wp-json\/wp\/v2\/comments?post=945"}],"version-history":[{"count":16,"href":"https:\/\/dzieckoi.usz.edu.pl\/index.php\/wp-json\/wp\/v2\/pages\/945\/revisions"}],"predecessor-version":[{"id":1040,"href":"https:\/\/dzieckoi.usz.edu.pl\/index.php\/wp-json\/wp\/v2\/pages\/945\/revisions\/1040"}],"wp:attachment":[{"href":"https:\/\/dzieckoi.usz.edu.pl\/index.php\/wp-json\/wp\/v2\/media?parent=945"}],"curies":[{"name":"wp","href":"https:\/\/api.w.org\/{rel}","templated":true}]}}