{"id":501,"date":"2022-11-02T11:49:07","date_gmt":"2022-11-02T10:49:07","guid":{"rendered":"https:\/\/dzieckoi.usz.edu.pl\/?page_id=501"},"modified":"2023-03-19T20:30:54","modified_gmt":"2023-03-19T19:30:54","slug":"program","status":"publish","type":"page","link":"https:\/\/dzieckoi.usz.edu.pl\/index.php\/program\/","title":{"rendered":"Program"},"content":{"rendered":"\t\t<div data-elementor-type=\"wp-page\" data-elementor-id=\"501\" class=\"elementor elementor-501\">\n\t\t\t\t\t\t<div class=\"elementor-inner\">\n\t\t\t\t<div class=\"elementor-section-wrap\">\n\t\t\t\t\t\t\t\t\t<section class=\"elementor-section elementor-top-section elementor-element elementor-element-4e6fe608 elementor-section-height-min-height elementor-section-content-middle elementor-section-boxed elementor-section-height-default elementor-section-items-middle\" data-id=\"4e6fe608\" data-element_type=\"section\" data-settings=\"{&quot;background_background&quot;:&quot;classic&quot;}\">\n\t\t\t\t\t\t\t<div class=\"elementor-background-overlay\"><\/div>\n\t\t\t\t\t\t\t<div class=\"elementor-container elementor-column-gap-no\">\n\t\t\t\t\t\t\t<div class=\"elementor-row\">\n\t\t\t\t\t<div class=\"elementor-column elementor-col-100 elementor-top-column elementor-element elementor-element-6f860f18\" data-id=\"6f860f18\" data-element_type=\"column\" data-settings=\"{&quot;background_background&quot;:&quot;classic&quot;}\">\n\t\t\t<div class=\"elementor-column-wrap elementor-element-populated\">\n\t\t\t\t\t\t\t<div class=\"elementor-widget-wrap\">\n\t\t\t\t\t\t<div class=\"elementor-element elementor-element-28abc62 elementor-widget elementor-widget-heading\" data-id=\"28abc62\" data-element_type=\"widget\" data-widget_type=\"heading.default\">\n\t\t\t\t<div class=\"elementor-widget-container\">\n\t\t\t<h1 class=\"elementor-heading-title elementor-size-default\">Program konferencji<\/h1>\t\t<\/div>\n\t\t\t\t<\/div>\n\t\t\t\t\t\t<\/div>\n\t\t\t\t\t<\/div>\n\t\t<\/div>\n\t\t\t\t\t\t\t\t<\/div>\n\t\t\t\t\t<\/div>\n\t\t<\/section>\n\t\t\t\t<section class=\"elementor-section elementor-top-section elementor-element elementor-element-ccd55ff elementor-section-boxed elementor-section-height-default elementor-section-height-default\" data-id=\"ccd55ff\" data-element_type=\"section\">\n\t\t\t\t\t\t<div class=\"elementor-container elementor-column-gap-default\">\n\t\t\t\t\t\t\t<div class=\"elementor-row\">\n\t\t\t\t\t<div class=\"elementor-column elementor-col-100 elementor-top-column elementor-element elementor-element-7439bb0\" data-id=\"7439bb0\" data-element_type=\"column\">\n\t\t\t<div class=\"elementor-column-wrap\">\n\t\t\t\t\t\t\t<div class=\"elementor-widget-wrap\">\n\t\t\t\t\t\t\t\t<\/div>\n\t\t\t\t\t<\/div>\n\t\t<\/div>\n\t\t\t\t\t\t\t\t<\/div>\n\t\t\t\t\t<\/div>\n\t\t<\/section>\n\t\t\t\t<section class=\"elementor-section elementor-top-section elementor-element elementor-element-4ab95c9 elementor-section-boxed elementor-section-height-default elementor-section-height-default\" data-id=\"4ab95c9\" data-element_type=\"section\" data-settings=\"{&quot;background_background&quot;:&quot;classic&quot;}\">\n\t\t\t\t\t\t<div class=\"elementor-container elementor-column-gap-no\">\n\t\t\t\t\t\t\t<div class=\"elementor-row\">\n\t\t\t\t\t<div class=\"elementor-column elementor-col-100 elementor-top-column elementor-element elementor-element-7b9f7bb\" data-id=\"7b9f7bb\" data-element_type=\"column\">\n\t\t\t<div class=\"elementor-column-wrap elementor-element-populated\">\n\t\t\t\t\t\t\t<div class=\"elementor-widget-wrap\">\n\t\t\t\t\t\t<div class=\"elementor-element elementor-element-39cc152 elementor-widget elementor-widget-elementskit-heading\" data-id=\"39cc152\" data-element_type=\"widget\" data-widget_type=\"elementskit-heading.default\">\n\t\t\t\t<div class=\"elementor-widget-container\">\n\t\t\t<div class=\"ekit-wid-con\" ><div class=\"ekit-heading elementskit-section-title-wraper text_center   ekit_heading_tablet-   ekit_heading_mobile-\"><h3 class=\"elementskit-section-subtitle  \">\n\t\t\t\t\t\tDZIECKO I &quot;J\u0118ZYK WCZESNEJ EDUKACJI&quot;\n\t\t\t\t\t<\/h3><h2 class=\"ekit-heading--title elementskit-section-title \">Program konferencji<\/h2><div class=\"ekit_heading_separetor_wraper ekit_heading_elementskit-border-divider elementskit-style-long\"><div class=\"elementskit-border-divider elementskit-style-long\"><\/div><\/div><\/div><\/div>\t\t<\/div>\n\t\t\t\t<\/div>\n\t\t\t\t\t\t<\/div>\n\t\t\t\t\t<\/div>\n\t\t<\/div>\n\t\t\t\t\t\t\t\t<\/div>\n\t\t\t\t\t<\/div>\n\t\t<\/section>\n\t\t\t\t<section class=\"elementor-section elementor-top-section elementor-element elementor-element-7545bb3 elementor-section-boxed elementor-section-height-default elementor-section-height-default\" data-id=\"7545bb3\" data-element_type=\"section\" data-settings=\"{&quot;background_background&quot;:&quot;classic&quot;}\">\n\t\t\t\t\t\t<div class=\"elementor-container elementor-column-gap-no\">\n\t\t\t\t\t\t\t<div class=\"elementor-row\">\n\t\t\t\t\t<div class=\"elementor-column elementor-col-100 elementor-top-column elementor-element elementor-element-f83cf7d\" data-id=\"f83cf7d\" data-element_type=\"column\">\n\t\t\t<div class=\"elementor-column-wrap elementor-element-populated\">\n\t\t\t\t\t\t\t<div class=\"elementor-widget-wrap\">\n\t\t\t\t\t\t<div class=\"elementor-element elementor-element-bd31195 elementor-widget elementor-widget-heading\" data-id=\"bd31195\" data-element_type=\"widget\" data-widget_type=\"heading.default\">\n\t\t\t\t<div class=\"elementor-widget-container\">\n\t\t\t<h3 class=\"elementor-heading-title elementor-size-default\">Dzie\u0144 pierwszy - 23 MARCA - czwartek<\/h3>\t\t<\/div>\n\t\t\t\t<\/div>\n\t\t\t\t<section class=\"elementor-section elementor-inner-section elementor-element elementor-element-f0db703 elementor-section-boxed elementor-section-height-default elementor-section-height-default\" data-id=\"f0db703\" data-element_type=\"section\" data-settings=\"{&quot;background_background&quot;:&quot;classic&quot;}\">\n\t\t\t\t\t\t<div class=\"elementor-container elementor-column-gap-no\">\n\t\t\t\t\t\t\t<div class=\"elementor-row\">\n\t\t\t\t\t<div class=\"elementor-column elementor-col-33 elementor-inner-column elementor-element elementor-element-1129bb1\" data-id=\"1129bb1\" data-element_type=\"column\" data-settings=\"{&quot;background_background&quot;:&quot;classic&quot;}\">\n\t\t\t<div class=\"elementor-column-wrap\">\n\t\t\t\t\t<div class=\"elementor-background-overlay\"><\/div>\n\t\t\t\t\t\t\t<div class=\"elementor-widget-wrap\">\n\t\t\t\t\t\t\t\t<\/div>\n\t\t\t\t\t<\/div>\n\t\t<\/div>\n\t\t\t\t<div class=\"elementor-column elementor-col-66 elementor-inner-column elementor-element elementor-element-e2cea00\" data-id=\"e2cea00\" data-element_type=\"column\">\n\t\t\t<div class=\"elementor-column-wrap elementor-element-populated\">\n\t\t\t\t\t\t\t<div class=\"elementor-widget-wrap\">\n\t\t\t\t\t\t<div class=\"elementor-element elementor-element-6360be1 elementor-widget elementor-widget-text-editor\" data-id=\"6360be1\" data-element_type=\"widget\" data-widget_type=\"text-editor.default\">\n\t\t\t\t<div class=\"elementor-widget-container\">\n\t\t\t\t\t\t\t\t<div class=\"elementor-text-editor elementor-clearfix\">\n\t\t\t\t<p>\u2193\u00a0 <span class=\"fontstyle0\">Szko\u0142a Podstawowa nr 11, im. Unicef-u w Szczecinie, Emilii Plater 20, Szczecin\u00a0<\/span><\/p>\t\t\t\t\t<\/div>\n\t\t\t\t\t\t<\/div>\n\t\t\t\t<\/div>\n\t\t\t\t\t\t<\/div>\n\t\t\t\t\t<\/div>\n\t\t<\/div>\n\t\t\t\t\t\t\t\t<\/div>\n\t\t\t\t\t<\/div>\n\t\t<\/section>\n\t\t\t\t<section class=\"elementor-section elementor-inner-section elementor-element elementor-element-dad1533 elementor-section-boxed elementor-section-height-default elementor-section-height-default\" data-id=\"dad1533\" data-element_type=\"section\" data-settings=\"{&quot;background_background&quot;:&quot;classic&quot;}\">\n\t\t\t\t\t\t<div class=\"elementor-container elementor-column-gap-no\">\n\t\t\t\t\t\t\t<div class=\"elementor-row\">\n\t\t\t\t\t<div class=\"elementor-column elementor-col-33 elementor-inner-column elementor-element elementor-element-dfb0294\" data-id=\"dfb0294\" data-element_type=\"column\" data-settings=\"{&quot;background_background&quot;:&quot;classic&quot;}\">\n\t\t\t<div class=\"elementor-column-wrap elementor-element-populated\">\n\t\t\t\t\t<div class=\"elementor-background-overlay\"><\/div>\n\t\t\t\t\t\t\t<div class=\"elementor-widget-wrap\">\n\t\t\t\t\t\t<div class=\"elementor-element elementor-element-df5707a elementor-widget elementor-widget-elementskit-heading\" data-id=\"df5707a\" data-element_type=\"widget\" data-widget_type=\"elementskit-heading.default\">\n\t\t\t\t<div class=\"elementor-widget-container\">\n\t\t\t<div class=\"ekit-wid-con\" ><div class=\"ekit-heading elementskit-section-title-wraper text_center   ekit_heading_tablet-   ekit_heading_mobile-\"><h6 class=\"ekit-heading--title elementskit-section-title \">8.00 - 8.45<\/h6><\/div><\/div>\t\t<\/div>\n\t\t\t\t<\/div>\n\t\t\t\t\t\t<\/div>\n\t\t\t\t\t<\/div>\n\t\t<\/div>\n\t\t\t\t<div class=\"elementor-column elementor-col-66 elementor-inner-column elementor-element elementor-element-c5cca54\" data-id=\"c5cca54\" data-element_type=\"column\" data-settings=\"{&quot;background_background&quot;:&quot;classic&quot;}\">\n\t\t\t<div class=\"elementor-column-wrap elementor-element-populated\">\n\t\t\t\t\t\t\t<div class=\"elementor-widget-wrap\">\n\t\t\t\t\t\t<div class=\"elementor-element elementor-element-4509b67 elementor-widget elementor-widget-text-editor\" data-id=\"4509b67\" data-element_type=\"widget\" data-widget_type=\"text-editor.default\">\n\t\t\t\t<div class=\"elementor-widget-container\">\n\t\t\t\t\t\t\t\t<div class=\"elementor-text-editor elementor-clearfix\">\n\t\t\t\t<p>Lekcja pokazowa<\/p>\t\t\t\t\t<\/div>\n\t\t\t\t\t\t<\/div>\n\t\t\t\t<\/div>\n\t\t\t\t<div class=\"elementor-element elementor-element-d3380cf elementor-widget elementor-widget-text-editor\" data-id=\"d3380cf\" data-element_type=\"widget\" data-widget_type=\"text-editor.default\">\n\t\t\t\t<div class=\"elementor-widget-container\">\n\t\t\t\t\t\t\t\t<div class=\"elementor-text-editor elementor-clearfix\">\n\t\t\t\t<p>Lekcja odb\u0119dzie si\u0119 w drugim budynku szko\u0142y pod adresem:\u00a0<br \/><b>ul. Dubois 38, Szczecin<\/b><\/p>\t\t\t\t\t<\/div>\n\t\t\t\t\t\t<\/div>\n\t\t\t\t<\/div>\n\t\t\t\t\t\t<\/div>\n\t\t\t\t\t<\/div>\n\t\t<\/div>\n\t\t\t\t\t\t\t\t<\/div>\n\t\t\t\t\t<\/div>\n\t\t<\/section>\n\t\t\t\t\t\t<\/div>\n\t\t\t\t\t<\/div>\n\t\t<\/div>\n\t\t\t\t\t\t\t\t<\/div>\n\t\t\t\t\t<\/div>\n\t\t<\/section>\n\t\t\t\t<section class=\"elementor-section elementor-top-section elementor-element elementor-element-ef92561 elementor-section-boxed elementor-section-height-default elementor-section-height-default\" data-id=\"ef92561\" data-element_type=\"section\" data-settings=\"{&quot;background_background&quot;:&quot;classic&quot;}\">\n\t\t\t\t\t\t<div class=\"elementor-container elementor-column-gap-no\">\n\t\t\t\t\t\t\t<div class=\"elementor-row\">\n\t\t\t\t\t<div class=\"elementor-column elementor-col-100 elementor-top-column elementor-element elementor-element-d2f9dfd\" data-id=\"d2f9dfd\" data-element_type=\"column\">\n\t\t\t<div class=\"elementor-column-wrap elementor-element-populated\">\n\t\t\t\t\t\t\t<div class=\"elementor-widget-wrap\">\n\t\t\t\t\t\t<section class=\"elementor-section elementor-inner-section elementor-element elementor-element-590b8df elementor-section-boxed elementor-section-height-default elementor-section-height-default\" data-id=\"590b8df\" data-element_type=\"section\" data-settings=\"{&quot;background_background&quot;:&quot;classic&quot;}\">\n\t\t\t\t\t\t<div class=\"elementor-container elementor-column-gap-no\">\n\t\t\t\t\t\t\t<div class=\"elementor-row\">\n\t\t\t\t\t<div class=\"elementor-column elementor-col-33 elementor-inner-column elementor-element elementor-element-46a9e6d\" data-id=\"46a9e6d\" data-element_type=\"column\" data-settings=\"{&quot;background_background&quot;:&quot;classic&quot;}\">\n\t\t\t<div class=\"elementor-column-wrap\">\n\t\t\t\t\t<div class=\"elementor-background-overlay\"><\/div>\n\t\t\t\t\t\t\t<div class=\"elementor-widget-wrap\">\n\t\t\t\t\t\t\t\t<\/div>\n\t\t\t\t\t<\/div>\n\t\t<\/div>\n\t\t\t\t<div class=\"elementor-column elementor-col-66 elementor-inner-column elementor-element elementor-element-7f2b9ec\" data-id=\"7f2b9ec\" data-element_type=\"column\">\n\t\t\t<div class=\"elementor-column-wrap elementor-element-populated\">\n\t\t\t\t\t\t\t<div class=\"elementor-widget-wrap\">\n\t\t\t\t\t\t<div class=\"elementor-element elementor-element-245c2e3 elementor-widget elementor-widget-text-editor\" data-id=\"245c2e3\" data-element_type=\"widget\" data-widget_type=\"text-editor.default\">\n\t\t\t\t<div class=\"elementor-widget-container\">\n\t\t\t\t\t\t\t\t<div class=\"elementor-text-editor elementor-clearfix\">\n\t\t\t\t<p>\u2193\u00a0 \u00a0<span style=\"background-color: var( --e-global-color-7524837 ); color: var( --e-global-color-21bfb04 ); font-size: var( --e-global-typography-f500460-font-size ); font-weight: var( --e-global-typography-f500460-font-weight ); letter-spacing: var( --e-global-typography-f500460-letter-spacing ); word-spacing: var( --e-global-typography-f500460-word-spacing );\">Uniwersytet Szczeci\u0144ski, Wydzia\u0142 Nauk Spo\u0142ecznych, <\/span><span style=\"background-color: var( --e-global-color-7524837 ); color: var( --e-global-color-21bfb04 ); font-size: var( --e-global-typography-f500460-font-size ); font-weight: var( --e-global-typography-f500460-font-weight ); letter-spacing: var( --e-global-typography-f500460-letter-spacing ); word-spacing: var( --e-global-typography-f500460-word-spacing );\">ul. Krakowska 71-79, Szczecin<\/span><\/p>\t\t\t\t\t<\/div>\n\t\t\t\t\t\t<\/div>\n\t\t\t\t<\/div>\n\t\t\t\t\t\t<\/div>\n\t\t\t\t\t<\/div>\n\t\t<\/div>\n\t\t\t\t\t\t\t\t<\/div>\n\t\t\t\t\t<\/div>\n\t\t<\/section>\n\t\t\t\t<section class=\"elementor-section elementor-inner-section elementor-element elementor-element-787b3a4 elementor-section-boxed elementor-section-height-default elementor-section-height-default\" data-id=\"787b3a4\" data-element_type=\"section\" data-settings=\"{&quot;background_background&quot;:&quot;classic&quot;}\">\n\t\t\t\t\t\t<div class=\"elementor-container elementor-column-gap-no\">\n\t\t\t\t\t\t\t<div class=\"elementor-row\">\n\t\t\t\t\t<div class=\"elementor-column elementor-col-33 elementor-inner-column elementor-element elementor-element-3d67acc\" data-id=\"3d67acc\" data-element_type=\"column\" data-settings=\"{&quot;background_background&quot;:&quot;classic&quot;}\">\n\t\t\t<div class=\"elementor-column-wrap elementor-element-populated\">\n\t\t\t\t\t<div class=\"elementor-background-overlay\"><\/div>\n\t\t\t\t\t\t\t<div class=\"elementor-widget-wrap\">\n\t\t\t\t\t\t<div class=\"elementor-element elementor-element-e6ec714 elementor-widget elementor-widget-elementskit-heading\" data-id=\"e6ec714\" data-element_type=\"widget\" data-widget_type=\"elementskit-heading.default\">\n\t\t\t\t<div class=\"elementor-widget-container\">\n\t\t\t<div class=\"ekit-wid-con\" ><div class=\"ekit-heading elementskit-section-title-wraper text_center   ekit_heading_tablet-   ekit_heading_mobile-\"><h6 class=\"ekit-heading--title elementskit-section-title \">9.30 - 9.50<\/h6><\/div><\/div>\t\t<\/div>\n\t\t\t\t<\/div>\n\t\t\t\t\t\t<\/div>\n\t\t\t\t\t<\/div>\n\t\t<\/div>\n\t\t\t\t<div class=\"elementor-column elementor-col-66 elementor-inner-column elementor-element elementor-element-2b6a33e\" data-id=\"2b6a33e\" data-element_type=\"column\" data-settings=\"{&quot;background_background&quot;:&quot;classic&quot;}\">\n\t\t\t<div class=\"elementor-column-wrap elementor-element-populated\">\n\t\t\t\t\t\t\t<div class=\"elementor-widget-wrap\">\n\t\t\t\t\t\t<div class=\"elementor-element elementor-element-5474bf3 elementor-widget elementor-widget-text-editor\" data-id=\"5474bf3\" data-element_type=\"widget\" data-widget_type=\"text-editor.default\">\n\t\t\t\t<div class=\"elementor-widget-container\">\n\t\t\t\t\t\t\t\t<div class=\"elementor-text-editor elementor-clearfix\">\n\t\t\t\t<p><span style=\"color: var( --e-global-color-secondary ); background-color: var( --e-global-color-ad41708 ); font-size: var( --e-global-typography-f500460-font-size ); letter-spacing: var( --e-global-typography-f500460-letter-spacing ); word-spacing: var( --e-global-typography-f500460-word-spacing );\">OTWARCIE KONFERENCJI<\/span><\/p>\t\t\t\t\t<\/div>\n\t\t\t\t\t\t<\/div>\n\t\t\t\t<\/div>\n\t\t\t\t<div class=\"elementor-element elementor-element-f455111 elementor-widget elementor-widget-text-editor\" data-id=\"f455111\" data-element_type=\"widget\" data-widget_type=\"text-editor.default\">\n\t\t\t\t<div class=\"elementor-widget-container\">\n\t\t\t\t\t\t\t\t<div class=\"elementor-text-editor elementor-clearfix\">\n\t\t\t\t<p>Prorektor ds. Organizacji Uniwersytetu Szczeci\u0144skiego, dr hab. Kinga Flaga-Gieruszy\u0144ska, prof. US<br \/>Zast\u0119pca Prezydenta Miasta Szczecin Lidia Roga\u015b<br \/>Dyrektor Instytutu Pedagogiki dr hab. Anna Murawska, prof. US<br \/>Kierownik Katedry Wczesnej Edukacji dr hab. Urszula Ch\u0119ci\u0144ska, prof. US<\/p>\t\t\t\t\t<\/div>\n\t\t\t\t\t\t<\/div>\n\t\t\t\t<\/div>\n\t\t\t\t\t\t<\/div>\n\t\t\t\t\t<\/div>\n\t\t<\/div>\n\t\t\t\t\t\t\t\t<\/div>\n\t\t\t\t\t<\/div>\n\t\t<\/section>\n\t\t\t\t<section class=\"elementor-section elementor-inner-section elementor-element elementor-element-8b30c13 elementor-section-boxed elementor-section-height-default elementor-section-height-default\" data-id=\"8b30c13\" data-element_type=\"section\" data-settings=\"{&quot;background_background&quot;:&quot;classic&quot;}\">\n\t\t\t\t\t\t<div class=\"elementor-container elementor-column-gap-no\">\n\t\t\t\t\t\t\t<div class=\"elementor-row\">\n\t\t\t\t\t<div class=\"elementor-column elementor-col-33 elementor-inner-column elementor-element elementor-element-9da258c\" data-id=\"9da258c\" data-element_type=\"column\" data-settings=\"{&quot;background_background&quot;:&quot;classic&quot;}\">\n\t\t\t<div class=\"elementor-column-wrap elementor-element-populated\">\n\t\t\t\t\t<div class=\"elementor-background-overlay\"><\/div>\n\t\t\t\t\t\t\t<div class=\"elementor-widget-wrap\">\n\t\t\t\t\t\t<div class=\"elementor-element elementor-element-52a49e8 elementor-widget elementor-widget-elementskit-heading\" data-id=\"52a49e8\" data-element_type=\"widget\" data-widget_type=\"elementskit-heading.default\">\n\t\t\t\t<div class=\"elementor-widget-container\">\n\t\t\t<div class=\"ekit-wid-con\" ><div class=\"ekit-heading elementskit-section-title-wraper text_center   ekit_heading_tablet-   ekit_heading_mobile-\"><h6 class=\"ekit-heading--title elementskit-section-title \">9.50 - 11.30<\/h6><\/div><\/div>\t\t<\/div>\n\t\t\t\t<\/div>\n\t\t\t\t\t\t<\/div>\n\t\t\t\t\t<\/div>\n\t\t<\/div>\n\t\t\t\t<div class=\"elementor-column elementor-col-66 elementor-inner-column elementor-element elementor-element-a1ebaed\" data-id=\"a1ebaed\" data-element_type=\"column\" data-settings=\"{&quot;background_background&quot;:&quot;classic&quot;}\">\n\t\t\t<div class=\"elementor-column-wrap elementor-element-populated\">\n\t\t\t\t\t<div class=\"elementor-background-overlay\"><\/div>\n\t\t\t\t\t\t\t<div class=\"elementor-widget-wrap\">\n\t\t\t\t\t\t<div class=\"elementor-element elementor-element-903ea19 elementor-widget elementor-widget-text-editor\" data-id=\"903ea19\" data-element_type=\"widget\" data-widget_type=\"text-editor.default\">\n\t\t\t\t<div class=\"elementor-widget-container\">\n\t\t\t\t\t\t\t\t<div class=\"elementor-text-editor elementor-clearfix\">\n\t\t\t\t<p>Sesja plenarna &#8211; cz\u0119\u015b\u0107 I<\/p>\t\t\t\t\t<\/div>\n\t\t\t\t\t\t<\/div>\n\t\t\t\t<\/div>\n\t\t\t\t<div class=\"elementor-element elementor-element-d69f99a elementor-widget elementor-widget-text-editor\" data-id=\"d69f99a\" data-element_type=\"widget\" data-widget_type=\"text-editor.default\">\n\t\t\t\t<div class=\"elementor-widget-container\">\n\t\t\t\t\t\t\t\t<div class=\"elementor-text-editor elementor-clearfix\">\n\t\t\t\t<p><strong>09.50-10.05 &#8211; prof. dr hab. dr h. c. multi Jan Miodek &#8211;<\/strong> <em><span style=\"color: var( --e-global-color-secondary ); background-color: var( --e-global-color-57a29b1 ); font-family: var( --e-global-typography-f500460-font-family ), Sans-serif; font-size: var( --e-global-typography-f500460-font-size ); letter-spacing: var( --e-global-typography-f500460-letter-spacing ); word-spacing: var( --e-global-typography-f500460-word-spacing );\">Moje j\u0119zykowe spotkania z Joann\u0105 Kulmow\u0105<\/span><\/em><\/p><p><strong>10.05-10.20 &#8211; prof. dr hab. dr h. c. multi Zbyszko Melosik <\/strong>&#8211;\u00a0<em><span style=\"color: var( --e-global-color-secondary ); background-color: var( --e-global-color-57a29b1 ); font-family: var( --e-global-typography-f500460-font-family ), Sans-serif; font-size: var( --e-global-typography-f500460-font-size ); letter-spacing: var( --e-global-typography-f500460-letter-spacing ); word-spacing: var( --e-global-typography-f500460-word-spacing );\">Dzieci\u0144stwo \u2013 j\u0119zyk &#8211; globalizacja\u00a0<\/span><\/em><\/p><p><strong>10.20-10.35 &#8211; prof. dr hab. Agnieszka Cybal-Michalska<\/strong> &#8211;\u00a0<em><span style=\"color: var( --e-global-color-secondary ); background-color: var( --e-global-color-57a29b1 ); font-family: var( --e-global-typography-f500460-font-family ), Sans-serif; font-size: var( --e-global-typography-f500460-font-size ); letter-spacing: var( --e-global-typography-f500460-letter-spacing ); word-spacing: var( --e-global-typography-f500460-word-spacing );\">Tw\u00f3rczo\u015b\u0107 literacka \u015bwiadectwem nieoboj\u0119tno\u015bci.\u00a0<\/span><span style=\"color: var( --e-global-color-secondary ); background-color: var( --e-global-color-57a29b1 ); font-family: var( --e-global-typography-f500460-font-family ), Sans-serif; font-size: var( --e-global-typography-f500460-font-size ); letter-spacing: var( --e-global-typography-f500460-letter-spacing ); word-spacing: var( --e-global-typography-f500460-word-spacing );\">O pedagogicznym \u201ewycieniowaniu\u201d dzie\u0142 Janusza Korczaka<\/span><\/em><\/p><p><strong>10.35-10.50 &#8211; prof. dr hab. Agnieszka Gromkowska-Melosik <\/strong>&#8211;\u00a0<em><span style=\"color: var( --e-global-color-secondary ); background-color: var( --e-global-color-57a29b1 ); font-family: var( --e-global-typography-f500460-font-family ), Sans-serif; font-size: var( --e-global-typography-f500460-font-size ); letter-spacing: var( --e-global-typography-f500460-letter-spacing ); word-spacing: var( --e-global-typography-f500460-word-spacing );\">Pippi Langstrumpf: j\u0119zyk dzieci\u0144stwa i emancypacji\u00a0\u00a0<\/span><\/em><\/p><p><strong>10.50-11.05 &#8211; hab. Kinga Flaga-Gieruszy\u0144ska, prof. US &#8211;<\/strong> <em>Dziecko w roli procesowej \u015bwiadka w sprawach cywilnych<\/em><\/p><p><strong>11.05-11.20 &#8211; dr hab. Anna Murawska, prof. US<\/strong> &#8211;<em> <span style=\"color: var( --e-global-color-secondary ); background-color: var( --e-global-color-57a29b1 ); font-family: var( --e-global-typography-f500460-font-family ), Sans-serif; font-size: var( --e-global-typography-f500460-font-size ); letter-spacing: var( --e-global-typography-f500460-letter-spacing ); word-spacing: var( --e-global-typography-f500460-word-spacing );\">Si\u0142a j\u0119zyka. Jak uczy\u0107 dzieci nadziei?<\/span><\/em><span style=\"color: var( --e-global-color-secondary ); background-color: var( --e-global-color-57a29b1 ); font-family: var( --e-global-typography-f500460-font-family ), Sans-serif; font-size: var( --e-global-typography-f500460-font-size ); letter-spacing: var( --e-global-typography-f500460-letter-spacing ); word-spacing: var( --e-global-typography-f500460-word-spacing );\">\u00a0<\/span><\/p>\t\t\t\t\t<\/div>\n\t\t\t\t\t\t<\/div>\n\t\t\t\t<\/div>\n\t\t\t\t<div class=\"elementor-element elementor-element-59afab8 elementor-widget elementor-widget-text-editor\" data-id=\"59afab8\" data-element_type=\"widget\" data-widget_type=\"text-editor.default\">\n\t\t\t\t<div class=\"elementor-widget-container\">\n\t\t\t\t\t\t\t\t<div class=\"elementor-text-editor elementor-clearfix\">\n\t\t\t\t\t\t\t\t\t<\/div>\n\t\t\t\t\t\t<\/div>\n\t\t\t\t<\/div>\n\t\t\t\t\t\t<\/div>\n\t\t\t\t\t<\/div>\n\t\t<\/div>\n\t\t\t\t\t\t\t\t<\/div>\n\t\t\t\t\t<\/div>\n\t\t<\/section>\n\t\t\t\t<section class=\"elementor-section elementor-inner-section elementor-element elementor-element-72945b8 elementor-section-boxed elementor-section-height-default elementor-section-height-default\" data-id=\"72945b8\" data-element_type=\"section\" data-settings=\"{&quot;background_background&quot;:&quot;classic&quot;}\">\n\t\t\t\t\t\t<div class=\"elementor-container elementor-column-gap-no\">\n\t\t\t\t\t\t\t<div class=\"elementor-row\">\n\t\t\t\t\t<div class=\"elementor-column elementor-col-33 elementor-inner-column elementor-element elementor-element-2caef3d\" data-id=\"2caef3d\" data-element_type=\"column\" data-settings=\"{&quot;background_background&quot;:&quot;classic&quot;}\">\n\t\t\t<div class=\"elementor-column-wrap elementor-element-populated\">\n\t\t\t\t\t<div class=\"elementor-background-overlay\"><\/div>\n\t\t\t\t\t\t\t<div class=\"elementor-widget-wrap\">\n\t\t\t\t\t\t<div class=\"elementor-element elementor-element-1b02768 elementor-widget elementor-widget-elementskit-heading\" data-id=\"1b02768\" data-element_type=\"widget\" data-widget_type=\"elementskit-heading.default\">\n\t\t\t\t<div class=\"elementor-widget-container\">\n\t\t\t<div class=\"ekit-wid-con\" ><div class=\"ekit-heading elementskit-section-title-wraper text_center   ekit_heading_tablet-   ekit_heading_mobile-\"><h6 class=\"ekit-heading--title elementskit-section-title \">11.20 - 11.50<\/h6><\/div><\/div>\t\t<\/div>\n\t\t\t\t<\/div>\n\t\t\t\t\t\t<\/div>\n\t\t\t\t\t<\/div>\n\t\t<\/div>\n\t\t\t\t<div class=\"elementor-column elementor-col-66 elementor-inner-column elementor-element elementor-element-42c988e\" data-id=\"42c988e\" data-element_type=\"column\" data-settings=\"{&quot;background_background&quot;:&quot;classic&quot;}\">\n\t\t\t<div class=\"elementor-column-wrap elementor-element-populated\">\n\t\t\t\t\t\t\t<div class=\"elementor-widget-wrap\">\n\t\t\t\t\t\t<div class=\"elementor-element elementor-element-f6da615 elementor-widget elementor-widget-text-editor\" data-id=\"f6da615\" data-element_type=\"widget\" data-widget_type=\"text-editor.default\">\n\t\t\t\t<div class=\"elementor-widget-container\">\n\t\t\t\t\t\t\t\t<div class=\"elementor-text-editor elementor-clearfix\">\n\t\t\t\t<p>Galeria SH &#8211; WERNISA\u017b WYSTAWY <\/p>\t\t\t\t\t<\/div>\n\t\t\t\t\t\t<\/div>\n\t\t\t\t<\/div>\n\t\t\t\t<div class=\"elementor-element elementor-element-a2443a2 elementor-widget elementor-widget-text-editor\" data-id=\"a2443a2\" data-element_type=\"widget\" data-widget_type=\"text-editor.default\">\n\t\t\t\t<div class=\"elementor-widget-container\">\n\t\t\t\t\t\t\t\t<div class=\"elementor-text-editor elementor-clearfix\">\n\t\t\t\t<p>Otwarcie wystawy prac dzieci z Niepublicznej Szko\u0142y Plastycznej<br \/>Ars Atelier w Szczecinie pt. <em>Wiersze Joanny Kulmowej w kontek\u015bcie wczesnej edukacji<\/em><\/p><p><strong>Kurator wystawy: dr Miko\u0142aj Materne i lic. Karolina So\u0142tys<\/strong><\/p>\t\t\t\t\t<\/div>\n\t\t\t\t\t\t<\/div>\n\t\t\t\t<\/div>\n\t\t\t\t<div class=\"elementor-element elementor-element-15dde73 elementor-widget elementor-widget-text-editor\" data-id=\"15dde73\" data-element_type=\"widget\" data-widget_type=\"text-editor.default\">\n\t\t\t\t<div class=\"elementor-widget-container\">\n\t\t\t\t\t\t\t\t<div class=\"elementor-text-editor elementor-clearfix\">\n\t\t\t\t<p>PRZERWA NA KAW\u0118 w Galerii SH<\/p>\t\t\t\t\t<\/div>\n\t\t\t\t\t\t<\/div>\n\t\t\t\t<\/div>\n\t\t\t\t\t\t<\/div>\n\t\t\t\t\t<\/div>\n\t\t<\/div>\n\t\t\t\t\t\t\t\t<\/div>\n\t\t\t\t\t<\/div>\n\t\t<\/section>\n\t\t\t\t<section class=\"elementor-section elementor-inner-section elementor-element elementor-element-fc77d20 elementor-section-boxed elementor-section-height-default elementor-section-height-default\" data-id=\"fc77d20\" data-element_type=\"section\" data-settings=\"{&quot;background_background&quot;:&quot;classic&quot;}\">\n\t\t\t\t\t\t<div class=\"elementor-container elementor-column-gap-no\">\n\t\t\t\t\t\t\t<div class=\"elementor-row\">\n\t\t\t\t\t<div class=\"elementor-column elementor-col-33 elementor-inner-column elementor-element elementor-element-1137252\" data-id=\"1137252\" data-element_type=\"column\" data-settings=\"{&quot;background_background&quot;:&quot;classic&quot;}\">\n\t\t\t<div class=\"elementor-column-wrap elementor-element-populated\">\n\t\t\t\t\t<div class=\"elementor-background-overlay\"><\/div>\n\t\t\t\t\t\t\t<div class=\"elementor-widget-wrap\">\n\t\t\t\t\t\t<div class=\"elementor-element elementor-element-c836d84 elementor-widget elementor-widget-elementskit-heading\" data-id=\"c836d84\" data-element_type=\"widget\" data-widget_type=\"elementskit-heading.default\">\n\t\t\t\t<div class=\"elementor-widget-container\">\n\t\t\t<div class=\"ekit-wid-con\" ><div class=\"ekit-heading elementskit-section-title-wraper text_center   ekit_heading_tablet-   ekit_heading_mobile-\"><h6 class=\"ekit-heading--title elementskit-section-title \">11.50 - 13.05<\/h6><\/div><\/div>\t\t<\/div>\n\t\t\t\t<\/div>\n\t\t\t\t\t\t<\/div>\n\t\t\t\t\t<\/div>\n\t\t<\/div>\n\t\t\t\t<div class=\"elementor-column elementor-col-66 elementor-inner-column elementor-element elementor-element-9a203a8\" data-id=\"9a203a8\" data-element_type=\"column\" data-settings=\"{&quot;background_background&quot;:&quot;classic&quot;}\">\n\t\t\t<div class=\"elementor-column-wrap elementor-element-populated\">\n\t\t\t\t\t<div class=\"elementor-background-overlay\"><\/div>\n\t\t\t\t\t\t\t<div class=\"elementor-widget-wrap\">\n\t\t\t\t\t\t<div class=\"elementor-element elementor-element-69e8067 elementor-widget elementor-widget-text-editor\" data-id=\"69e8067\" data-element_type=\"widget\" data-widget_type=\"text-editor.default\">\n\t\t\t\t<div class=\"elementor-widget-container\">\n\t\t\t\t\t\t\t\t<div class=\"elementor-text-editor elementor-clearfix\">\n\t\t\t\t<p>Sesja plenarna &#8211; cz\u0119\u015b\u0107 II<\/p>\t\t\t\t\t<\/div>\n\t\t\t\t\t\t<\/div>\n\t\t\t\t<\/div>\n\t\t\t\t<div class=\"elementor-element elementor-element-8cb4a0f elementor-widget elementor-widget-text-editor\" data-id=\"8cb4a0f\" data-element_type=\"widget\" data-widget_type=\"text-editor.default\">\n\t\t\t\t<div class=\"elementor-widget-container\">\n\t\t\t\t\t\t\t\t<div class=\"elementor-text-editor elementor-clearfix\">\n\t\t\t\t<p><strong>11.50-12.05 &#8211; prof. dr hab. Katarzyna Kraso\u0144 &#8211;<\/strong> <em>Pomi\u0119dzy dzieci\u0119cym odkrywaniem a pedagogiczn\u0105 perswazyjno\u015bci\u0105 w sztuce narracyjnej. O filmie oczywistym i nieoczywistym edukacyjnie<\/em><\/p><p><strong>12.05-12.20 &#8211; prof. dr hab. Urszula Szu\u015bcik <\/strong>&#8211; <em>Pocz\u0105tki tw\u00f3rczo\u015bci dzieci\u0119cej a dojrza\u0142a tw\u00f3rczo\u015b\u0107 artystyczna \u2013 j\u0119zyk tw\u00f3rczo\u015bci plastycznej<\/em><\/p><p><strong>12.20-12.35 &#8211; dr hab. Kinga Kuszak, prof. UAM &#8211;<\/strong> <em>Rozmowa o rozmowie \u2013 kompetencje metakomunikacyjne dzieci<\/em><\/p><p><strong>12.35-12.50 &#8211; dr hab. Jolanta Andrzejewska, prof. UMCS<\/strong> &#8211; <em>Sytuacje edukacyjne zogniskowane na wspieraniu rozwoju kompetencji komunikacyjnych przedszkolak\u00f3w<\/em><\/p><p><strong>12.50-13.05 &#8211; dr hab. Irena Ramik-Ma\u017cewska prof. US<\/strong> &#8211;\u00a0<em>Jak rozmawia\u0107 z dzieckiem o niepe\u0142nosprawno\u015bci &#8211; psychoedukacyjna rola \u201eBajek bez barier\u201d<\/em><\/p>\t\t\t\t\t<\/div>\n\t\t\t\t\t\t<\/div>\n\t\t\t\t<\/div>\n\t\t\t\t<div class=\"elementor-element elementor-element-532da96 elementor-widget elementor-widget-text-editor\" data-id=\"532da96\" data-element_type=\"widget\" data-widget_type=\"text-editor.default\">\n\t\t\t\t<div class=\"elementor-widget-container\">\n\t\t\t\t\t\t\t\t<div class=\"elementor-text-editor elementor-clearfix\">\n\t\t\t\t\t\t\t\t\t<\/div>\n\t\t\t\t\t\t<\/div>\n\t\t\t\t<\/div>\n\t\t\t\t\t\t<\/div>\n\t\t\t\t\t<\/div>\n\t\t<\/div>\n\t\t\t\t\t\t\t\t<\/div>\n\t\t\t\t\t<\/div>\n\t\t<\/section>\n\t\t\t\t<section class=\"elementor-section elementor-inner-section elementor-element elementor-element-199f9f0 elementor-section-boxed elementor-section-height-default elementor-section-height-default\" data-id=\"199f9f0\" data-element_type=\"section\" data-settings=\"{&quot;background_background&quot;:&quot;classic&quot;}\">\n\t\t\t\t\t\t<div class=\"elementor-container elementor-column-gap-no\">\n\t\t\t\t\t\t\t<div class=\"elementor-row\">\n\t\t\t\t\t<div class=\"elementor-column elementor-col-33 elementor-inner-column elementor-element elementor-element-fbdfe0e\" data-id=\"fbdfe0e\" data-element_type=\"column\" data-settings=\"{&quot;background_background&quot;:&quot;classic&quot;}\">\n\t\t\t<div class=\"elementor-column-wrap elementor-element-populated\">\n\t\t\t\t\t<div class=\"elementor-background-overlay\"><\/div>\n\t\t\t\t\t\t\t<div class=\"elementor-widget-wrap\">\n\t\t\t\t\t\t<div class=\"elementor-element elementor-element-7485816 elementor-widget elementor-widget-elementskit-heading\" data-id=\"7485816\" data-element_type=\"widget\" data-widget_type=\"elementskit-heading.default\">\n\t\t\t\t<div class=\"elementor-widget-container\">\n\t\t\t<div class=\"ekit-wid-con\" ><div class=\"ekit-heading elementskit-section-title-wraper text_center   ekit_heading_tablet-   ekit_heading_mobile-\"><h6 class=\"ekit-heading--title elementskit-section-title \">13.05-13.20<\/h6><\/div><\/div>\t\t<\/div>\n\t\t\t\t<\/div>\n\t\t\t\t\t\t<\/div>\n\t\t\t\t\t<\/div>\n\t\t<\/div>\n\t\t\t\t<div class=\"elementor-column elementor-col-66 elementor-inner-column elementor-element elementor-element-97dc911\" data-id=\"97dc911\" data-element_type=\"column\" data-settings=\"{&quot;background_background&quot;:&quot;classic&quot;}\">\n\t\t\t<div class=\"elementor-column-wrap elementor-element-populated\">\n\t\t\t\t\t\t\t<div class=\"elementor-widget-wrap\">\n\t\t\t\t\t\t<div class=\"elementor-element elementor-element-e7ad260 elementor-widget elementor-widget-text-editor\" data-id=\"e7ad260\" data-element_type=\"widget\" data-widget_type=\"text-editor.default\">\n\t\t\t\t<div class=\"elementor-widget-container\">\n\t\t\t\t\t\t\t\t<div class=\"elementor-text-editor elementor-clearfix\">\n\t\t\t\t<p><strong>OTWARCIE SESJI POSTEROWEJ<\/strong><br \/>Prorektor ds. Studenckich dr hab. Katarzyna Kotarska, prof. US<\/p>\t\t\t\t\t<\/div>\n\t\t\t\t\t\t<\/div>\n\t\t\t\t<\/div>\n\t\t\t\t\t\t<\/div>\n\t\t\t\t\t<\/div>\n\t\t<\/div>\n\t\t\t\t\t\t\t\t<\/div>\n\t\t\t\t\t<\/div>\n\t\t<\/section>\n\t\t\t\t<section class=\"elementor-section elementor-inner-section elementor-element elementor-element-6642333 elementor-section-boxed elementor-section-height-default elementor-section-height-default\" data-id=\"6642333\" data-element_type=\"section\" data-settings=\"{&quot;background_background&quot;:&quot;classic&quot;}\">\n\t\t\t\t\t\t<div class=\"elementor-container elementor-column-gap-no\">\n\t\t\t\t\t\t\t<div class=\"elementor-row\">\n\t\t\t\t\t<div class=\"elementor-column elementor-col-33 elementor-inner-column elementor-element elementor-element-9aad263\" data-id=\"9aad263\" data-element_type=\"column\" data-settings=\"{&quot;background_background&quot;:&quot;classic&quot;}\">\n\t\t\t<div class=\"elementor-column-wrap elementor-element-populated\">\n\t\t\t\t\t<div class=\"elementor-background-overlay\"><\/div>\n\t\t\t\t\t\t\t<div class=\"elementor-widget-wrap\">\n\t\t\t\t\t\t<div class=\"elementor-element elementor-element-8e581ae elementor-widget elementor-widget-elementskit-heading\" data-id=\"8e581ae\" data-element_type=\"widget\" data-widget_type=\"elementskit-heading.default\">\n\t\t\t\t<div class=\"elementor-widget-container\">\n\t\t\t<div class=\"ekit-wid-con\" ><div class=\"ekit-heading elementskit-section-title-wraper text_center   ekit_heading_tablet-   ekit_heading_mobile-\"><h6 class=\"ekit-heading--title elementskit-section-title \">13.20-14.00<\/h6><\/div><\/div>\t\t<\/div>\n\t\t\t\t<\/div>\n\t\t\t\t\t\t<\/div>\n\t\t\t\t\t<\/div>\n\t\t<\/div>\n\t\t\t\t<div class=\"elementor-column elementor-col-66 elementor-inner-column elementor-element elementor-element-27088a6\" data-id=\"27088a6\" data-element_type=\"column\" data-settings=\"{&quot;background_background&quot;:&quot;classic&quot;}\">\n\t\t\t<div class=\"elementor-column-wrap elementor-element-populated\">\n\t\t\t\t\t\t\t<div class=\"elementor-widget-wrap\">\n\t\t\t\t\t\t<div class=\"elementor-element elementor-element-d306d0f elementor-widget elementor-widget-text-editor\" data-id=\"d306d0f\" data-element_type=\"widget\" data-widget_type=\"text-editor.default\">\n\t\t\t\t<div class=\"elementor-widget-container\">\n\t\t\t\t\t\t\t\t<div class=\"elementor-text-editor elementor-clearfix\">\n\t\t\t\t<p>PRZERWA NA LUNCH<\/p>\t\t\t\t\t<\/div>\n\t\t\t\t\t\t<\/div>\n\t\t\t\t<\/div>\n\t\t\t\t\t\t<\/div>\n\t\t\t\t\t<\/div>\n\t\t<\/div>\n\t\t\t\t\t\t\t\t<\/div>\n\t\t\t\t\t<\/div>\n\t\t<\/section>\n\t\t\t\t<section class=\"elementor-section elementor-inner-section elementor-element elementor-element-c91b051 elementor-section-boxed elementor-section-height-default elementor-section-height-default\" data-id=\"c91b051\" data-element_type=\"section\" data-settings=\"{&quot;background_background&quot;:&quot;classic&quot;}\">\n\t\t\t\t\t\t<div class=\"elementor-container elementor-column-gap-no\">\n\t\t\t\t\t\t\t<div class=\"elementor-row\">\n\t\t\t\t\t<div class=\"elementor-column elementor-col-33 elementor-inner-column elementor-element elementor-element-577a3d1\" data-id=\"577a3d1\" data-element_type=\"column\" data-settings=\"{&quot;background_background&quot;:&quot;classic&quot;}\">\n\t\t\t<div class=\"elementor-column-wrap elementor-element-populated\">\n\t\t\t\t\t<div class=\"elementor-background-overlay\"><\/div>\n\t\t\t\t\t\t\t<div class=\"elementor-widget-wrap\">\n\t\t\t\t\t\t<div class=\"elementor-element elementor-element-0808052 elementor-widget elementor-widget-elementskit-heading\" data-id=\"0808052\" data-element_type=\"widget\" data-widget_type=\"elementskit-heading.default\">\n\t\t\t\t<div class=\"elementor-widget-container\">\n\t\t\t<div class=\"ekit-wid-con\" ><div class=\"ekit-heading elementskit-section-title-wraper text_center   ekit_heading_tablet-   ekit_heading_mobile-\"><h6 class=\"ekit-heading--title elementskit-section-title \">14.00-16.00<\/h6><\/div><\/div>\t\t<\/div>\n\t\t\t\t<\/div>\n\t\t\t\t\t\t<\/div>\n\t\t\t\t\t<\/div>\n\t\t<\/div>\n\t\t\t\t<div class=\"elementor-column elementor-col-66 elementor-inner-column elementor-element elementor-element-730c345\" data-id=\"730c345\" data-element_type=\"column\" data-settings=\"{&quot;background_background&quot;:&quot;classic&quot;}\">\n\t\t\t<div class=\"elementor-column-wrap elementor-element-populated\">\n\t\t\t\t\t\t\t<div class=\"elementor-widget-wrap\">\n\t\t\t\t\t\t<div class=\"elementor-element elementor-element-fb95610 elementor-widget elementor-widget-text-editor\" data-id=\"fb95610\" data-element_type=\"widget\" data-widget_type=\"text-editor.default\">\n\t\t\t\t<div class=\"elementor-widget-container\">\n\t\t\t\t\t\t\t\t<div class=\"elementor-text-editor elementor-clearfix\">\n\t\t\t\t<p>Obrady w sekcjach<\/p>\t\t\t\t\t<\/div>\n\t\t\t\t\t\t<\/div>\n\t\t\t\t<\/div>\n\t\t\t\t<div class=\"elementor-element elementor-element-659d23c elementor-widget elementor-widget-accordion\" data-id=\"659d23c\" data-element_type=\"widget\" data-widget_type=\"accordion.default\">\n\t\t\t\t<div class=\"elementor-widget-container\">\n\t\t\t\t\t<div class=\"elementor-accordion\" role=\"tablist\">\n\t\t\t\t\t\t\t<div class=\"elementor-accordion-item\">\n\t\t\t\t\t<div id=\"elementor-tab-title-1061\" class=\"elementor-tab-title\" data-tab=\"1\" role=\"tab\" aria-controls=\"elementor-tab-content-1061\" aria-expanded=\"false\">\n\t\t\t\t\t\t\t\t\t\t\t\t\t<span class=\"elementor-accordion-icon elementor-accordion-icon-left\" aria-hidden=\"true\">\n\t\t\t\t\t\t\t\t\t\t\t\t\t\t\t<span class=\"elementor-accordion-icon-closed\"><i class=\"fas fa-chevron-down\"><\/i><\/span>\n\t\t\t\t\t\t\t\t<span class=\"elementor-accordion-icon-opened\"><i class=\"fas fa-minus\"><\/i><\/span>\n\t\t\t\t\t\t\t\t\t\t\t\t\t\t<\/span>\n\t\t\t\t\t\t\t\t\t\t\t\t<a class=\"elementor-accordion-title\" href=\"\">SEKCJA 1 J\u0119zyk dziecka i jego kompetencje komunikacyjne (dzie\u0144 pierwszy) <\/a>\n\t\t\t\t\t<\/div>\n\t\t\t\t\t<div id=\"elementor-tab-content-1061\" class=\"elementor-tab-content elementor-clearfix\" data-tab=\"1\" role=\"tabpanel\" aria-labelledby=\"elementor-tab-title-1061\"><p><strong>14.00-14.15 dr &#8211; Agata Szaba\u0142a <\/strong>&#8211; <em>Komunikacja z dzieckiem wysoko wra\u017cliwym w edukacji wczesnoszkolnej w kontek\u015bcie budowania poczucia bezpiecze\u0144stwa<\/em><\/p><p><strong style=\"color: var( --e-global-color-secondary ); font-family: var( --e-global-typography-f500460-font-family ), Sans-serif; font-size: var( --e-global-typography-f500460-font-size ); letter-spacing: var( --e-global-typography-f500460-letter-spacing ); word-spacing: var( --e-global-typography-f500460-word-spacing );\">14.15-14.30 &#8211; dr Dorota Zdybel<\/strong><span style=\"color: var( --e-global-color-secondary ); font-family: var( --e-global-typography-f500460-font-family ), Sans-serif; font-size: var( --e-global-typography-f500460-font-size ); font-weight: var( --e-global-typography-f500460-font-weight ); letter-spacing: var( --e-global-typography-f500460-letter-spacing ); word-spacing: var( --e-global-typography-f500460-word-spacing );\"> &#8211; <\/span><em style=\"color: var( --e-global-color-secondary ); font-family: var( --e-global-typography-f500460-font-family ), Sans-serif; font-size: var( --e-global-typography-f500460-font-size ); font-weight: var( --e-global-typography-f500460-font-weight ); letter-spacing: var( --e-global-typography-f500460-letter-spacing ); word-spacing: var( --e-global-typography-f500460-word-spacing );\">J\u0119zyk jako narz\u0119dzie refleksji metapoznawczej \u2013 na przyk\u0142adzie bada\u0144 nad dzieci\u0119cymi koncepcjami umys\u0142u i poznania<\/em><\/p><p><strong>14.30-14.45 &#8211; mgr Klaudia Sordyl<\/strong> &#8211; <em>Mapa i trasa jako elementy j\u0119zyka przestrzeni na podstawie przewodnik\u00f3w i spacerownik\u00f3w dla dzieci<\/em><\/p><p><strong>14.45-15.00 &#8211; mgr Mariola Konopka &#8211;<\/strong> <em>Dzieci w dialogu<\/em><\/p><p><strong>15.00-15.15 &#8211; dr Bo\u017cena Grzeszkiewicz &#8211;<\/strong>\u00a0<em>Swobodna zabawa okazj\u0105 do poznania\u00a0 umiej\u0119tno\u015bci komunikacyjnych dzieci<\/em><\/p><p><strong>15.15-15.30 &#8211; <\/strong><strong>dr hab. Justyna Nowotniak, prof. US &#8211; <\/strong><em>Komunikowanie si\u0119 dzieci w kulturze wizualnej. Wsp\u00f3\u0142czesne wyzwania \u00a0alfabetyzacji wizualnej<\/em><\/p><p><strong>do 16.00 &#8211; DYSKUSJA<\/strong><\/p><\/div>\n\t\t\t\t<\/div>\n\t\t\t\t\t\t\t<div class=\"elementor-accordion-item\">\n\t\t\t\t\t<div id=\"elementor-tab-title-1062\" class=\"elementor-tab-title\" data-tab=\"2\" role=\"tab\" aria-controls=\"elementor-tab-content-1062\" aria-expanded=\"false\">\n\t\t\t\t\t\t\t\t\t\t\t\t\t<span class=\"elementor-accordion-icon elementor-accordion-icon-left\" aria-hidden=\"true\">\n\t\t\t\t\t\t\t\t\t\t\t\t\t\t\t<span class=\"elementor-accordion-icon-closed\"><i class=\"fas fa-chevron-down\"><\/i><\/span>\n\t\t\t\t\t\t\t\t<span class=\"elementor-accordion-icon-opened\"><i class=\"fas fa-minus\"><\/i><\/span>\n\t\t\t\t\t\t\t\t\t\t\t\t\t\t<\/span>\n\t\t\t\t\t\t\t\t\t\t\t\t<a class=\"elementor-accordion-title\" href=\"\">SEKCJA 2 J\u0119zyk teorii i historii wychowania<\/a>\n\t\t\t\t\t<\/div>\n\t\t\t\t\t<div id=\"elementor-tab-content-1062\" class=\"elementor-tab-content elementor-clearfix\" data-tab=\"2\" role=\"tabpanel\" aria-labelledby=\"elementor-tab-title-1062\"><p><strong>14.00-14.15 &#8211; dr hab. Ryszard Skrzyniarz, prof. AZ &#8211;<\/strong> <em>Ewaryst Estkowski jako nauczyciel, redaktor czasopisma i propagator szk\u00f3\u0142 elementarnych<\/em><\/p><p><strong>14.15-14.30 &#8211; mgr El\u017cbieta Krzewska &#8211;<\/strong> <em>Obraz i rola przyrody w tw\u00f3rczo\u015bci dla dzieci Marii Weryho-Radziwi\u0142\u0142owiczowej<\/em><\/p><p><strong>14.30-14.45 &#8211; dr hab. El\u017cbieta Magiera, prof. US &#8211;<\/strong><br \/><em>Funkcje wychowawcze czasopism dla dzieci <\/em><br \/><em>\u2013 perspektywa historyczna<\/em><\/p><p><strong style=\"color: var( --e-global-color-secondary ); font-family: var( --e-global-typography-f500460-font-family ), Sans-serif; font-size: var( --e-global-typography-f500460-font-size ); letter-spacing: var( --e-global-typography-f500460-letter-spacing ); word-spacing: var( --e-global-typography-f500460-word-spacing );\">14.45-15.00 &#8211; dr hab. Joanna Kr\u00f3l, prof. US &#8211; <\/strong><em style=\"color: var( --e-global-color-secondary ); font-family: var( --e-global-typography-f500460-font-family ), Sans-serif; font-size: var( --e-global-typography-f500460-font-size ); font-weight: var( --e-global-typography-f500460-font-weight ); letter-spacing: var( --e-global-typography-f500460-letter-spacing ); word-spacing: var( --e-global-typography-f500460-word-spacing );\">Dzieci\u0144stwo w gorsecie ideologii: kreacja dzieci\u0119cego \u015bwiata na \u0142amach czasopisma \u201eP\u0142omyczek&#8221; w latach 1948-1956<\/em><\/p><p><strong>15.00-15.15 &#8211; dr hab. Lucyna Dziaczkowska, prof. US &#8211; <\/strong><em>Rozw\u00f3j mowy i wychowanie j\u0119zykowe dziecka w wieku <\/em><br \/><em>przedszkolnym w perspektywie biografii Stefana Szumana<\/em><\/p><p><strong style=\"color: var( --e-global-color-secondary ); font-family: var( --e-global-typography-f500460-font-family ), Sans-serif; font-size: var( --e-global-typography-f500460-font-size ); letter-spacing: var( --e-global-typography-f500460-letter-spacing ); word-spacing: var( --e-global-typography-f500460-word-spacing );\">15.15-15.30 &#8211; dr Aleksandra Prus &#8211;<\/strong> <em style=\"color: var( --e-global-color-secondary ); font-family: var( --e-global-typography-f500460-font-family ), Sans-serif; font-size: var( --e-global-typography-f500460-font-size ); font-weight: var( --e-global-typography-f500460-font-weight ); letter-spacing: var( --e-global-typography-f500460-letter-spacing ); word-spacing: var( --e-global-typography-f500460-word-spacing );\">Komu s\u0142u\u017cy sp\u00f3\u0142dzielczo\u015b\u0107 uczniowska w XXI wieku<\/em><\/p><p><strong>do 16.00 &#8211; DYSKUSJA<\/strong><\/p><\/div>\n\t\t\t\t<\/div>\n\t\t\t\t\t\t\t<div class=\"elementor-accordion-item\">\n\t\t\t\t\t<div id=\"elementor-tab-title-1063\" class=\"elementor-tab-title\" data-tab=\"3\" role=\"tab\" aria-controls=\"elementor-tab-content-1063\" aria-expanded=\"false\">\n\t\t\t\t\t\t\t\t\t\t\t\t\t<span class=\"elementor-accordion-icon elementor-accordion-icon-left\" aria-hidden=\"true\">\n\t\t\t\t\t\t\t\t\t\t\t\t\t\t\t<span class=\"elementor-accordion-icon-closed\"><i class=\"fas fa-chevron-down\"><\/i><\/span>\n\t\t\t\t\t\t\t\t<span class=\"elementor-accordion-icon-opened\"><i class=\"fas fa-minus\"><\/i><\/span>\n\t\t\t\t\t\t\t\t\t\t\t\t\t\t<\/span>\n\t\t\t\t\t\t\t\t\t\t\t\t<a class=\"elementor-accordion-title\" href=\"\">SEKCJA 3 J\u0119zyk literatury i kultury dzieci\u0119cej<\/a>\n\t\t\t\t\t<\/div>\n\t\t\t\t\t<div id=\"elementor-tab-content-1063\" class=\"elementor-tab-content elementor-clearfix\" data-tab=\"3\" role=\"tabpanel\" aria-labelledby=\"elementor-tab-title-1063\"><p><strong>14.00-14.15 &#8211; dr hab. Julita Orzelska, prof. US &#8211;<\/strong> <em>(Od)czytanie Thomasa Mertona dla pedagogiki. (Od)zyskane konteksty narracyjne w my\u015bleniu o cz\u0142owieku<\/em><\/p><p><strong>14.15-14.30 &#8211; dr hab. Katarzyna W\u0105dolny-Tatar, prof. UP<\/strong> &#8211; <em>Jasne wiersze Grochowiaka. J\u0119zyk i styl tom\u00f3w poetyckich: \u201eTo by\u0142o gdzie\u015b&#8221; (1973), \u201eBia\u0142y ba\u017cant&#8221; (1978)<\/em><\/p><p><strong>14.30-14.45 &#8211; dr hab. Alicja Ungeheuer-Go\u0142\u0105b, prof. UR &#8211;<\/strong> Utw\u00f3r literacki dla dzieci jako somaestetyczne terytorium (wybrane przyk\u0142ady)<\/p><p><strong>14.45-15.00 &#8211; dr Emilia \u015amiechowska-Petrovskij &#8211;<\/strong> <em>J\u0119zyk poezji dla dzieci tworzonej przez student\u00f3w pedagogiki przedszkolnej i wczesnoszkolnej \u2013 wymiary mimesis<\/em><\/p><p><strong>15.00-15.15 &#8211; mgr Aneta \u015awider-Pi\u00f3ro &#8211;<\/strong> <em>Pi\u0119kna i niepi\u0119kna przestrze\u0144 dzieci\u0144stwa \u2013 czy mo\u017cna j\u0105 okie\u0142zna\u0107 w j\u0119zyku? Pr\u00f3by uchwycenia dzieci\u0119cego bycia w \u015bwiecie we wsp\u00f3\u0142czesnej literaturze dla najm\u0142odszych<\/em><\/p><p><strong>15.15-15.30 &#8211; mgr Marta Makarewicz &#8211;<\/strong> R<em>ozwijanie kompetencji j\u0119zykowych uczni\u00f3w w m\u0142odszym wieku szkolnym \u2013 relacja z projektu \u201eGo\u015bcinne czytanie\u201d<\/em><\/p><p><strong>do 16.00 &#8211; DYSKUSJA<\/strong><\/p><\/div>\n\t\t\t\t<\/div>\n\t\t\t\t\t\t\t<div class=\"elementor-accordion-item\">\n\t\t\t\t\t<div id=\"elementor-tab-title-1064\" class=\"elementor-tab-title\" data-tab=\"4\" role=\"tab\" aria-controls=\"elementor-tab-content-1064\" aria-expanded=\"false\">\n\t\t\t\t\t\t\t\t\t\t\t\t\t<span class=\"elementor-accordion-icon elementor-accordion-icon-left\" aria-hidden=\"true\">\n\t\t\t\t\t\t\t\t\t\t\t\t\t\t\t<span class=\"elementor-accordion-icon-closed\"><i class=\"fas fa-chevron-down\"><\/i><\/span>\n\t\t\t\t\t\t\t\t<span class=\"elementor-accordion-icon-opened\"><i class=\"fas fa-minus\"><\/i><\/span>\n\t\t\t\t\t\t\t\t\t\t\t\t\t\t<\/span>\n\t\t\t\t\t\t\t\t\t\t\t\t<a class=\"elementor-accordion-title\" href=\"\">SEKCJA 4 J\u0119zyk matematyki i informatyki<\/a>\n\t\t\t\t\t<\/div>\n\t\t\t\t\t<div id=\"elementor-tab-content-1064\" class=\"elementor-tab-content elementor-clearfix\" data-tab=\"4\" role=\"tabpanel\" aria-labelledby=\"elementor-tab-title-1064\"><p><strong>14.00-14.15 &#8211; dr hab. Barbara Bilewicz, prof. UMCS &#8211;<\/strong> <em>Od dar\u00f3w Froebla do pod\u0142ogi interaktywnej, czyli o tym, jak zmienia\u0142y si\u0119 \u015brodki dydaktyczne wczesnej edukacji matematycznej<\/em><\/p><p><strong>14.15-14.30 &#8211; Vertr.-Prof. dr Stefan Rollnik &#8211;<\/strong> <em>Problemy kszta\u0142cenia j\u0119zykowego na lekcjach matematyki<\/em><\/p><p><strong>14.30-14.45 &#8211; dr hab. Ma\u0142gorzata Bortliczek, prof. U\u015a , dr Renata Raszka &#8211; <\/strong><em>J\u0119zykowy obraz jednostek miar w studenckich <\/em><br \/><em>bajkach matematycznych<\/em><\/p><p><strong>14.45-15.00 &#8211; dr Ewelina Rzo\u0144ca, dr Tomasz Warcho\u0142 &#8211;<\/strong> <em>Od kodowania na dywanie do Scratcha \u2013 rozwijanie umiej\u0119tno\u015bci u\u017cywania j\u0119zyka wizualnego<\/em><\/p><p><strong>15.00-15.15 &#8211; Dipl. P\u00e4d. Joanna Mix &#8211;<\/strong> <em>Problemy j\u0119zykowe uczni\u00f3w imigrant\u00f3w w nauce matematyki<\/em><\/p><p><strong>15.15-15.30 &#8211; dr Lidia Pawlusi\u0144ska &#8211; <\/strong><em>Matematyczny tekst steruj\u0105cy jako narz\u0119dzie wspieraj\u0105ce samodzielno\u015b\u0107 poznawcz\u0105 dziecka<\/em><\/p><p><strong>do 16.00 &#8211; DYSKUSJA<\/strong><\/p><\/div>\n\t\t\t\t<\/div>\n\t\t\t\t\t\t\t<div class=\"elementor-accordion-item\">\n\t\t\t\t\t<div id=\"elementor-tab-title-1065\" class=\"elementor-tab-title\" data-tab=\"5\" role=\"tab\" aria-controls=\"elementor-tab-content-1065\" aria-expanded=\"false\">\n\t\t\t\t\t\t\t\t\t\t\t\t\t<span class=\"elementor-accordion-icon elementor-accordion-icon-left\" aria-hidden=\"true\">\n\t\t\t\t\t\t\t\t\t\t\t\t\t\t\t<span class=\"elementor-accordion-icon-closed\"><i class=\"fas fa-chevron-down\"><\/i><\/span>\n\t\t\t\t\t\t\t\t<span class=\"elementor-accordion-icon-opened\"><i class=\"fas fa-minus\"><\/i><\/span>\n\t\t\t\t\t\t\t\t\t\t\t\t\t\t<\/span>\n\t\t\t\t\t\t\t\t\t\t\t\t<a class=\"elementor-accordion-title\" href=\"\">SEKCJA 5 - J\u0119zyk Janusza Korczaka i Joanny Kulmowej<\/a>\n\t\t\t\t\t<\/div>\n\t\t\t\t\t<div id=\"elementor-tab-content-1065\" class=\"elementor-tab-content elementor-clearfix\" data-tab=\"5\" role=\"tabpanel\" aria-labelledby=\"elementor-tab-title-1065\"><p><strong>14.00-14.15 &#8211; prof. dr hab. Jerzy Madejski &#8211;<\/strong><em>Joanna Kulmowa i szko\u0142a Leca<\/em><\/p><p><strong>14.15-14.30 &#8211; dr hab. Anna Boguszewska, prof. UMCS &#8211;<\/strong> <em>O ilustracji literatury dla dzieci Janusza Korczaka<\/em><\/p><p><strong>14.30-14.45 &#8211; <\/strong><strong>dr hab. Anna J\u00f3zefowicz &#8211;<\/strong> <em>My\u015bli pedagogiczne Janusza Korczaka i prawa dziecka w najnowszej literaturze dla dzieci<\/em><\/p><p><strong>14.45-15.00 <\/strong><strong>&#8211; dr Marta Grze\u015bko-Nyczka<\/strong> &#8211; <em>Dialog pedagogiczny we wczesnej edukacji. Korczakowskie inspiracje do komunikacji w szkole<\/em><\/p><p><strong>15.00-15.15 -mgr Aleksandra S\u0142awi\u0144ska &#8211;\u00a0<\/strong><em>\u201eFortepian skrzydlaty&#8221;. Rola bajek Joanny Kulmowej w psychologicznym wsparciu ucznia pa\u0144stwowej szko\u0142y muzycznej I stopnia<\/em><\/p><p><strong>do 16.00 &#8211; DYSKUSJA<\/strong><\/p><\/div>\n\t\t\t\t<\/div>\n\t\t\t\t\t\t\t<div class=\"elementor-accordion-item\">\n\t\t\t\t\t<div id=\"elementor-tab-title-1066\" class=\"elementor-tab-title\" data-tab=\"6\" role=\"tab\" aria-controls=\"elementor-tab-content-1066\" aria-expanded=\"false\">\n\t\t\t\t\t\t\t\t\t\t\t\t\t<span class=\"elementor-accordion-icon elementor-accordion-icon-left\" aria-hidden=\"true\">\n\t\t\t\t\t\t\t\t\t\t\t\t\t\t\t<span class=\"elementor-accordion-icon-closed\"><i class=\"fas fa-chevron-down\"><\/i><\/span>\n\t\t\t\t\t\t\t\t<span class=\"elementor-accordion-icon-opened\"><i class=\"fas fa-minus\"><\/i><\/span>\n\t\t\t\t\t\t\t\t\t\t\t\t\t\t<\/span>\n\t\t\t\t\t\t\t\t\t\t\t\t<a class=\"elementor-accordion-title\" href=\"\">SEKCJA 6 - J\u0119zyk edukacji spo\u0142eczno-przyrodniczej i edukacji zdrowotnej<\/a>\n\t\t\t\t\t<\/div>\n\t\t\t\t\t<div id=\"elementor-tab-content-1066\" class=\"elementor-tab-content elementor-clearfix\" data-tab=\"6\" role=\"tabpanel\" aria-labelledby=\"elementor-tab-title-1066\"><p><strong>14.00-14.15 &#8211; dr Barbara \u017bakowska &#8211;<\/strong> Most za daleko? Programy mi\u0119dzynarodowe w edukacji wczesnoszkolnej w Polsce XXI wieku<\/p><p><strong>14.15-14.30 &#8211; dr Anna Linka &#8211;<\/strong> <em>J\u0119zyk i dziecko w sytuacji migracji wojennej<\/em><\/p><p><strong>14.30-14.45 &#8211; dr Beata Komorowska &#8211;<\/strong> <em>O przyrodzie w przyrodzie. Dziecko a warto\u015bci w \u015brodowisku naturalnym<\/em><\/p><p><strong>14.45-15.00 &#8211; dr Bo\u017cena Pietryczuk &#8211;<\/strong> <em>Edukacja zdrowotna i promocja zdrowia wyzwaniem dla szko\u0142y i nauczycieli wczesnej edukacji<\/em><\/p><p><strong>15.00-15.15 &#8211; dr Katarzyna Nadachewicz &#8211;<\/strong> <em>Organizacja czasu wolnego dziecka w wieku wczesnoszkolnym<\/em><\/p><p><strong>do 16.00 &#8211; DYSKUSJA<\/strong><\/p><\/div>\n\t\t\t\t<\/div>\n\t\t\t\t\t\t\t\t<\/div>\n\t\t\t\t<\/div>\n\t\t\t\t<\/div>\n\t\t\t\t\t\t<\/div>\n\t\t\t\t\t<\/div>\n\t\t<\/div>\n\t\t\t\t\t\t\t\t<\/div>\n\t\t\t\t\t<\/div>\n\t\t<\/section>\n\t\t\t\t\t\t<\/div>\n\t\t\t\t\t<\/div>\n\t\t<\/div>\n\t\t\t\t\t\t\t\t<\/div>\n\t\t\t\t\t<\/div>\n\t\t<\/section>\n\t\t\t\t<section class=\"elementor-section elementor-top-section elementor-element elementor-element-1d747f6 elementor-section-boxed elementor-section-height-default elementor-section-height-default\" data-id=\"1d747f6\" data-element_type=\"section\" data-settings=\"{&quot;background_background&quot;:&quot;classic&quot;}\">\n\t\t\t\t\t\t<div class=\"elementor-container elementor-column-gap-no\">\n\t\t\t\t\t\t\t<div class=\"elementor-row\">\n\t\t\t\t\t<div class=\"elementor-column elementor-col-100 elementor-top-column elementor-element elementor-element-1760096\" data-id=\"1760096\" data-element_type=\"column\">\n\t\t\t<div class=\"elementor-column-wrap elementor-element-populated\">\n\t\t\t\t\t\t\t<div class=\"elementor-widget-wrap\">\n\t\t\t\t\t\t<section class=\"elementor-section elementor-inner-section elementor-element elementor-element-b1b7111 elementor-section-boxed elementor-section-height-default elementor-section-height-default\" data-id=\"b1b7111\" data-element_type=\"section\" data-settings=\"{&quot;background_background&quot;:&quot;classic&quot;}\">\n\t\t\t\t\t\t<div class=\"elementor-container elementor-column-gap-no\">\n\t\t\t\t\t\t\t<div class=\"elementor-row\">\n\t\t\t\t\t<div class=\"elementor-column elementor-col-33 elementor-inner-column elementor-element elementor-element-f9b556c\" data-id=\"f9b556c\" data-element_type=\"column\" data-settings=\"{&quot;background_background&quot;:&quot;classic&quot;}\">\n\t\t\t<div class=\"elementor-column-wrap\">\n\t\t\t\t\t<div class=\"elementor-background-overlay\"><\/div>\n\t\t\t\t\t\t\t<div class=\"elementor-widget-wrap\">\n\t\t\t\t\t\t\t\t<\/div>\n\t\t\t\t\t<\/div>\n\t\t<\/div>\n\t\t\t\t<div class=\"elementor-column elementor-col-66 elementor-inner-column elementor-element elementor-element-fbb0bd6\" data-id=\"fbb0bd6\" data-element_type=\"column\">\n\t\t\t<div class=\"elementor-column-wrap elementor-element-populated\">\n\t\t\t\t\t\t\t<div class=\"elementor-widget-wrap\">\n\t\t\t\t\t\t<div class=\"elementor-element elementor-element-033f160 elementor-widget elementor-widget-text-editor\" data-id=\"033f160\" data-element_type=\"widget\" data-widget_type=\"text-editor.default\">\n\t\t\t\t<div class=\"elementor-widget-container\">\n\t\t\t\t\t\t\t\t<div class=\"elementor-text-editor elementor-clearfix\">\n\t\t\t\t<p>\u2193 Willa Lentza, Aleja Wojska Polskiego 84, Szczecin<\/p>\t\t\t\t\t<\/div>\n\t\t\t\t\t\t<\/div>\n\t\t\t\t<\/div>\n\t\t\t\t\t\t<\/div>\n\t\t\t\t\t<\/div>\n\t\t<\/div>\n\t\t\t\t\t\t\t\t<\/div>\n\t\t\t\t\t<\/div>\n\t\t<\/section>\n\t\t\t\t<section class=\"elementor-section elementor-inner-section elementor-element elementor-element-440f1f7 elementor-section-boxed elementor-section-height-default elementor-section-height-default\" data-id=\"440f1f7\" data-element_type=\"section\" data-settings=\"{&quot;background_background&quot;:&quot;classic&quot;}\">\n\t\t\t\t\t\t<div class=\"elementor-container elementor-column-gap-no\">\n\t\t\t\t\t\t\t<div class=\"elementor-row\">\n\t\t\t\t\t<div class=\"elementor-column elementor-col-33 elementor-inner-column elementor-element elementor-element-e1a7414\" data-id=\"e1a7414\" data-element_type=\"column\" data-settings=\"{&quot;background_background&quot;:&quot;classic&quot;}\">\n\t\t\t<div class=\"elementor-column-wrap elementor-element-populated\">\n\t\t\t\t\t<div class=\"elementor-background-overlay\"><\/div>\n\t\t\t\t\t\t\t<div class=\"elementor-widget-wrap\">\n\t\t\t\t\t\t<div class=\"elementor-element elementor-element-2779310 elementor-widget elementor-widget-elementskit-heading\" data-id=\"2779310\" data-element_type=\"widget\" data-widget_type=\"elementskit-heading.default\">\n\t\t\t\t<div class=\"elementor-widget-container\">\n\t\t\t<div class=\"ekit-wid-con\" ><div class=\"ekit-heading elementskit-section-title-wraper text_center   ekit_heading_tablet-   ekit_heading_mobile-\"><h6 class=\"ekit-heading--title elementskit-section-title \">17.00-18.00<\/h6><\/div><\/div>\t\t<\/div>\n\t\t\t\t<\/div>\n\t\t\t\t\t\t<\/div>\n\t\t\t\t\t<\/div>\n\t\t<\/div>\n\t\t\t\t<div class=\"elementor-column elementor-col-66 elementor-inner-column elementor-element elementor-element-bb9028f\" data-id=\"bb9028f\" data-element_type=\"column\" data-settings=\"{&quot;background_background&quot;:&quot;classic&quot;}\">\n\t\t\t<div class=\"elementor-column-wrap elementor-element-populated\">\n\t\t\t\t\t\t\t<div class=\"elementor-widget-wrap\">\n\t\t\t\t\t\t<div class=\"elementor-element elementor-element-6b503de elementor-widget elementor-widget-text-editor\" data-id=\"6b503de\" data-element_type=\"widget\" data-widget_type=\"text-editor.default\">\n\t\t\t\t<div class=\"elementor-widget-container\">\n\t\t\t\t\t\t\t\t<div class=\"elementor-text-editor elementor-clearfix\">\n\t\t\t\t<p><strong>WYK\u0141AD Z CYKLU SZCZECIN HUMANISTYCZNY<\/strong><\/p><p>Promocja tomu Profesora Jana Miodka pt. <em>Polszczyzna. 200 felieton\u00f3w o j\u0119zyku<\/em>. <br \/>Zwiedzanie Willi Lentza<\/p>\t\t\t\t\t<\/div>\n\t\t\t\t\t\t<\/div>\n\t\t\t\t<\/div>\n\t\t\t\t\t\t<\/div>\n\t\t\t\t\t<\/div>\n\t\t<\/div>\n\t\t\t\t\t\t\t\t<\/div>\n\t\t\t\t\t<\/div>\n\t\t<\/section>\n\t\t\t\t\t\t<\/div>\n\t\t\t\t\t<\/div>\n\t\t<\/div>\n\t\t\t\t\t\t\t\t<\/div>\n\t\t\t\t\t<\/div>\n\t\t<\/section>\n\t\t\t\t<section class=\"elementor-section elementor-top-section elementor-element elementor-element-abfdce6 elementor-section-boxed elementor-section-height-default elementor-section-height-default\" data-id=\"abfdce6\" data-element_type=\"section\" data-settings=\"{&quot;background_background&quot;:&quot;classic&quot;}\">\n\t\t\t\t\t\t<div class=\"elementor-container elementor-column-gap-no\">\n\t\t\t\t\t\t\t<div class=\"elementor-row\">\n\t\t\t\t\t<div class=\"elementor-column elementor-col-100 elementor-top-column elementor-element elementor-element-ae13634\" data-id=\"ae13634\" data-element_type=\"column\">\n\t\t\t<div class=\"elementor-column-wrap elementor-element-populated\">\n\t\t\t\t\t\t\t<div class=\"elementor-widget-wrap\">\n\t\t\t\t\t\t<section class=\"elementor-section elementor-inner-section elementor-element elementor-element-85a3e30 elementor-section-boxed elementor-section-height-default elementor-section-height-default\" data-id=\"85a3e30\" data-element_type=\"section\" data-settings=\"{&quot;background_background&quot;:&quot;classic&quot;}\">\n\t\t\t\t\t\t<div class=\"elementor-container elementor-column-gap-no\">\n\t\t\t\t\t\t\t<div class=\"elementor-row\">\n\t\t\t\t\t<div class=\"elementor-column elementor-col-33 elementor-inner-column elementor-element elementor-element-39e89a2\" data-id=\"39e89a2\" data-element_type=\"column\" data-settings=\"{&quot;background_background&quot;:&quot;classic&quot;}\">\n\t\t\t<div class=\"elementor-column-wrap\">\n\t\t\t\t\t<div class=\"elementor-background-overlay\"><\/div>\n\t\t\t\t\t\t\t<div class=\"elementor-widget-wrap\">\n\t\t\t\t\t\t\t\t<\/div>\n\t\t\t\t\t<\/div>\n\t\t<\/div>\n\t\t\t\t<div class=\"elementor-column elementor-col-66 elementor-inner-column elementor-element elementor-element-d4b9b4d\" data-id=\"d4b9b4d\" data-element_type=\"column\">\n\t\t\t<div class=\"elementor-column-wrap elementor-element-populated\">\n\t\t\t\t\t\t\t<div class=\"elementor-widget-wrap\">\n\t\t\t\t\t\t<div class=\"elementor-element elementor-element-abcea88 elementor-widget elementor-widget-text-editor\" data-id=\"abcea88\" data-element_type=\"widget\" data-widget_type=\"text-editor.default\">\n\t\t\t\t<div class=\"elementor-widget-container\">\n\t\t\t\t\t\t\t\t<div class=\"elementor-text-editor elementor-clearfix\">\n\t\t\t\t<p>\u2193 Restauracja Hotelu Atrium****, Aleja Wojska Polskiego 75, Szczecin<\/p>\t\t\t\t\t<\/div>\n\t\t\t\t\t\t<\/div>\n\t\t\t\t<\/div>\n\t\t\t\t\t\t<\/div>\n\t\t\t\t\t<\/div>\n\t\t<\/div>\n\t\t\t\t\t\t\t\t<\/div>\n\t\t\t\t\t<\/div>\n\t\t<\/section>\n\t\t\t\t<section class=\"elementor-section elementor-inner-section elementor-element elementor-element-3b8ea68 elementor-section-boxed elementor-section-height-default elementor-section-height-default\" data-id=\"3b8ea68\" data-element_type=\"section\" data-settings=\"{&quot;background_background&quot;:&quot;classic&quot;}\">\n\t\t\t\t\t\t<div class=\"elementor-container elementor-column-gap-no\">\n\t\t\t\t\t\t\t<div class=\"elementor-row\">\n\t\t\t\t\t<div class=\"elementor-column elementor-col-33 elementor-inner-column elementor-element elementor-element-7c822dd\" data-id=\"7c822dd\" data-element_type=\"column\" data-settings=\"{&quot;background_background&quot;:&quot;classic&quot;}\">\n\t\t\t<div class=\"elementor-column-wrap elementor-element-populated\">\n\t\t\t\t\t<div class=\"elementor-background-overlay\"><\/div>\n\t\t\t\t\t\t\t<div class=\"elementor-widget-wrap\">\n\t\t\t\t\t\t<div class=\"elementor-element elementor-element-8592b18 elementor-widget elementor-widget-elementskit-heading\" data-id=\"8592b18\" data-element_type=\"widget\" data-widget_type=\"elementskit-heading.default\">\n\t\t\t\t<div class=\"elementor-widget-container\">\n\t\t\t<div class=\"ekit-wid-con\" ><div class=\"ekit-heading elementskit-section-title-wraper text_center   ekit_heading_tablet-   ekit_heading_mobile-\"><h6 class=\"ekit-heading--title elementskit-section-title \">19.00<\/h6><\/div><\/div>\t\t<\/div>\n\t\t\t\t<\/div>\n\t\t\t\t\t\t<\/div>\n\t\t\t\t\t<\/div>\n\t\t<\/div>\n\t\t\t\t<div class=\"elementor-column elementor-col-66 elementor-inner-column elementor-element elementor-element-71c8b91\" data-id=\"71c8b91\" data-element_type=\"column\" data-settings=\"{&quot;background_background&quot;:&quot;classic&quot;}\">\n\t\t\t<div class=\"elementor-column-wrap elementor-element-populated\">\n\t\t\t\t\t\t\t<div class=\"elementor-widget-wrap\">\n\t\t\t\t\t\t<div class=\"elementor-element elementor-element-db4ccc5 elementor-widget elementor-widget-text-editor\" data-id=\"db4ccc5\" data-element_type=\"widget\" data-widget_type=\"text-editor.default\">\n\t\t\t\t<div class=\"elementor-widget-container\">\n\t\t\t\t\t\t\t\t<div class=\"elementor-text-editor elementor-clearfix\">\n\t\t\t\t<p>Uroczysta kolacja<\/p>\t\t\t\t\t<\/div>\n\t\t\t\t\t\t<\/div>\n\t\t\t\t<\/div>\n\t\t\t\t\t\t<\/div>\n\t\t\t\t\t<\/div>\n\t\t<\/div>\n\t\t\t\t\t\t\t\t<\/div>\n\t\t\t\t\t<\/div>\n\t\t<\/section>\n\t\t\t\t\t\t<\/div>\n\t\t\t\t\t<\/div>\n\t\t<\/div>\n\t\t\t\t\t\t\t\t<\/div>\n\t\t\t\t\t<\/div>\n\t\t<\/section>\n\t\t\t\t<section class=\"elementor-section elementor-top-section elementor-element elementor-element-68ba395 elementor-section-boxed elementor-section-height-default elementor-section-height-default\" data-id=\"68ba395\" data-element_type=\"section\" data-settings=\"{&quot;background_background&quot;:&quot;classic&quot;}\">\n\t\t\t\t\t\t<div class=\"elementor-container elementor-column-gap-no\">\n\t\t\t\t\t\t\t<div class=\"elementor-row\">\n\t\t\t\t\t<div class=\"elementor-column elementor-col-100 elementor-top-column elementor-element elementor-element-4703994\" data-id=\"4703994\" data-element_type=\"column\">\n\t\t\t<div class=\"elementor-column-wrap elementor-element-populated\">\n\t\t\t\t\t\t\t<div class=\"elementor-widget-wrap\">\n\t\t\t\t\t\t<div class=\"elementor-element elementor-element-c857d1c elementor-widget elementor-widget-heading\" data-id=\"c857d1c\" data-element_type=\"widget\" data-widget_type=\"heading.default\">\n\t\t\t\t<div class=\"elementor-widget-container\">\n\t\t\t<h3 class=\"elementor-heading-title elementor-size-default\">Dzie\u0144 drugi - 24 MARCA - pi\u0105tek<\/h3>\t\t<\/div>\n\t\t\t\t<\/div>\n\t\t\t\t<section class=\"elementor-section elementor-inner-section elementor-element elementor-element-5251fdb elementor-section-boxed elementor-section-height-default elementor-section-height-default\" data-id=\"5251fdb\" data-element_type=\"section\" data-settings=\"{&quot;background_background&quot;:&quot;classic&quot;}\">\n\t\t\t\t\t\t<div class=\"elementor-container elementor-column-gap-no\">\n\t\t\t\t\t\t\t<div class=\"elementor-row\">\n\t\t\t\t\t<div class=\"elementor-column elementor-col-33 elementor-inner-column elementor-element elementor-element-e5d712f\" data-id=\"e5d712f\" data-element_type=\"column\" data-settings=\"{&quot;background_background&quot;:&quot;classic&quot;}\">\n\t\t\t<div class=\"elementor-column-wrap\">\n\t\t\t\t\t<div class=\"elementor-background-overlay\"><\/div>\n\t\t\t\t\t\t\t<div class=\"elementor-widget-wrap\">\n\t\t\t\t\t\t\t\t<\/div>\n\t\t\t\t\t<\/div>\n\t\t<\/div>\n\t\t\t\t<div class=\"elementor-column elementor-col-66 elementor-inner-column elementor-element elementor-element-a807f83\" data-id=\"a807f83\" data-element_type=\"column\">\n\t\t\t<div class=\"elementor-column-wrap elementor-element-populated\">\n\t\t\t\t\t\t\t<div class=\"elementor-widget-wrap\">\n\t\t\t\t\t\t<div class=\"elementor-element elementor-element-19198ca elementor-widget elementor-widget-text-editor\" data-id=\"19198ca\" data-element_type=\"widget\" data-widget_type=\"text-editor.default\">\n\t\t\t\t<div class=\"elementor-widget-container\">\n\t\t\t\t\t\t\t\t<div class=\"elementor-text-editor elementor-clearfix\">\n\t\t\t\t<p>\u2193\u00a0 <span class=\"fontstyle0\">Uniwersytet Szczeci\u0144ski, Wydzia\u0142 Ekonomii, Finans\u00f3w i Zarz\u0105dzania, ul. Cukrowa 8,\u00a0 Szczecin<\/span><\/p>\t\t\t\t\t<\/div>\n\t\t\t\t\t\t<\/div>\n\t\t\t\t<\/div>\n\t\t\t\t\t\t<\/div>\n\t\t\t\t\t<\/div>\n\t\t<\/div>\n\t\t\t\t\t\t\t\t<\/div>\n\t\t\t\t\t<\/div>\n\t\t<\/section>\n\t\t\t\t<section class=\"elementor-section elementor-inner-section elementor-element elementor-element-9981165 elementor-section-boxed elementor-section-height-default elementor-section-height-default\" data-id=\"9981165\" data-element_type=\"section\" data-settings=\"{&quot;background_background&quot;:&quot;classic&quot;}\">\n\t\t\t\t\t\t<div class=\"elementor-container elementor-column-gap-no\">\n\t\t\t\t\t\t\t<div class=\"elementor-row\">\n\t\t\t\t\t<div class=\"elementor-column elementor-col-33 elementor-inner-column elementor-element elementor-element-8a31661\" data-id=\"8a31661\" data-element_type=\"column\" data-settings=\"{&quot;background_background&quot;:&quot;classic&quot;}\">\n\t\t\t<div class=\"elementor-column-wrap elementor-element-populated\">\n\t\t\t\t\t<div class=\"elementor-background-overlay\"><\/div>\n\t\t\t\t\t\t\t<div class=\"elementor-widget-wrap\">\n\t\t\t\t\t\t<div class=\"elementor-element elementor-element-12bcbc0 elementor-widget elementor-widget-elementskit-heading\" data-id=\"12bcbc0\" data-element_type=\"widget\" data-widget_type=\"elementskit-heading.default\">\n\t\t\t\t<div class=\"elementor-widget-container\">\n\t\t\t<div class=\"ekit-wid-con\" ><div class=\"ekit-heading elementskit-section-title-wraper text_center   ekit_heading_tablet-   ekit_heading_mobile-\"><h6 class=\"ekit-heading--title elementskit-section-title \">8.30 - 9.10<\/h6><\/div><\/div>\t\t<\/div>\n\t\t\t\t<\/div>\n\t\t\t\t\t\t<\/div>\n\t\t\t\t\t<\/div>\n\t\t<\/div>\n\t\t\t\t<div class=\"elementor-column elementor-col-66 elementor-inner-column elementor-element elementor-element-4a7eeda\" data-id=\"4a7eeda\" data-element_type=\"column\" data-settings=\"{&quot;background_background&quot;:&quot;classic&quot;}\">\n\t\t\t<div class=\"elementor-column-wrap elementor-element-populated\">\n\t\t\t\t\t\t\t<div class=\"elementor-widget-wrap\">\n\t\t\t\t\t\t<div class=\"elementor-element elementor-element-c570ab3 elementor-widget elementor-widget-text-editor\" data-id=\"c570ab3\" data-element_type=\"widget\" data-widget_type=\"text-editor.default\">\n\t\t\t\t<div class=\"elementor-widget-container\">\n\t\t\t\t\t\t\t\t<div class=\"elementor-text-editor elementor-clearfix\">\n\t\t\t\t<p>LABORATORIUM NEURONAUKI POZNAWCZEJ<\/p>\t\t\t\t\t<\/div>\n\t\t\t\t\t\t<\/div>\n\t\t\t\t<\/div>\n\t\t\t\t<div class=\"elementor-element elementor-element-81dcbef elementor-widget elementor-widget-text-editor\" data-id=\"81dcbef\" data-element_type=\"widget\" data-widget_type=\"text-editor.default\">\n\t\t\t\t<div class=\"elementor-widget-container\">\n\t\t\t\t\t\t\t\t<div class=\"elementor-text-editor elementor-clearfix\">\n\t\t\t\t<p><strong>8.30-8.50 &#8211; prof. dr hab. Kesra Nermend, dr in\u017c. Mateusz Piwowarski &#8211;<\/strong> <em>Zastosowanie neuronauki poznawczej w obsza\u00adrach fizjologicznej funkcjonalno\u015bci j\u0119zykowej<\/em><\/p><p><strong>8.50-9.10 &#8211; dr Ma\u0142gorzata Nermend &#8211;<\/strong> <em>Neuronauka poznawcza w kontek\u015bcie wczesnej edukacji (na przyk\u0142adzie tw\u00f3rczo\u015bci Joanny Kulmowej)<\/em><\/p>\t\t\t\t\t<\/div>\n\t\t\t\t\t\t<\/div>\n\t\t\t\t<\/div>\n\t\t\t\t\t\t<\/div>\n\t\t\t\t\t<\/div>\n\t\t<\/div>\n\t\t\t\t\t\t\t\t<\/div>\n\t\t\t\t\t<\/div>\n\t\t<\/section>\n\t\t\t\t\t\t<\/div>\n\t\t\t\t\t<\/div>\n\t\t<\/div>\n\t\t\t\t\t\t\t\t<\/div>\n\t\t\t\t\t<\/div>\n\t\t<\/section>\n\t\t\t\t<section class=\"elementor-section elementor-top-section elementor-element elementor-element-655bea3 elementor-section-boxed elementor-section-height-default elementor-section-height-default\" data-id=\"655bea3\" data-element_type=\"section\" data-settings=\"{&quot;background_background&quot;:&quot;classic&quot;}\">\n\t\t\t\t\t\t<div class=\"elementor-container elementor-column-gap-no\">\n\t\t\t\t\t\t\t<div class=\"elementor-row\">\n\t\t\t\t\t<div class=\"elementor-column elementor-col-100 elementor-top-column elementor-element elementor-element-6075157\" data-id=\"6075157\" data-element_type=\"column\">\n\t\t\t<div class=\"elementor-column-wrap elementor-element-populated\">\n\t\t\t\t\t\t\t<div class=\"elementor-widget-wrap\">\n\t\t\t\t\t\t<section class=\"elementor-section elementor-inner-section elementor-element elementor-element-9f6f28b elementor-section-boxed elementor-section-height-default elementor-section-height-default\" data-id=\"9f6f28b\" data-element_type=\"section\" data-settings=\"{&quot;background_background&quot;:&quot;classic&quot;}\">\n\t\t\t\t\t\t<div class=\"elementor-container elementor-column-gap-no\">\n\t\t\t\t\t\t\t<div class=\"elementor-row\">\n\t\t\t\t\t<div class=\"elementor-column elementor-col-33 elementor-inner-column elementor-element elementor-element-9a9f414\" data-id=\"9a9f414\" data-element_type=\"column\" data-settings=\"{&quot;background_background&quot;:&quot;classic&quot;}\">\n\t\t\t<div class=\"elementor-column-wrap\">\n\t\t\t\t\t<div class=\"elementor-background-overlay\"><\/div>\n\t\t\t\t\t\t\t<div class=\"elementor-widget-wrap\">\n\t\t\t\t\t\t\t\t<\/div>\n\t\t\t\t\t<\/div>\n\t\t<\/div>\n\t\t\t\t<div class=\"elementor-column elementor-col-66 elementor-inner-column elementor-element elementor-element-336ea26\" data-id=\"336ea26\" data-element_type=\"column\">\n\t\t\t<div class=\"elementor-column-wrap elementor-element-populated\">\n\t\t\t\t\t\t\t<div class=\"elementor-widget-wrap\">\n\t\t\t\t\t\t<div class=\"elementor-element elementor-element-0932234 elementor-widget elementor-widget-text-editor\" data-id=\"0932234\" data-element_type=\"widget\" data-widget_type=\"text-editor.default\">\n\t\t\t\t<div class=\"elementor-widget-container\">\n\t\t\t\t\t\t\t\t<div class=\"elementor-text-editor elementor-clearfix\">\n\t\t\t\t<p>\u2193\u00a0 <span class=\"fontstyle0\">Uniwersytet Szczeci\u0144ski, Wydzia\u0142 Nauk Spo\u0142ecznych, ul. Krakowska 71-79, Szczecin\u00a0<\/span><\/p>\t\t\t\t\t<\/div>\n\t\t\t\t\t\t<\/div>\n\t\t\t\t<\/div>\n\t\t\t\t\t\t<\/div>\n\t\t\t\t\t<\/div>\n\t\t<\/div>\n\t\t\t\t\t\t\t\t<\/div>\n\t\t\t\t\t<\/div>\n\t\t<\/section>\n\t\t\t\t<section class=\"elementor-section elementor-inner-section elementor-element elementor-element-ce220d3 elementor-section-boxed elementor-section-height-default elementor-section-height-default\" data-id=\"ce220d3\" data-element_type=\"section\" data-settings=\"{&quot;background_background&quot;:&quot;classic&quot;}\">\n\t\t\t\t\t\t<div class=\"elementor-container elementor-column-gap-no\">\n\t\t\t\t\t\t\t<div class=\"elementor-row\">\n\t\t\t\t\t<div class=\"elementor-column elementor-col-33 elementor-inner-column elementor-element elementor-element-4465f9f\" data-id=\"4465f9f\" data-element_type=\"column\" data-settings=\"{&quot;background_background&quot;:&quot;classic&quot;}\">\n\t\t\t<div class=\"elementor-column-wrap elementor-element-populated\">\n\t\t\t\t\t<div class=\"elementor-background-overlay\"><\/div>\n\t\t\t\t\t\t\t<div class=\"elementor-widget-wrap\">\n\t\t\t\t\t\t<div class=\"elementor-element elementor-element-9869102 elementor-widget elementor-widget-elementskit-heading\" data-id=\"9869102\" data-element_type=\"widget\" data-widget_type=\"elementskit-heading.default\">\n\t\t\t\t<div class=\"elementor-widget-container\">\n\t\t\t<div class=\"ekit-wid-con\" ><div class=\"ekit-heading elementskit-section-title-wraper text_center   ekit_heading_tablet-   ekit_heading_mobile-\"><h6 class=\"ekit-heading--title elementskit-section-title \">9.30 - 12.00<\/h6><\/div><\/div>\t\t<\/div>\n\t\t\t\t<\/div>\n\t\t\t\t\t\t<\/div>\n\t\t\t\t\t<\/div>\n\t\t<\/div>\n\t\t\t\t<div class=\"elementor-column elementor-col-66 elementor-inner-column elementor-element elementor-element-3bf4d7c\" data-id=\"3bf4d7c\" data-element_type=\"column\" data-settings=\"{&quot;background_background&quot;:&quot;classic&quot;}\">\n\t\t\t<div class=\"elementor-column-wrap elementor-element-populated\">\n\t\t\t\t\t\t\t<div class=\"elementor-widget-wrap\">\n\t\t\t\t\t\t<div class=\"elementor-element elementor-element-4e1b77d elementor-widget elementor-widget-text-editor\" data-id=\"4e1b77d\" data-element_type=\"widget\" data-widget_type=\"text-editor.default\">\n\t\t\t\t<div class=\"elementor-widget-container\">\n\t\t\t\t\t\t\t\t<div class=\"elementor-text-editor elementor-clearfix\">\n\t\t\t\t<p>Obrady w sekcjach<\/p>\t\t\t\t\t<\/div>\n\t\t\t\t\t\t<\/div>\n\t\t\t\t<\/div>\n\t\t\t\t<div class=\"elementor-element elementor-element-423faf1 elementor-widget elementor-widget-accordion\" data-id=\"423faf1\" data-element_type=\"widget\" data-widget_type=\"accordion.default\">\n\t\t\t\t<div class=\"elementor-widget-container\">\n\t\t\t\t\t<div class=\"elementor-accordion\" role=\"tablist\">\n\t\t\t\t\t\t\t<div class=\"elementor-accordion-item\">\n\t\t\t\t\t<div id=\"elementor-tab-title-6941\" class=\"elementor-tab-title\" data-tab=\"1\" role=\"tab\" aria-controls=\"elementor-tab-content-6941\" aria-expanded=\"false\">\n\t\t\t\t\t\t\t\t\t\t\t\t\t<span class=\"elementor-accordion-icon elementor-accordion-icon-left\" aria-hidden=\"true\">\n\t\t\t\t\t\t\t\t\t\t\t\t\t\t\t<span class=\"elementor-accordion-icon-closed\"><i class=\"fas fa-chevron-down\"><\/i><\/span>\n\t\t\t\t\t\t\t\t<span class=\"elementor-accordion-icon-opened\"><i class=\"fas fa-minus\"><\/i><\/span>\n\t\t\t\t\t\t\t\t\t\t\t\t\t\t<\/span>\n\t\t\t\t\t\t\t\t\t\t\t\t<a class=\"elementor-accordion-title\" href=\"\">SEKCJA 1 J\u0119zyk dziecka i jego kompetencje komunikacyjne (dzie\u0144 drugi) <\/a>\n\t\t\t\t\t<\/div>\n\t\t\t\t\t<div id=\"elementor-tab-content-6941\" class=\"elementor-tab-content elementor-clearfix\" data-tab=\"1\" role=\"tabpanel\" aria-labelledby=\"elementor-tab-title-6941\"><p><strong>9.30-9.45 &#8211; dr hab. Marcin Wlaz\u0142o, prof. US &#8211;<\/strong> <em>Dziecko \u201emilcz\u0105ce&#8221; w kulturze i edukacji. Od patologii do polityki r\u00f3\u017cnorodno\u015bci<\/em><\/p><p><strong>9.45-10.00 &#8211; dr Adam Komisarczyk, dr Aneta Ca\u0142u\u017cy\u0144ska &#8211; <\/strong><em>Rozwijanie kompetencji komunikacyjnych dziecka z deprywacj\u0105 audytywn\u0105 w procesie kszta\u0142cenia<\/em><\/p><p><strong>10.00-10.15 &#8211; dr Joanna Bu\u0142awa-Halasz &#8211;<\/strong><em>Kompetencje komunikacyjne dziecka z zaburzeniem ze spektrum autyzmu<\/em><\/p><hr noshade=\"noshade\" \/><p><strong>\u00a0<\/strong><\/p><p><strong>10.15-10.45 PRZERWA NA KAW\u0118<\/strong><\/p><p><strong>\u00a0<\/strong><\/p><hr noshade=\"noshade\" \/><p><strong>10.45-11.00 &#8211; dr Agata Chilman &#8211;<\/strong> <em>Rola neuropsychologicznej diagnozy funkcji j\u0119zykowych w rozwijaniu kompetencji komunikacyjnych dzieci ze specjalnymi potrzebami edukacyjnymi<\/em><\/p><p><strong>11.00-11.15 &#8211; <\/strong><strong>dr Julia Karapuda &#8211;<\/strong> <em>Nauczycielski profesjolekt stosowany przy formu\u0142owaniu ocen opisowych zachowania na \u015bwiadectwach szkolnych<\/em><\/p><p><strong>do 11.30 &#8211; DYSKUSJA<\/strong><\/p><\/div>\n\t\t\t\t<\/div>\n\t\t\t\t\t\t\t<div class=\"elementor-accordion-item\">\n\t\t\t\t\t<div id=\"elementor-tab-title-6942\" class=\"elementor-tab-title\" data-tab=\"2\" role=\"tab\" aria-controls=\"elementor-tab-content-6942\" aria-expanded=\"false\">\n\t\t\t\t\t\t\t\t\t\t\t\t\t<span class=\"elementor-accordion-icon elementor-accordion-icon-left\" aria-hidden=\"true\">\n\t\t\t\t\t\t\t\t\t\t\t\t\t\t\t<span class=\"elementor-accordion-icon-closed\"><i class=\"fas fa-chevron-down\"><\/i><\/span>\n\t\t\t\t\t\t\t\t<span class=\"elementor-accordion-icon-opened\"><i class=\"fas fa-minus\"><\/i><\/span>\n\t\t\t\t\t\t\t\t\t\t\t\t\t\t<\/span>\n\t\t\t\t\t\t\t\t\t\t\t\t<a class=\"elementor-accordion-title\" href=\"\">SEKCJA 7 J\u0119zyk edukacji artystycznej<\/a>\n\t\t\t\t\t<\/div>\n\t\t\t\t\t<div id=\"elementor-tab-content-6942\" class=\"elementor-tab-content elementor-clearfix\" data-tab=\"2\" role=\"tabpanel\" aria-labelledby=\"elementor-tab-title-6942\"><p><strong>9.30-9.45 &#8211; dr hab. Mariusz Szajda, prof. AS<\/strong> &#8211; <em>Filozofia ojcostwa w perspektywie tw\u00f3rczo\u015bci artystycznej Stanis\u0142awa Wyspia\u0144skiego<\/em><\/p><p><strong>9.45-10.00 dr Agnieszka Paw\u0142owska &#8211;<\/strong> <em>Dzieci\u0119ce wizje w sztukach wizualnych<\/em><\/p><p><strong>10.00-10.15 &#8211; dr Paula Wia\u017cewicz-W\u00f3jtowicz &#8211;<\/strong> <em>Muzyka jako inspiracja aktywno\u015bci plastycznej dzieci<\/em><\/p><p>\u00a0<\/p><hr noshade=\"noshade\" \/><p>\u00a0<\/p><p><strong>10.15-10.45 PRZERWA NA KAW\u0118<\/strong><\/p><p>\u00a0<\/p><hr noshade=\"noshade\" \/><p>\u00a0<\/p><p><strong>10.45-11.00 dr &#8211; Agnieszka Materne &#8211;<\/strong> <em>Istotno\u015b\u0107 roli edukacji artystycznej w szkole \u2013 na przyk\u0142adzie zestaw\u00f3w konstrukcyjnych LEGO\u00ae<\/em><\/p><p><strong>11.00-11.15 &#8211; Iwona Ma\u0142as &#8211;<\/strong> <em>My\u015ble\u0107 obrazem, my\u015ble\u0107 d\u017awi\u0119kiem \u2013 \u017ar\u00f3d\u0142a inspiracji dla wyobra\u017ani dzieci\u0119cej<\/em><\/p><p><strong>do 11.45 DYSKUSJA<\/strong><\/p><\/div>\n\t\t\t\t<\/div>\n\t\t\t\t\t\t\t\t<\/div>\n\t\t\t\t<\/div>\n\t\t\t\t<\/div>\n\t\t\t\t\t\t<\/div>\n\t\t\t\t\t<\/div>\n\t\t<\/div>\n\t\t\t\t\t\t\t\t<\/div>\n\t\t\t\t\t<\/div>\n\t\t<\/section>\n\t\t\t\t<section class=\"elementor-section elementor-inner-section elementor-element elementor-element-786807d elementor-section-boxed elementor-section-height-default elementor-section-height-default\" data-id=\"786807d\" data-element_type=\"section\" data-settings=\"{&quot;background_background&quot;:&quot;classic&quot;}\">\n\t\t\t\t\t\t<div class=\"elementor-container elementor-column-gap-no\">\n\t\t\t\t\t\t\t<div class=\"elementor-row\">\n\t\t\t\t\t<div class=\"elementor-column elementor-col-33 elementor-inner-column elementor-element elementor-element-6a41ad3\" data-id=\"6a41ad3\" data-element_type=\"column\" data-settings=\"{&quot;background_background&quot;:&quot;classic&quot;}\">\n\t\t\t<div class=\"elementor-column-wrap elementor-element-populated\">\n\t\t\t\t\t<div class=\"elementor-background-overlay\"><\/div>\n\t\t\t\t\t\t\t<div class=\"elementor-widget-wrap\">\n\t\t\t\t\t\t<div class=\"elementor-element elementor-element-69e78af elementor-widget elementor-widget-elementskit-heading\" data-id=\"69e78af\" data-element_type=\"widget\" data-widget_type=\"elementskit-heading.default\">\n\t\t\t\t<div class=\"elementor-widget-container\">\n\t\t\t<div class=\"ekit-wid-con\" ><div class=\"ekit-heading elementskit-section-title-wraper text_center   ekit_heading_tablet-   ekit_heading_mobile-\"><h6 class=\"ekit-heading--title elementskit-section-title \">11.30-12.00<\/h6><\/div><\/div>\t\t<\/div>\n\t\t\t\t<\/div>\n\t\t\t\t\t\t<\/div>\n\t\t\t\t\t<\/div>\n\t\t<\/div>\n\t\t\t\t<div class=\"elementor-column elementor-col-66 elementor-inner-column elementor-element elementor-element-d8d967b\" data-id=\"d8d967b\" data-element_type=\"column\" data-settings=\"{&quot;background_background&quot;:&quot;classic&quot;}\">\n\t\t\t<div class=\"elementor-column-wrap elementor-element-populated\">\n\t\t\t\t\t\t\t<div class=\"elementor-widget-wrap\">\n\t\t\t\t\t\t<div class=\"elementor-element elementor-element-69ed8bb elementor-widget elementor-widget-text-editor\" data-id=\"69ed8bb\" data-element_type=\"widget\" data-widget_type=\"text-editor.default\">\n\t\t\t\t<div class=\"elementor-widget-container\">\n\t\t\t\t\t\t\t\t<div class=\"elementor-text-editor elementor-clearfix\">\n\t\t\t\t<p>PODSUMOWANIE OBRAD W SEKCJACH I ZAKO\u0143CZENIE KONFERENCJI<\/p>\t\t\t\t\t<\/div>\n\t\t\t\t\t\t<\/div>\n\t\t\t\t<\/div>\n\t\t\t\t<div class=\"elementor-element elementor-element-55aa1bc elementor-widget elementor-widget-text-editor\" data-id=\"55aa1bc\" data-element_type=\"widget\" data-widget_type=\"text-editor.default\">\n\t\t\t\t<div class=\"elementor-widget-container\">\n\t\t\t\t\t\t\t\t<div class=\"elementor-text-editor elementor-clearfix\">\n\t\t\t\t<p><br \/><strong>dr hab. Urszula Ch\u0119ci\u0144ska, prof. US &#8211; Kierownik Katedry Wczesnej Edukacji<\/strong> <br \/><em>Od Korczaka do Kulmowej. Dziecko i \u201ej\u0119zyk wczesnej edukacji<\/em><\/p>\t\t\t\t\t<\/div>\n\t\t\t\t\t\t<\/div>\n\t\t\t\t<\/div>\n\t\t\t\t\t\t<\/div>\n\t\t\t\t\t<\/div>\n\t\t<\/div>\n\t\t\t\t\t\t\t\t<\/div>\n\t\t\t\t\t<\/div>\n\t\t<\/section>\n\t\t\t\t\t\t<\/div>\n\t\t\t\t\t<\/div>\n\t\t<\/div>\n\t\t\t\t\t\t\t\t<\/div>\n\t\t\t\t\t<\/div>\n\t\t<\/section>\n\t\t\t\t<section class=\"elementor-section elementor-top-section elementor-element elementor-element-ec72f4e elementor-section-boxed elementor-section-height-default elementor-section-height-default\" data-id=\"ec72f4e\" data-element_type=\"section\" data-settings=\"{&quot;background_background&quot;:&quot;classic&quot;}\">\n\t\t\t\t\t\t<div class=\"elementor-container elementor-column-gap-no\">\n\t\t\t\t\t\t\t<div class=\"elementor-row\">\n\t\t\t\t\t<div class=\"elementor-column elementor-col-100 elementor-top-column elementor-element elementor-element-c330bc0\" data-id=\"c330bc0\" data-element_type=\"column\">\n\t\t\t<div class=\"elementor-column-wrap elementor-element-populated\">\n\t\t\t\t\t\t\t<div class=\"elementor-widget-wrap\">\n\t\t\t\t\t\t<section class=\"elementor-section elementor-inner-section elementor-element elementor-element-88f9994 elementor-section-boxed elementor-section-height-default elementor-section-height-default\" data-id=\"88f9994\" data-element_type=\"section\" data-settings=\"{&quot;background_background&quot;:&quot;classic&quot;}\">\n\t\t\t\t\t\t<div class=\"elementor-container elementor-column-gap-no\">\n\t\t\t\t\t\t\t<div class=\"elementor-row\">\n\t\t\t\t\t<div class=\"elementor-column elementor-col-33 elementor-inner-column elementor-element elementor-element-673fd45\" data-id=\"673fd45\" data-element_type=\"column\" data-settings=\"{&quot;background_background&quot;:&quot;classic&quot;}\">\n\t\t\t<div class=\"elementor-column-wrap\">\n\t\t\t\t\t<div class=\"elementor-background-overlay\"><\/div>\n\t\t\t\t\t\t\t<div class=\"elementor-widget-wrap\">\n\t\t\t\t\t\t\t\t<\/div>\n\t\t\t\t\t<\/div>\n\t\t<\/div>\n\t\t\t\t<div class=\"elementor-column elementor-col-66 elementor-inner-column elementor-element elementor-element-21ce299\" data-id=\"21ce299\" data-element_type=\"column\">\n\t\t\t<div class=\"elementor-column-wrap elementor-element-populated\">\n\t\t\t\t\t\t\t<div class=\"elementor-widget-wrap\">\n\t\t\t\t\t\t<div class=\"elementor-element elementor-element-fd0cb17 elementor-widget elementor-widget-text-editor\" data-id=\"fd0cb17\" data-element_type=\"widget\" data-widget_type=\"text-editor.default\">\n\t\t\t\t<div class=\"elementor-widget-container\">\n\t\t\t\t\t\t\t\t<div class=\"elementor-text-editor elementor-clearfix\">\n\t\t\t\t<p>\u2193\u00a0 <span class=\"fontstyle0\">Uniwersytet Szczeci\u0144ski, Wydzia\u0142 Nauk Spo\u0142ecznych, ul. Krakowska 71-79, Szczecin\u00a0<\/span><\/p>\t\t\t\t\t<\/div>\n\t\t\t\t\t\t<\/div>\n\t\t\t\t<\/div>\n\t\t\t\t\t\t<\/div>\n\t\t\t\t\t<\/div>\n\t\t<\/div>\n\t\t\t\t\t\t\t\t<\/div>\n\t\t\t\t\t<\/div>\n\t\t<\/section>\n\t\t\t\t<section class=\"elementor-section elementor-inner-section elementor-element elementor-element-7264715 elementor-section-boxed elementor-section-height-default elementor-section-height-default\" data-id=\"7264715\" data-element_type=\"section\" data-settings=\"{&quot;background_background&quot;:&quot;classic&quot;}\">\n\t\t\t\t\t\t<div class=\"elementor-container elementor-column-gap-no\">\n\t\t\t\t\t\t\t<div class=\"elementor-row\">\n\t\t\t\t\t<div class=\"elementor-column elementor-col-33 elementor-inner-column elementor-element elementor-element-0329411\" data-id=\"0329411\" data-element_type=\"column\" data-settings=\"{&quot;background_background&quot;:&quot;classic&quot;}\">\n\t\t\t<div class=\"elementor-column-wrap elementor-element-populated\">\n\t\t\t\t\t<div class=\"elementor-background-overlay\"><\/div>\n\t\t\t\t\t\t\t<div class=\"elementor-widget-wrap\">\n\t\t\t\t\t\t<div class=\"elementor-element elementor-element-d829995 elementor-widget elementor-widget-elementskit-heading\" data-id=\"d829995\" data-element_type=\"widget\" data-widget_type=\"elementskit-heading.default\">\n\t\t\t\t<div class=\"elementor-widget-container\">\n\t\t\t<div class=\"ekit-wid-con\" ><div class=\"ekit-heading elementskit-section-title-wraper text_center   ekit_heading_tablet-   ekit_heading_mobile-\"><h6 class=\"ekit-heading--title elementskit-section-title \">13.00-15.00<\/h6><\/div><\/div>\t\t<\/div>\n\t\t\t\t<\/div>\n\t\t\t\t\t\t<\/div>\n\t\t\t\t\t<\/div>\n\t\t<\/div>\n\t\t\t\t<div class=\"elementor-column elementor-col-66 elementor-inner-column elementor-element elementor-element-a6b46ef\" data-id=\"a6b46ef\" data-element_type=\"column\" data-settings=\"{&quot;background_background&quot;:&quot;classic&quot;}\">\n\t\t\t<div class=\"elementor-column-wrap elementor-element-populated\">\n\t\t\t\t\t\t\t<div class=\"elementor-widget-wrap\">\n\t\t\t\t\t\t<div class=\"elementor-element elementor-element-707fbc1 elementor-widget elementor-widget-text-editor\" data-id=\"707fbc1\" data-element_type=\"widget\" data-widget_type=\"text-editor.default\">\n\t\t\t\t<div class=\"elementor-widget-container\">\n\t\t\t\t\t\t\t\t<div class=\"elementor-text-editor elementor-clearfix\">\n\t\t\t\tCertyfikowane metodyczne warsztaty artystyczne dla nauczycieli\t\t\t\t\t<\/div>\n\t\t\t\t\t\t<\/div>\n\t\t\t\t<\/div>\n\t\t\t\t<div class=\"elementor-element elementor-element-6874c78 elementor-widget elementor-widget-text-editor\" data-id=\"6874c78\" data-element_type=\"widget\" data-widget_type=\"text-editor.default\">\n\t\t\t\t<div class=\"elementor-widget-container\">\n\t\t\t\t\t\t\t\t<div class=\"elementor-text-editor elementor-clearfix\">\n\t\t\t\t<p>dr hab. Mariusz Szajda, prof. AS<br \/>art. plast. dr Miko\u0142aj Materne<\/p>\t\t\t\t\t<\/div>\n\t\t\t\t\t\t<\/div>\n\t\t\t\t<\/div>\n\t\t\t\t<div class=\"elementor-element elementor-element-f941d10 elementor-widget elementor-widget-text-editor\" data-id=\"f941d10\" data-element_type=\"widget\" data-widget_type=\"text-editor.default\">\n\t\t\t\t<div class=\"elementor-widget-container\">\n\t\t\t\t\t\t\t\t<div class=\"elementor-text-editor elementor-clearfix\">\n\t\t\t\t<p>Na warsztaty obowi\u0105zuj\u0105 zapisy &#8211;\u00a0 <a href=\"https:\/\/dzieckoi.usz.edu.pl\/index.php\/warsztaty\/\">[ formularz zapisu ]<\/a><\/p>\t\t\t\t\t<\/div>\n\t\t\t\t\t\t<\/div>\n\t\t\t\t<\/div>\n\t\t\t\t\t\t<\/div>\n\t\t\t\t\t<\/div>\n\t\t<\/div>\n\t\t\t\t\t\t\t\t<\/div>\n\t\t\t\t\t<\/div>\n\t\t<\/section>\n\t\t\t\t\t\t<\/div>\n\t\t\t\t\t<\/div>\n\t\t<\/div>\n\t\t\t\t\t\t\t\t<\/div>\n\t\t\t\t\t<\/div>\n\t\t<\/section>\n\t\t\t\t<section class=\"elementor-section elementor-top-section elementor-element elementor-element-e5dcee1 elementor-section-boxed elementor-section-height-default elementor-section-height-default\" data-id=\"e5dcee1\" data-element_type=\"section\" data-settings=\"{&quot;background_background&quot;:&quot;classic&quot;}\">\n\t\t\t\t\t\t<div class=\"elementor-container elementor-column-gap-no\">\n\t\t\t\t\t\t\t<div class=\"elementor-row\">\n\t\t\t\t\t<div class=\"elementor-column elementor-col-100 elementor-top-column elementor-element elementor-element-969ba0e\" data-id=\"969ba0e\" data-element_type=\"column\">\n\t\t\t<div class=\"elementor-column-wrap elementor-element-populated\">\n\t\t\t\t\t\t\t<div class=\"elementor-widget-wrap\">\n\t\t\t\t\t\t<section class=\"elementor-section elementor-inner-section elementor-element elementor-element-6a3a343 elementor-section-boxed elementor-section-height-default elementor-section-height-default\" data-id=\"6a3a343\" data-element_type=\"section\" data-settings=\"{&quot;background_background&quot;:&quot;classic&quot;}\">\n\t\t\t\t\t\t<div class=\"elementor-container elementor-column-gap-no\">\n\t\t\t\t\t\t\t<div class=\"elementor-row\">\n\t\t\t\t\t<div class=\"elementor-column elementor-col-33 elementor-inner-column elementor-element elementor-element-3fc20f8\" data-id=\"3fc20f8\" data-element_type=\"column\" data-settings=\"{&quot;background_background&quot;:&quot;classic&quot;}\">\n\t\t\t<div class=\"elementor-column-wrap\">\n\t\t\t\t\t<div class=\"elementor-background-overlay\"><\/div>\n\t\t\t\t\t\t\t<div class=\"elementor-widget-wrap\">\n\t\t\t\t\t\t\t\t<\/div>\n\t\t\t\t\t<\/div>\n\t\t<\/div>\n\t\t\t\t<div class=\"elementor-column elementor-col-66 elementor-inner-column elementor-element elementor-element-dffca71\" data-id=\"dffca71\" data-element_type=\"column\">\n\t\t\t<div class=\"elementor-column-wrap elementor-element-populated\">\n\t\t\t\t\t\t\t<div class=\"elementor-widget-wrap\">\n\t\t\t\t\t\t<div class=\"elementor-element elementor-element-212a718 elementor-widget elementor-widget-text-editor\" data-id=\"212a718\" data-element_type=\"widget\" data-widget_type=\"text-editor.default\">\n\t\t\t\t<div class=\"elementor-widget-container\">\n\t\t\t\t\t\t\t\t<div class=\"elementor-text-editor elementor-clearfix\">\n\t\t\t\t<p>\u2193\u00a0 <span class=\"fontstyle0\">Filharmonia im. Mieczys\u0142awa Kar\u0142owicza w Szczecinie, ul. Ma\u0142opolska 48, Szczecin<\/span><\/p>\t\t\t\t\t<\/div>\n\t\t\t\t\t\t<\/div>\n\t\t\t\t<\/div>\n\t\t\t\t\t\t<\/div>\n\t\t\t\t\t<\/div>\n\t\t<\/div>\n\t\t\t\t\t\t\t\t<\/div>\n\t\t\t\t\t<\/div>\n\t\t<\/section>\n\t\t\t\t<section class=\"elementor-section elementor-inner-section elementor-element elementor-element-0e7c45e elementor-section-boxed elementor-section-height-default elementor-section-height-default\" data-id=\"0e7c45e\" data-element_type=\"section\" data-settings=\"{&quot;background_background&quot;:&quot;classic&quot;}\">\n\t\t\t\t\t\t<div class=\"elementor-container elementor-column-gap-no\">\n\t\t\t\t\t\t\t<div class=\"elementor-row\">\n\t\t\t\t\t<div class=\"elementor-column elementor-col-33 elementor-inner-column elementor-element elementor-element-7cfa1ca\" data-id=\"7cfa1ca\" data-element_type=\"column\" data-settings=\"{&quot;background_background&quot;:&quot;classic&quot;}\">\n\t\t\t<div class=\"elementor-column-wrap elementor-element-populated\">\n\t\t\t\t\t<div class=\"elementor-background-overlay\"><\/div>\n\t\t\t\t\t\t\t<div class=\"elementor-widget-wrap\">\n\t\t\t\t\t\t<div class=\"elementor-element elementor-element-49f7367 elementor-widget elementor-widget-elementskit-heading\" data-id=\"49f7367\" data-element_type=\"widget\" data-widget_type=\"elementskit-heading.default\">\n\t\t\t\t<div class=\"elementor-widget-container\">\n\t\t\t<div class=\"ekit-wid-con\" ><div class=\"ekit-heading elementskit-section-title-wraper text_center   ekit_heading_tablet-   ekit_heading_mobile-\"><h6 class=\"ekit-heading--title elementskit-section-title \">15.00 - 16.00<\/h6><\/div><\/div>\t\t<\/div>\n\t\t\t\t<\/div>\n\t\t\t\t\t\t<\/div>\n\t\t\t\t\t<\/div>\n\t\t<\/div>\n\t\t\t\t<div class=\"elementor-column elementor-col-66 elementor-inner-column elementor-element elementor-element-5b0eeed\" data-id=\"5b0eeed\" data-element_type=\"column\" data-settings=\"{&quot;background_background&quot;:&quot;classic&quot;}\">\n\t\t\t<div class=\"elementor-column-wrap elementor-element-populated\">\n\t\t\t\t\t\t\t<div class=\"elementor-widget-wrap\">\n\t\t\t\t\t\t<div class=\"elementor-element elementor-element-7c4b74d elementor-widget elementor-widget-text-editor\" data-id=\"7c4b74d\" data-element_type=\"widget\" data-widget_type=\"text-editor.default\">\n\t\t\t\t<div class=\"elementor-widget-container\">\n\t\t\t\t\t\t\t\t<div class=\"elementor-text-editor elementor-clearfix\">\n\t\t\t\t<p>ZWIEDZANIE FILHARMONII (dla os\u00f3b zainteresowanych)<\/p>\t\t\t\t\t<\/div>\n\t\t\t\t\t\t<\/div>\n\t\t\t\t<\/div>\n\t\t\t\t\t\t<\/div>\n\t\t\t\t\t<\/div>\n\t\t<\/div>\n\t\t\t\t\t\t\t\t<\/div>\n\t\t\t\t\t<\/div>\n\t\t<\/section>\n\t\t\t\t\t\t<\/div>\n\t\t\t\t\t<\/div>\n\t\t<\/div>\n\t\t\t\t\t\t\t\t<\/div>\n\t\t\t\t\t<\/div>\n\t\t<\/section>\n\t\t\t\t<section class=\"elementor-section elementor-top-section elementor-element elementor-element-440d2e1 elementor-section-boxed elementor-section-height-default elementor-section-height-default\" data-id=\"440d2e1\" data-element_type=\"section\">\n\t\t\t\t\t\t<div class=\"elementor-container elementor-column-gap-default\">\n\t\t\t\t\t\t\t<div class=\"elementor-row\">\n\t\t\t\t\t<div class=\"elementor-column elementor-col-100 elementor-top-column elementor-element elementor-element-d482118\" data-id=\"d482118\" data-element_type=\"column\">\n\t\t\t<div class=\"elementor-column-wrap elementor-element-populated\">\n\t\t\t\t\t\t\t<div class=\"elementor-widget-wrap\">\n\t\t\t\t\t\t<div class=\"elementor-element elementor-element-2a372b4 elementor-widget elementor-widget-image\" data-id=\"2a372b4\" data-element_type=\"widget\" data-widget_type=\"image.default\">\n\t\t\t\t<div class=\"elementor-widget-container\">\n\t\t\t\t\t\t\t\t<div class=\"elementor-image\">\n\t\t\t\t\t\t\t\t\t\t\t\t<img loading=\"lazy\" decoding=\"async\" width=\"2560\" height=\"597\" src=\"https:\/\/dzieckoi.usz.edu.pl\/wp-content\/uploads\/2022\/11\/korczak-kulmowa-scaled.jpg\" class=\"attachment-full size-full\" alt=\"Korczak i Kulmowa\" srcset=\"https:\/\/dzieckoi.usz.edu.pl\/wp-content\/uploads\/2022\/11\/korczak-kulmowa-scaled.jpg 2560w, https:\/\/dzieckoi.usz.edu.pl\/wp-content\/uploads\/2022\/11\/korczak-kulmowa-300x70.jpg 300w, https:\/\/dzieckoi.usz.edu.pl\/wp-content\/uploads\/2022\/11\/korczak-kulmowa-1024x239.jpg 1024w, https:\/\/dzieckoi.usz.edu.pl\/wp-content\/uploads\/2022\/11\/korczak-kulmowa-768x179.jpg 768w, https:\/\/dzieckoi.usz.edu.pl\/wp-content\/uploads\/2022\/11\/korczak-kulmowa-1536x358.jpg 1536w, https:\/\/dzieckoi.usz.edu.pl\/wp-content\/uploads\/2022\/11\/korczak-kulmowa-2048x478.jpg 2048w\" sizes=\"auto, (max-width: 2560px) 100vw, 2560px\" \/>\t\t\t\t\t\t\t\t\t\t\t\t\t\t<\/div>\n\t\t\t\t\t\t<\/div>\n\t\t\t\t<\/div>\n\t\t\t\t\t\t<\/div>\n\t\t\t\t\t<\/div>\n\t\t<\/div>\n\t\t\t\t\t\t\t\t<\/div>\n\t\t\t\t\t<\/div>\n\t\t<\/section>\n\t\t\t\t<section class=\"elementor-section elementor-top-section elementor-element elementor-element-020ddf4 elementor-section-content-middle elementor-section-boxed elementor-section-height-default elementor-section-height-default\" data-id=\"020ddf4\" data-element_type=\"section\" data-settings=\"{&quot;background_background&quot;:&quot;classic&quot;}\">\n\t\t\t\t\t\t<div class=\"elementor-container elementor-column-gap-default\">\n\t\t\t\t\t\t\t<div class=\"elementor-row\">\n\t\t\t\t\t<div class=\"elementor-column elementor-col-100 elementor-top-column elementor-element elementor-element-b875c0a\" data-id=\"b875c0a\" data-element_type=\"column\">\n\t\t\t<div class=\"elementor-column-wrap elementor-element-populated\">\n\t\t\t\t\t\t\t<div class=\"elementor-widget-wrap\">\n\t\t\t\t\t\t<div class=\"elementor-element elementor-element-37c35f1 elementor-widget elementor-widget-text-editor\" data-id=\"37c35f1\" data-element_type=\"widget\" data-widget_type=\"text-editor.default\">\n\t\t\t\t<div class=\"elementor-widget-container\">\n\t\t\t\t\t\t\t\t<div class=\"elementor-text-editor elementor-clearfix\">\n\t\t\t\t<p>Konferencja dofinansowana przez Ministerstwo Edukacji i Nauki w ramach programu DOSKONA\u0141A NAUKA \u2013 wsparcie konferencji naukowych (DKN\/SP\/547378\/2022)<\/p>\t\t\t\t\t<\/div>\n\t\t\t\t\t\t<\/div>\n\t\t\t\t<\/div>\n\t\t\t\t\t\t<\/div>\n\t\t\t\t\t<\/div>\n\t\t<\/div>\n\t\t\t\t\t\t\t\t<\/div>\n\t\t\t\t\t<\/div>\n\t\t<\/section>\n\t\t\t\t\t\t\t\t\t<\/div>\n\t\t\t<\/div>\n\t\t\t\t\t<\/div>\n\t\t","protected":false},"excerpt":{"rendered":"<p>Program konferencji DZIECKO I &quot;J\u0118ZYK WCZESNEJ EDUKACJI&quot; Program konferencji Dzie\u0144 pierwszy &#8211; 23 MARCA &#8211; czwartek \u2193\u00a0 Szko\u0142a Podstawowa nr 11, im. Unicef-u w Szczecinie, Emilii Plater 20, Szczecin\u00a0 8.00 &#8211; 8.45 Lekcja pokazowa Lekcja odb\u0119dzie si\u0119 w drugim budynku szko\u0142y pod adresem:\u00a0ul. Dubois 38, Szczecin \u2193\u00a0 \u00a0Uniwersytet Szczeci\u0144ski, Wydzia\u0142 Nauk Spo\u0142ecznych, ul. Krakowska 71-79, [&hellip;]<\/p>\n","protected":false},"author":2,"featured_media":0,"parent":0,"menu_order":4,"comment_status":"closed","ping_status":"closed","template":"elementor_header_footer","meta":{"footnotes":""},"class_list":["post-501","page","type-page","status-publish","hentry"],"_links":{"self":[{"href":"https:\/\/dzieckoi.usz.edu.pl\/index.php\/wp-json\/wp\/v2\/pages\/501","targetHints":{"allow":["GET"]}}],"collection":[{"href":"https:\/\/dzieckoi.usz.edu.pl\/index.php\/wp-json\/wp\/v2\/pages"}],"about":[{"href":"https:\/\/dzieckoi.usz.edu.pl\/index.php\/wp-json\/wp\/v2\/types\/page"}],"author":[{"embeddable":true,"href":"https:\/\/dzieckoi.usz.edu.pl\/index.php\/wp-json\/wp\/v2\/users\/2"}],"replies":[{"embeddable":true,"href":"https:\/\/dzieckoi.usz.edu.pl\/index.php\/wp-json\/wp\/v2\/comments?post=501"}],"version-history":[{"count":86,"href":"https:\/\/dzieckoi.usz.edu.pl\/index.php\/wp-json\/wp\/v2\/pages\/501\/revisions"}],"predecessor-version":[{"id":1434,"href":"https:\/\/dzieckoi.usz.edu.pl\/index.php\/wp-json\/wp\/v2\/pages\/501\/revisions\/1434"}],"wp:attachment":[{"href":"https:\/\/dzieckoi.usz.edu.pl\/index.php\/wp-json\/wp\/v2\/media?parent=501"}],"curies":[{"name":"wp","href":"https:\/\/api.w.org\/{rel}","templated":true}]}}