{"id":471,"date":"2022-10-28T19:05:55","date_gmt":"2022-10-28T17:05:55","guid":{"rendered":"https:\/\/dzieckoi.usz.edu.pl\/?page_id=471"},"modified":"2023-02-21T10:23:24","modified_gmt":"2023-02-21T09:23:24","slug":"o-konferencji","status":"publish","type":"page","link":"https:\/\/dzieckoi.usz.edu.pl\/index.php\/o-konferencji\/","title":{"rendered":"O konferencji"},"content":{"rendered":"\t\t<div data-elementor-type=\"wp-page\" data-elementor-id=\"471\" class=\"elementor elementor-471\">\n\t\t\t\t\t\t<div class=\"elementor-inner\">\n\t\t\t\t<div class=\"elementor-section-wrap\">\n\t\t\t\t\t\t\t\t\t<section class=\"elementor-section elementor-top-section elementor-element elementor-element-4e6fe608 elementor-section-height-min-height elementor-section-content-middle elementor-section-boxed elementor-section-height-default elementor-section-items-middle\" data-id=\"4e6fe608\" data-element_type=\"section\" data-settings=\"{&quot;background_background&quot;:&quot;classic&quot;}\">\n\t\t\t\t\t\t\t<div class=\"elementor-background-overlay\"><\/div>\n\t\t\t\t\t\t\t<div class=\"elementor-container elementor-column-gap-no\">\n\t\t\t\t\t\t\t<div class=\"elementor-row\">\n\t\t\t\t\t<div class=\"elementor-column elementor-col-100 elementor-top-column elementor-element elementor-element-6f860f18\" data-id=\"6f860f18\" data-element_type=\"column\" data-settings=\"{&quot;background_background&quot;:&quot;classic&quot;}\">\n\t\t\t<div class=\"elementor-column-wrap elementor-element-populated\">\n\t\t\t\t\t\t\t<div class=\"elementor-widget-wrap\">\n\t\t\t\t\t\t<div class=\"elementor-element elementor-element-6db16e11 elementor-widget elementor-widget-theme-post-title elementor-page-title elementor-widget-heading\" data-id=\"6db16e11\" data-element_type=\"widget\" data-widget_type=\"theme-post-title.default\">\n\t\t\t\t<div class=\"elementor-widget-container\">\n\t\t\t<h1 class=\"elementor-heading-title elementor-size-default\">O konferencji<\/h1>\t\t<\/div>\n\t\t\t\t<\/div>\n\t\t\t\t\t\t<\/div>\n\t\t\t\t\t<\/div>\n\t\t<\/div>\n\t\t\t\t\t\t\t\t<\/div>\n\t\t\t\t\t<\/div>\n\t\t<\/section>\n\t\t\t\t<section class=\"elementor-section elementor-top-section elementor-element elementor-element-440d2e1 elementor-section-boxed elementor-section-height-default elementor-section-height-default\" data-id=\"440d2e1\" data-element_type=\"section\">\n\t\t\t\t\t\t<div class=\"elementor-container elementor-column-gap-default\">\n\t\t\t\t\t\t\t<div class=\"elementor-row\">\n\t\t\t\t\t<div class=\"elementor-column elementor-col-100 elementor-top-column elementor-element elementor-element-d482118\" data-id=\"d482118\" data-element_type=\"column\">\n\t\t\t<div class=\"elementor-column-wrap elementor-element-populated\">\n\t\t\t\t\t\t\t<div class=\"elementor-widget-wrap\">\n\t\t\t\t\t\t<div class=\"elementor-element elementor-element-e959b61 elementor-widget elementor-widget-elementskit-heading\" data-id=\"e959b61\" data-element_type=\"widget\" data-widget_type=\"elementskit-heading.default\">\n\t\t\t\t<div class=\"elementor-widget-container\">\n\t\t\t<div class=\"ekit-wid-con\" ><div class=\"ekit-heading elementskit-section-title-wraper text_center   ekit_heading_tablet-   ekit_heading_mobile-\"><h3 class=\"elementskit-section-subtitle  \">\n\t\t\t\t\t\tDZIECKO I &quot;J\u0118ZYK WCZESNEJ EDUKACJI&quot;\n\t\t\t\t\t<\/h3><h2 class=\"ekit-heading--title elementskit-section-title \">Od Korczaka do Kulmowej<\/h2><div class=\"ekit_heading_separetor_wraper ekit_heading_elementskit-border-divider elementskit-style-long\"><div class=\"elementskit-border-divider elementskit-style-long\"><\/div><\/div><\/div><\/div>\t\t<\/div>\n\t\t\t\t<\/div>\n\t\t\t\t<div class=\"elementor-element elementor-element-1c5462d elementor-tabs-view-horizontal elementor-widget elementor-widget-tabs\" data-id=\"1c5462d\" data-element_type=\"widget\" data-widget_type=\"tabs.default\">\n\t\t\t\t<div class=\"elementor-widget-container\">\n\t\t\t\t\t<div class=\"elementor-tabs\">\n\t\t\t<div class=\"elementor-tabs-wrapper\" role=\"tablist\" >\n\t\t\t\t\t\t\t\t\t<div id=\"elementor-tab-title-2971\" class=\"elementor-tab-title elementor-tab-desktop-title\" aria-selected=\"true\" data-tab=\"1\" role=\"tab\" tabindex=\"0\" aria-controls=\"elementor-tab-content-2971\" aria-expanded=\"false\"><a href=\"\">PL<\/a><\/div>\n\t\t\t\t\t\t\t\t\t<div id=\"elementor-tab-title-2972\" class=\"elementor-tab-title elementor-tab-desktop-title\" aria-selected=\"false\" data-tab=\"2\" role=\"tab\" tabindex=\"-1\" aria-controls=\"elementor-tab-content-2972\" aria-expanded=\"false\"><a href=\"\">EN<\/a><\/div>\n\t\t\t\t\t\t\t<\/div>\n\t\t\t<div class=\"elementor-tabs-content-wrapper\" role=\"tablist\" aria-orientation=\"vertical\">\n\t\t\t\t\t\t\t\t\t<div class=\"elementor-tab-title elementor-tab-mobile-title\" aria-selected=\"true\" data-tab=\"1\" role=\"tab\" tabindex=\"0\" aria-controls=\"elementor-tab-content-2971\" aria-expanded=\"false\">PL<\/div>\n\t\t\t\t\t<div id=\"elementor-tab-content-2971\" class=\"elementor-tab-content elementor-clearfix\" data-tab=\"1\" role=\"tabpanel\" aria-labelledby=\"elementor-tab-title-2971\" tabindex=\"0\" hidden=\"false\"><p>Konferencja zwi\u0105zana jest z dziewi\u0119\u0107dziesi\u0105t\u0105 pi\u0105t\u0105 rocznic\u0105 urodzin, poetki Joanny Kulmowej, autorki sztuk o Korczaku, i setn\u0105 rocznic\u0105 wydania dylogii Janusza Korczaka (<em>Kr\u00f3l Maciu\u015b Pierwszy<\/em> i <em>Kr\u00f3l Maciu\u015b na wyspie bezludnej)<\/em>. Wyb\u00f3r Korczaka i Kulmowej, mistrz\u00f3w s\u0142owa i dialogu pedagogicznego, nie jest przypadkowy. Janusz Korczak,\u00a0 walcz\u0105c o r\u00f3wne prawa dla dziecka, wprowadzi\u0142 nowy j\u0119zyk do literatury dla dzieci. Joanna Kulmowa, wzorem Korczaka, uczyni\u0142a dyskurs wychowawczy dyskursem literackim. Oboje odwr\u00f3cili porz\u0105dek komunikacji mi\u0119dzy dzieckiem i doros\u0142ym, powierzaj\u0105c dziecku i jego j\u0119zykowi g\u0142\u00f3wn\u0105 rol\u0119 w odrodzeniu duchowym cz\u0142owieka.<\/p><p>Konferencja ma charakter interdyscyplinarny, adresowana jest do pedagog\u00f3w, psycholog\u00f3w, literaturoznawc\u00f3w, j\u0119zykoznawc\u00f3w, socjolog\u00f3w, wszystkich os\u00f3b zainteresowanych pedagogik\u0105 dziecka i pedagogik\u0105 wczesnej edukacji. Konferencja ma ukaza\u0107 wp\u0142yw pedagogiki wczesnej edukacji na konwergencj\u0119 innych dyscyplin spo\u0142ecznych i humanistycznych, unaoczni\u0107 jej ogromn\u0105 wag\u0119, ewidentn\u0105 u\u017cyteczno\u015b\u0107 i spektakularny wp\u0142yw na kszta\u0142towanie podmiotowo\u015bci cz\u0142owieka i jego ca\u0142o\u017cyciowego rozwoju.<\/p><p>Celem konferencji b\u0119dzie pog\u0142\u0119bienie wiedzy na temat aksjologiczno-kulturowego \u201ej\u0119zyka wczesnej edukacji\u201d w dzisiejszej Polsce. Termin ten, postrzegany w wymiarze praktycznym obejmowa\u0107 b\u0119dzie nast\u0119puj\u0105ce obszary edukacji: edukacj\u0119 j\u0119zykow\u0105 i literack\u0105, edukacj\u0119 matematyczno-informatyczn\u0105, edukacj\u0119 spo\u0142eczno-przyrodnicz\u0105, edukacj\u0119 artystyczn\u0105 z szeroko poj\u0119t\u0105 edukacj\u0105 muzyczn\u0105, plastyczn\u0105 i techniczn\u0105, edukacj\u0119 fizyczn\u0105 i zdrowotn\u0105. \u201eJ\u0119zyk wczesnej edukacji\u201d \u0142\u0105czy\u0107 si\u0119 b\u0119dzie z \u201ej\u0119zykowym obrazem \u015bwiata\u201d dziecka, zdefiniowanym przez wybitnego j\u0119zykoznawc\u0119 i etnologa, Jerzego Bartmi\u0144skiego jako \u201eokre\u015blony spos\u00f3b odwzorowywania \u015bwiata, dany w poj\u0119ciowym rozcz\u0142onkowaniu zawartym w j\u0119zyku ujmuj\u0105cym ten \u015bwiat\u201d. Potraktowany zostanie jako priorytetowy obszar rozwoju spo\u0142ecznego cz\u0142owieka i jego funkcjonowania w \u015bwiecie kultury cyfrowej.<\/p><p>Has\u0142em konferencji b\u0119d\u0105 pedagogiczne my\u015bli Janusza Korczaka i Joanny Kulmowej, kt\u00f3re podkre\u015blaj\u0105 konieczno\u015b\u0107 podj\u0119cia nowych \u201enarracji pedagogicznych\u201d zwi\u0105zanych ze zmianami spo\u0142ecznymi, warto\u015bci\u0105 dzieci\u0144stwa i wa\u017cn\u0105 rol\u0105 kompetencji j\u0119zykowych i komunikacyjnych dziecka we wsp\u00f3\u0142czesnym \u015bwiecie.<\/p><p>To\u017csamo\u015b\u0107 pedagogiczna Korczaka i Kulmowej, zainteresowanie dzieckiem i wychowaniem, artyzm polszczyzny kt\u00f3ra staje si\u0119 \u00a0dzisiaj najdoskonalszym wzorem do na\u015bladowania, wymagaj\u0105 przypomnienia i naukowej refleksji. U\u015bwiadomienie roli j\u0119zyka we wczesnej edukacji wi\u0105\u017ce si\u0119 tak\u017ce z refleksj\u0105 dotycz\u0105c\u0105 nadrz\u0119dno\u015bci j\u0119zyka w poznawaniu \u015bwiata, jego wp\u0142ywu na aktywno\u015b\u0107 tw\u00f3rcz\u0105 dziecka.<\/p><\/div>\n\t\t\t\t\t\t\t\t\t<div class=\"elementor-tab-title elementor-tab-mobile-title\" aria-selected=\"false\" data-tab=\"2\" role=\"tab\" tabindex=\"-1\" aria-controls=\"elementor-tab-content-2972\" aria-expanded=\"false\">EN<\/div>\n\t\t\t\t\t<div id=\"elementor-tab-content-2972\" class=\"elementor-tab-content elementor-clearfix\" data-tab=\"2\" role=\"tabpanel\" aria-labelledby=\"elementor-tab-title-2972\" tabindex=\"0\" hidden=\"hidden\"><p>The conference &#8211; <em>From Korczak to Kulmowa. Child and &#8222;the language of early education&#8221;<\/em>\u00a0is connected with the ninety-fifth anniversary of the birth of the poet Joanna Kulomowa, the author of plays about Korczak, and the 100<sup>th<\/sup>\u00a0anniversary of the publication of Janusz Korczak\u2019s dilogy (\u2018<em>King Matt the First\u2019<\/em>\u00a0and \u2018<em>Little\u00a0<\/em><em>King Matt on a Desert Island\u2019<\/em>). The choice of Korczak and Kulmowa, masters of words and pedagogical dialogue, is not accidental. Janusz Korczak, fighting for equal rights for children, introduced a new language to children\u2019s literature. Joanna Kulmowa, inspired by Korczak, turned the educational discourse into a literary discourse. They both reversed the order of communication between a child and an adult, entrusting the child and his language with the main role in the spiritual rebirth of man.<\/p><p>The conference is interdisciplinary and it is addressed to educators, psychologists, literary scholars, linguists, sociologists and all those interested in child pedagogy and early childhood education The conference is to show the impact of early childhood pedagogy on the convergence of other social and humanistic disciplines, to show its great importance, evident usefulness and extraordinary impact on shaping human subjectivity and lifelong development.<\/p><p>The aim of the conference will be to deepen knowledge about the axiological and cultural\u00a0<em>\u2018language of early education\u2019<\/em>\u00a0in today\u2019s Poland. This concept, perceived in practical terms, will cover the following areas of education: language and literary education, mathematics and IT education, social and science education, art education with music, art and technology education and physical and health education. The\u00a0<em>\u2018language of early education\u2019<\/em>\u00a0will be connected with the child\u2019s\u00a0<em>\u2018linguistic picture of the world\u2019<\/em>, as defined by the outstanding linguist and ethnologist, Jerzy Bartmi\u0144ski, as a\u00a0<em>\u2018specific way of mapping the world, given in the conceptual fragmentation contained in the language that captures this world\u2019<\/em>. The language will be viewed as a priority area of human social development and its functioning in the world of digital culture.<\/p><p>The motto of the conference will be the pedagogical thoughts of Janusz Korczak and Joanna Kulmowa, which emphasize the need to undertake new \u2018pedagogical narratives\u2019 related to social changes, the value of childhood and the important role of a child\u2019s language and communication skills in the modern world.<\/p><p>(<span class=\"Y2IQFc\" lang=\"en\">translation <\/span>dr Barbara \u017bakowska)<\/p><\/div>\n\t\t\t\t\t\t\t<\/div>\n\t\t<\/div>\n\t\t\t\t<\/div>\n\t\t\t\t<\/div>\n\t\t\t\t<div class=\"elementor-element elementor-element-d4f640c elementor-widget elementor-widget-text-editor\" data-id=\"d4f640c\" data-element_type=\"widget\" data-widget_type=\"text-editor.default\">\n\t\t\t\t<div class=\"elementor-widget-container\">\n\t\t\t\t\t\t\t\t<div class=\"elementor-text-editor elementor-clearfix\">\n\t\t\t\t\t\t\t\t\t<\/div>\n\t\t\t\t\t\t<\/div>\n\t\t\t\t<\/div>\n\t\t\t\t<div class=\"elementor-element elementor-element-2a372b4 elementor-widget elementor-widget-image\" data-id=\"2a372b4\" data-element_type=\"widget\" data-widget_type=\"image.default\">\n\t\t\t\t<div class=\"elementor-widget-container\">\n\t\t\t\t\t\t\t\t<div class=\"elementor-image\">\n\t\t\t\t\t\t\t\t\t\t\t\t<img loading=\"lazy\" decoding=\"async\" width=\"2560\" height=\"597\" src=\"https:\/\/dzieckoi.usz.edu.pl\/wp-content\/uploads\/2022\/11\/korczak-kulmowa-scaled.jpg\" class=\"attachment-full size-full\" alt=\"Korczak i Kulmowa\" srcset=\"https:\/\/dzieckoi.usz.edu.pl\/wp-content\/uploads\/2022\/11\/korczak-kulmowa-scaled.jpg 2560w, https:\/\/dzieckoi.usz.edu.pl\/wp-content\/uploads\/2022\/11\/korczak-kulmowa-300x70.jpg 300w, https:\/\/dzieckoi.usz.edu.pl\/wp-content\/uploads\/2022\/11\/korczak-kulmowa-1024x239.jpg 1024w, https:\/\/dzieckoi.usz.edu.pl\/wp-content\/uploads\/2022\/11\/korczak-kulmowa-768x179.jpg 768w, https:\/\/dzieckoi.usz.edu.pl\/wp-content\/uploads\/2022\/11\/korczak-kulmowa-1536x358.jpg 1536w, https:\/\/dzieckoi.usz.edu.pl\/wp-content\/uploads\/2022\/11\/korczak-kulmowa-2048x478.jpg 2048w\" sizes=\"auto, (max-width: 2560px) 100vw, 2560px\" \/>\t\t\t\t\t\t\t\t\t\t\t\t\t\t<\/div>\n\t\t\t\t\t\t<\/div>\n\t\t\t\t<\/div>\n\t\t\t\t\t\t<\/div>\n\t\t\t\t\t<\/div>\n\t\t<\/div>\n\t\t\t\t\t\t\t\t<\/div>\n\t\t\t\t\t<\/div>\n\t\t<\/section>\n\t\t\t\t<section class=\"elementor-section elementor-top-section elementor-element elementor-element-cf2c69f elementor-section-boxed elementor-section-height-default elementor-section-height-default\" data-id=\"cf2c69f\" data-element_type=\"section\" id=\"plenarne\" data-settings=\"{&quot;background_background&quot;:&quot;classic&quot;}\">\n\t\t\t\t\t\t<div class=\"elementor-container elementor-column-gap-default\">\n\t\t\t\t\t\t\t<div class=\"elementor-row\">\n\t\t\t\t\t<div class=\"elementor-column elementor-col-100 elementor-top-column elementor-element elementor-element-a438e7b\" data-id=\"a438e7b\" data-element_type=\"column\">\n\t\t\t<div class=\"elementor-column-wrap elementor-element-populated\">\n\t\t\t\t\t\t\t<div class=\"elementor-widget-wrap\">\n\t\t\t\t\t\t<div class=\"elementor-element elementor-element-11eb59f elementor-widget elementor-widget-elementskit-heading\" data-id=\"11eb59f\" data-element_type=\"widget\" data-widget_type=\"elementskit-heading.default\">\n\t\t\t\t<div class=\"elementor-widget-container\">\n\t\t\t<div class=\"ekit-wid-con\" ><div class=\"ekit-heading elementskit-section-title-wraper text_center   ekit_heading_tablet-   ekit_heading_mobile-\"><h3 class=\"elementskit-section-subtitle  \">\n\t\t\t\t\t\tPIERWSZA CZ\u0118\u015a\u0106\n\t\t\t\t\t<\/h3><h2 class=\"ekit-heading--title elementskit-section-title \">OBRADY PLENARNE<\/h2><div class=\"ekit_heading_separetor_wraper ekit_heading_elementskit-border-divider elementskit-style-long\"><div class=\"elementskit-border-divider elementskit-style-long\"><\/div><\/div><\/div><\/div>\t\t<\/div>\n\t\t\t\t<\/div>\n\t\t\t\t<div class=\"elementor-element elementor-element-e33d9d9 elementor-position-left elementor-vertical-align-middle elementor-widget elementor-widget-image-box\" data-id=\"e33d9d9\" data-element_type=\"widget\" data-widget_type=\"image-box.default\">\n\t\t\t\t<div class=\"elementor-widget-container\">\n\t\t\t<div class=\"elementor-image-box-wrapper\"><figure class=\"elementor-image-box-img\"><img loading=\"lazy\" decoding=\"async\" width=\"150\" height=\"150\" src=\"https:\/\/dzieckoi.usz.edu.pl\/wp-content\/uploads\/2023\/02\/miodek6-150x150.jpg\" class=\"attachment-thumbnail size-thumbnail\" alt=\"\" \/><\/figure><div class=\"elementor-image-box-content\"><h3 class=\"elementor-image-box-title\">prof. dr hab. Jan Miodek<\/h3><p class=\"elementor-image-box-description\">\u201eMoje j\u0119zykowe spotkania z Joann\u0105 Kulmow\u0105\u201d<\/p><\/div><\/div>\t\t<\/div>\n\t\t\t\t<\/div>\n\t\t\t\t<div class=\"elementor-element elementor-element-dd3fafa elementor-position-left elementor-vertical-align-middle elementor-widget elementor-widget-image-box\" data-id=\"dd3fafa\" data-element_type=\"widget\" data-widget_type=\"image-box.default\">\n\t\t\t\t<div class=\"elementor-widget-container\">\n\t\t\t<div class=\"elementor-image-box-wrapper\"><figure class=\"elementor-image-box-img\"><img loading=\"lazy\" decoding=\"async\" width=\"150\" height=\"150\" src=\"https:\/\/dzieckoi.usz.edu.pl\/wp-content\/uploads\/2022\/11\/melosik3-150x150.jpg\" class=\"attachment-thumbnail size-thumbnail\" alt=\"Zbyszko Melosik\" \/><\/figure><div class=\"elementor-image-box-content\"><h3 class=\"elementor-image-box-title\">prof. dr hab. Zbyszko Melosik<\/h3><p class=\"elementor-image-box-description\">\u201eDzieci\u0144stwo \u2013 j\u0119zyk - globalizacja\u201d<\/p><\/div><\/div>\t\t<\/div>\n\t\t\t\t<\/div>\n\t\t\t\t<div class=\"elementor-element elementor-element-20081a9 elementor-position-left elementor-vertical-align-middle elementor-widget elementor-widget-image-box\" data-id=\"20081a9\" data-element_type=\"widget\" data-widget_type=\"image-box.default\">\n\t\t\t\t<div class=\"elementor-widget-container\">\n\t\t\t<div class=\"elementor-image-box-wrapper\"><figure class=\"elementor-image-box-img\"><img loading=\"lazy\" decoding=\"async\" width=\"150\" height=\"150\" src=\"https:\/\/dzieckoi.usz.edu.pl\/wp-content\/uploads\/2022\/11\/cybal-michalska6a-150x150.jpg\" class=\"attachment-thumbnail size-thumbnail\" alt=\"Agnieszka Cybal Michalska\" \/><\/figure><div class=\"elementor-image-box-content\"><h3 class=\"elementor-image-box-title\">prof. dr hab. Agnieszka Cybal-Michalska<\/h3><p class=\"elementor-image-box-description\">\u201eTw\u00f3rczo\u015b\u0107 literacka \u015bwiadectwem nieoboj\u0119tno\u015bci. O pedagogicznym 'wycieniowaniu, dzie\u0142 Janusza Korczaka\u201d<\/p><\/div><\/div>\t\t<\/div>\n\t\t\t\t<\/div>\n\t\t\t\t<div class=\"elementor-element elementor-element-b65abd8 elementor-position-left elementor-vertical-align-middle elementor-widget elementor-widget-image-box\" data-id=\"b65abd8\" data-element_type=\"widget\" data-widget_type=\"image-box.default\">\n\t\t\t\t<div class=\"elementor-widget-container\">\n\t\t\t<div class=\"elementor-image-box-wrapper\"><figure class=\"elementor-image-box-img\"><img loading=\"lazy\" decoding=\"async\" width=\"150\" height=\"150\" src=\"https:\/\/dzieckoi.usz.edu.pl\/wp-content\/uploads\/2023\/02\/agmelosik3-150x150.jpg\" class=\"attachment-thumbnail size-thumbnail\" alt=\"\" \/><\/figure><div class=\"elementor-image-box-content\"><h3 class=\"elementor-image-box-title\">prof. dr hab. Agnieszka Gromkowska-Melosik<\/h3><p class=\"elementor-image-box-description\">\u201ePippi Langstrumpf: j\u0119zyk dzieci\u0144stwa i emancypacji\u201d<\/p><\/div><\/div>\t\t<\/div>\n\t\t\t\t<\/div>\n\t\t\t\t<div class=\"elementor-element elementor-element-6608aec elementor-position-left elementor-vertical-align-middle elementor-widget elementor-widget-image-box\" data-id=\"6608aec\" data-element_type=\"widget\" data-widget_type=\"image-box.default\">\n\t\t\t\t<div class=\"elementor-widget-container\">\n\t\t\t<div class=\"elementor-image-box-wrapper\"><figure class=\"elementor-image-box-img\"><img loading=\"lazy\" decoding=\"async\" width=\"150\" height=\"150\" src=\"https:\/\/dzieckoi.usz.edu.pl\/wp-content\/uploads\/2023\/02\/flaga-g3-150x150.jpg\" class=\"attachment-thumbnail size-thumbnail\" alt=\"\" \/><\/figure><div class=\"elementor-image-box-content\"><h3 class=\"elementor-image-box-title\">dr hab. Kinga Flaga-Gieruszy\u0144ska, prof. US<\/h3><p class=\"elementor-image-box-description\">\u201eDziecko w roli procesowej \u015bwiadka w sprawach cywilnych\u201d<\/p><\/div><\/div>\t\t<\/div>\n\t\t\t\t<\/div>\n\t\t\t\t<div class=\"elementor-element elementor-element-7d28928 elementor-position-left elementor-vertical-align-middle elementor-widget elementor-widget-image-box\" data-id=\"7d28928\" data-element_type=\"widget\" data-widget_type=\"image-box.default\">\n\t\t\t\t<div class=\"elementor-widget-container\">\n\t\t\t<div class=\"elementor-image-box-wrapper\"><figure class=\"elementor-image-box-img\"><img loading=\"lazy\" decoding=\"async\" width=\"150\" height=\"150\" src=\"https:\/\/dzieckoi.usz.edu.pl\/wp-content\/uploads\/2023\/02\/murawska3-150x150.jpg\" class=\"attachment-thumbnail size-thumbnail\" alt=\"\" \/><\/figure><div class=\"elementor-image-box-content\"><h3 class=\"elementor-image-box-title\">dr hab. Anna Murawska, prof. US<\/h3><p class=\"elementor-image-box-description\">\u201eSi\u0142a j\u0119zyka. Jak uczy\u0107 dzieci nadziei?\u201d<\/p><\/div><\/div>\t\t<\/div>\n\t\t\t\t<\/div>\n\t\t\t\t<div class=\"elementor-element elementor-element-dbb2b85 elementor-position-left elementor-vertical-align-middle elementor-widget elementor-widget-image-box\" data-id=\"dbb2b85\" data-element_type=\"widget\" data-widget_type=\"image-box.default\">\n\t\t\t\t<div class=\"elementor-widget-container\">\n\t\t\t<div class=\"elementor-image-box-wrapper\"><figure class=\"elementor-image-box-img\"><img loading=\"lazy\" decoding=\"async\" width=\"150\" height=\"150\" src=\"https:\/\/dzieckoi.usz.edu.pl\/wp-content\/uploads\/2023\/02\/krason4-150x150.jpg\" class=\"attachment-thumbnail size-thumbnail\" alt=\"\" \/><\/figure><div class=\"elementor-image-box-content\"><h3 class=\"elementor-image-box-title\">prof. dr hab. Katarzyna Kraso\u0144<\/h3><p class=\"elementor-image-box-description\">\u201ePomi\u0119dzy dzieci\u0119cym odkrywaniem a pedagogiczn\u0105 perswazyjno\u015bci\u0105 w sztuce narracyjnej. O filmie oczywistym i nieoczywistym edukacyjnie\u201d<\/p><\/div><\/div>\t\t<\/div>\n\t\t\t\t<\/div>\n\t\t\t\t<div class=\"elementor-element elementor-element-5059b10 elementor-position-left elementor-vertical-align-middle elementor-widget elementor-widget-image-box\" data-id=\"5059b10\" data-element_type=\"widget\" data-widget_type=\"image-box.default\">\n\t\t\t\t<div class=\"elementor-widget-container\">\n\t\t\t<div class=\"elementor-image-box-wrapper\"><figure class=\"elementor-image-box-img\"><img loading=\"lazy\" decoding=\"async\" width=\"150\" height=\"150\" src=\"https:\/\/dzieckoi.usz.edu.pl\/wp-content\/uploads\/2022\/11\/szuscik6-150x150.jpg\" class=\"attachment-thumbnail size-thumbnail\" alt=\"Urszula Szu\u015bcik\" \/><\/figure><div class=\"elementor-image-box-content\"><h3 class=\"elementor-image-box-title\">prof. dr hab. Urszula Szu\u015bcik<\/h3><p class=\"elementor-image-box-description\">\u201ePocz\u0105tki tw\u00f3rczo\u015bci dzieci\u0119cej a dojrza\u0142a tw\u00f3rczo\u015b\u0107 artystyczna \u2013 j\u0119zyk tw\u00f3rczo\u015bci plastycznej\u201d<\/p><\/div><\/div>\t\t<\/div>\n\t\t\t\t<\/div>\n\t\t\t\t<div class=\"elementor-element elementor-element-ebc625f elementor-position-left elementor-vertical-align-middle elementor-widget elementor-widget-image-box\" data-id=\"ebc625f\" data-element_type=\"widget\" data-widget_type=\"image-box.default\">\n\t\t\t\t<div class=\"elementor-widget-container\">\n\t\t\t<div class=\"elementor-image-box-wrapper\"><figure class=\"elementor-image-box-img\"><img loading=\"lazy\" decoding=\"async\" width=\"150\" height=\"150\" src=\"https:\/\/dzieckoi.usz.edu.pl\/wp-content\/uploads\/2023\/02\/kuszak3-150x150.jpg\" class=\"attachment-thumbnail size-thumbnail\" alt=\"\" \/><\/figure><div class=\"elementor-image-box-content\"><h3 class=\"elementor-image-box-title\">dr hab. Kinga Kuszak, prof. UAM<\/h3><p class=\"elementor-image-box-description\">\u201eRozmowa o rozmowie - kompetencje metakomunikacyjne dzieci\u201d<\/p><\/div><\/div>\t\t<\/div>\n\t\t\t\t<\/div>\n\t\t\t\t<div class=\"elementor-element elementor-element-e7c0df3 elementor-position-left elementor-vertical-align-middle elementor-widget elementor-widget-image-box\" data-id=\"e7c0df3\" data-element_type=\"widget\" data-widget_type=\"image-box.default\">\n\t\t\t\t<div class=\"elementor-widget-container\">\n\t\t\t<div class=\"elementor-image-box-wrapper\"><figure class=\"elementor-image-box-img\"><img loading=\"lazy\" decoding=\"async\" width=\"150\" height=\"150\" src=\"https:\/\/dzieckoi.usz.edu.pl\/wp-content\/uploads\/2023\/02\/adrzejewska3-150x150.jpg\" class=\"attachment-thumbnail size-thumbnail\" alt=\"\" \/><\/figure><div class=\"elementor-image-box-content\"><h3 class=\"elementor-image-box-title\">dr hab. Jolanta Andrzejewska, prof. UMCS<\/h3><p class=\"elementor-image-box-description\">\u201eSytuacje edukacyjne zogniskowane na wspieraniu rozwoju kompetencji komunikacyjnych przedszkolak\u00f3w\u201d<\/p><\/div><\/div>\t\t<\/div>\n\t\t\t\t<\/div>\n\t\t\t\t<div class=\"elementor-element elementor-element-5ffeb1e elementor-position-left elementor-vertical-align-middle elementor-widget elementor-widget-image-box\" data-id=\"5ffeb1e\" data-element_type=\"widget\" data-widget_type=\"image-box.default\">\n\t\t\t\t<div class=\"elementor-widget-container\">\n\t\t\t<div class=\"elementor-image-box-wrapper\"><figure class=\"elementor-image-box-img\"><img loading=\"lazy\" decoding=\"async\" width=\"150\" height=\"150\" src=\"https:\/\/dzieckoi.usz.edu.pl\/wp-content\/uploads\/2023\/02\/irenka4-150x150.jpg\" class=\"attachment-thumbnail size-thumbnail\" alt=\"\" \/><\/figure><div class=\"elementor-image-box-content\"><h3 class=\"elementor-image-box-title\">dr hab. Irena Ramik-Ma\u017cewska prof. US<\/h3><p class=\"elementor-image-box-description\">\u201eJak rozmawia\u0107 z dzieckiem o niepe\u0142nosprawno\u015bci-psychoedukacyjna rola 'Bajek bez barier'\u201d<\/p><\/div><\/div>\t\t<\/div>\n\t\t\t\t<\/div>\n\t\t\t\t<div class=\"elementor-element elementor-element-e43dfe0 elementor-widget elementor-widget-text-editor\" data-id=\"e43dfe0\" data-element_type=\"widget\" data-widget_type=\"text-editor.default\">\n\t\t\t\t<div class=\"elementor-widget-container\">\n\t\t\t\t\t\t\t\t<div class=\"elementor-text-editor elementor-clearfix\">\n\t\t\t\t<p>ORAZ<\/p>\t\t\t\t\t<\/div>\n\t\t\t\t\t\t<\/div>\n\t\t\t\t<\/div>\n\t\t\t\t<div class=\"elementor-element elementor-element-dcf6494 elementor-position-left elementor-vertical-align-middle elementor-widget elementor-widget-image-box\" data-id=\"dcf6494\" data-element_type=\"widget\" data-widget_type=\"image-box.default\">\n\t\t\t\t<div class=\"elementor-widget-container\">\n\t\t\t<div class=\"elementor-image-box-wrapper\"><figure class=\"elementor-image-box-img\"><img loading=\"lazy\" decoding=\"async\" width=\"150\" height=\"150\" src=\"https:\/\/dzieckoi.usz.edu.pl\/wp-content\/uploads\/2023\/02\/nermend6a-150x150.jpg\" class=\"attachment-thumbnail size-thumbnail\" alt=\"\" \/><\/figure><div class=\"elementor-image-box-content\"><h3 class=\"elementor-image-box-title\">prof. dr hab. Kesra Nermend<\/h3><p class=\"elementor-image-box-description\">Oprowadzenie i wyk\u0142ad w Laboratorium Neuronauki Poznawczej<\/p><\/div><\/div>\t\t<\/div>\n\t\t\t\t<\/div>\n\t\t\t\t\t\t<\/div>\n\t\t\t\t\t<\/div>\n\t\t<\/div>\n\t\t\t\t\t\t\t\t<\/div>\n\t\t\t\t\t<\/div>\n\t\t<\/section>\n\t\t\t\t<section class=\"elementor-section elementor-top-section elementor-element elementor-element-48be8fa elementor-section-boxed elementor-section-height-default elementor-section-height-default\" data-id=\"48be8fa\" data-element_type=\"section\" id=\"tematyczne\" data-settings=\"{&quot;background_background&quot;:&quot;classic&quot;}\">\n\t\t\t\t\t\t\t<div class=\"elementor-background-overlay\"><\/div>\n\t\t\t\t\t\t\t<div class=\"elementor-container elementor-column-gap-default\">\n\t\t\t\t\t\t\t<div class=\"elementor-row\">\n\t\t\t\t\t<div class=\"elementor-column elementor-col-100 elementor-top-column elementor-element elementor-element-fa3473a\" data-id=\"fa3473a\" data-element_type=\"column\">\n\t\t\t<div class=\"elementor-column-wrap elementor-element-populated\">\n\t\t\t\t\t\t\t<div class=\"elementor-widget-wrap\">\n\t\t\t\t\t\t<div class=\"elementor-element elementor-element-15a7fa4 elementor-widget elementor-widget-elementskit-heading\" data-id=\"15a7fa4\" data-element_type=\"widget\" data-widget_type=\"elementskit-heading.default\">\n\t\t\t\t<div class=\"elementor-widget-container\">\n\t\t\t<div class=\"ekit-wid-con\" ><div class=\"ekit-heading elementskit-section-title-wraper text_center   ekit_heading_tablet-   ekit_heading_mobile-\"><h3 class=\"elementskit-section-subtitle  \">\n\t\t\t\t\t\tDRUGA CZ\u0118\u015a\u0106\n\t\t\t\t\t<\/h3><h2 class=\"ekit-heading--title elementskit-section-title \">PANELE TEMATYCZNE<\/h2><div class=\"ekit_heading_separetor_wraper ekit_heading_elementskit-border-divider elementskit-style-long\"><div class=\"elementskit-border-divider elementskit-style-long\"><\/div><\/div>\t\t\t\t<div class='ekit-heading__description'>\n\t\t\t\t\t<p>W drugiej cz\u0119\u015bci konferencji specjali\u015bci spotkaj\u0105 si\u0119 w nast\u0119puj\u0105cych zespo\u0142ach problemowych:<\/p>\n\t\t\t\t<\/div>\n\t\t\t<\/div><\/div>\t\t<\/div>\n\t\t\t\t<\/div>\n\t\t\t\t<div class=\"elementor-element elementor-element-de6eacb ekit-equal-height-disable elementor-widget elementor-widget-elementskit-icon-box\" data-id=\"de6eacb\" data-element_type=\"widget\" data-widget_type=\"elementskit-icon-box.default\">\n\t\t\t\t<div class=\"elementor-widget-container\">\n\t\t\t<div class=\"ekit-wid-con\" >        <!-- link opening -->\n                <!-- end link opening -->\n\n        <div class=\"elementskit-infobox text-left text-left icon-lef-right-aligin elementor-animation- media  \">\n                    <div class=\"elementskit-box-header elementor-animation-\">\n                <div class=\"elementskit-info-box-icon  text-center\">\n                    <i aria-hidden=\"true\" class=\"elementkit-infobox-icon icon icon-communication\"><\/i>\n                <\/div>\n          <\/div>\n                        <div class=\"box-body\">\n                            <h3 class=\"elementskit-info-box-title\">\n                    01. J\u0119zyk dziecka i jego kompetencje komunikacyjne                <\/h3>\n                                            <\/div>\n        \n        \n                <\/div>\n        <\/div>\t\t<\/div>\n\t\t\t\t<\/div>\n\t\t\t\t<div class=\"elementor-element elementor-element-aea5368 ekit-equal-height-disable elementor-widget elementor-widget-elementskit-icon-box\" data-id=\"aea5368\" data-element_type=\"widget\" data-widget_type=\"elementskit-icon-box.default\">\n\t\t\t\t<div class=\"elementor-widget-container\">\n\t\t\t<div class=\"ekit-wid-con\" >        <!-- link opening -->\n                <!-- end link opening -->\n\n        <div class=\"elementskit-infobox text- text-left icon-lef-right-aligin elementor-animation- media  \">\n                    <div class=\"elementskit-box-header elementor-animation-\">\n                <div class=\"elementskit-info-box-icon  text-center\">\n                    <i aria-hidden=\"true\" class=\"elementkit-infobox-icon icon icon-bank\"><\/i>\n                <\/div>\n          <\/div>\n                        <div class=\"box-body\">\n                            <h3 class=\"elementskit-info-box-title\">\n                    02. J\u0119zyk teorii i historii wychowania                <\/h3>\n                                            <\/div>\n        \n        \n                <\/div>\n        <\/div>\t\t<\/div>\n\t\t\t\t<\/div>\n\t\t\t\t<div class=\"elementor-element elementor-element-5efad6e ekit-equal-height-disable elementor-widget elementor-widget-elementskit-icon-box\" data-id=\"5efad6e\" data-element_type=\"widget\" data-widget_type=\"elementskit-icon-box.default\">\n\t\t\t\t<div class=\"elementor-widget-container\">\n\t\t\t<div class=\"ekit-wid-con\" >        <!-- link opening -->\n                <!-- end link opening -->\n\n        <div class=\"elementskit-infobox text- text-left icon-lef-right-aligin elementor-animation- media  \">\n                    <div class=\"elementskit-box-header elementor-animation-\">\n                <div class=\"elementskit-info-box-icon  text-center\">\n                    <i aria-hidden=\"true\" class=\"elementkit-infobox-icon icon icon-rocket\"><\/i>\n                <\/div>\n          <\/div>\n                        <div class=\"box-body\">\n                            <h3 class=\"elementskit-info-box-title\">\n                    03. J\u0119zyk literatury i kultury dzieci\u0119cej                <\/h3>\n                                            <\/div>\n        \n        \n                <\/div>\n        <\/div>\t\t<\/div>\n\t\t\t\t<\/div>\n\t\t\t\t<div class=\"elementor-element elementor-element-218f8eb ekit-equal-height-disable elementor-widget elementor-widget-elementskit-icon-box\" data-id=\"218f8eb\" data-element_type=\"widget\" data-widget_type=\"elementskit-icon-box.default\">\n\t\t\t\t<div class=\"elementor-widget-container\">\n\t\t\t<div class=\"ekit-wid-con\" >        <!-- link opening -->\n                <!-- end link opening -->\n\n        <div class=\"elementskit-infobox text- text-left icon-lef-right-aligin elementor-animation- media  \">\n                    <div class=\"elementskit-box-header elementor-animation-\">\n                <div class=\"elementskit-info-box-icon  text-center\">\n                    <i aria-hidden=\"true\" class=\"elementkit-infobox-icon icon icon-graphic-2\"><\/i>\n                <\/div>\n          <\/div>\n                        <div class=\"box-body\">\n                            <h3 class=\"elementskit-info-box-title\">\n                    04. J\u0119zyk matematyki i informatyki                <\/h3>\n                                            <\/div>\n        \n        \n                <\/div>\n        <\/div>\t\t<\/div>\n\t\t\t\t<\/div>\n\t\t\t\t<div class=\"elementor-element elementor-element-5a8bc46 ekit-equal-height-disable elementor-widget elementor-widget-elementskit-icon-box\" data-id=\"5a8bc46\" data-element_type=\"widget\" data-widget_type=\"elementskit-icon-box.default\">\n\t\t\t\t<div class=\"elementor-widget-container\">\n\t\t\t<div class=\"ekit-wid-con\" >        <!-- link opening -->\n                <!-- end link opening -->\n\n        <div class=\"elementskit-infobox text- text-left icon-lef-right-aligin elementor-animation- media  \">\n                    <div class=\"elementskit-box-header elementor-animation-\">\n                <div class=\"elementskit-info-box-icon  text-center\">\n                    <i aria-hidden=\"true\" class=\"elementkit-infobox-icon icon icon-users1\"><\/i>\n                <\/div>\n          <\/div>\n                        <div class=\"box-body\">\n                            <h3 class=\"elementskit-info-box-title\">\n                    05. J\u0119zyk Janusza Korczaka i Joanny Kulmowej                <\/h3>\n                                            <\/div>\n        \n        \n                <\/div>\n        <\/div>\t\t<\/div>\n\t\t\t\t<\/div>\n\t\t\t\t<div class=\"elementor-element elementor-element-6f740e6 ekit-equal-height-disable elementor-widget elementor-widget-elementskit-icon-box\" data-id=\"6f740e6\" data-element_type=\"widget\" data-widget_type=\"elementskit-icon-box.default\">\n\t\t\t\t<div class=\"elementor-widget-container\">\n\t\t\t<div class=\"ekit-wid-con\" >        <!-- link opening -->\n                <!-- end link opening -->\n\n        <div class=\"elementskit-infobox text- text-left icon-lef-right-aligin elementor-animation- media  \">\n                    <div class=\"elementskit-box-header elementor-animation-\">\n                <div class=\"elementskit-info-box-icon  text-center\">\n                    <i aria-hidden=\"true\" class=\"elementkit-infobox-icon icon icon-Leaf\"><\/i>\n                <\/div>\n          <\/div>\n                        <div class=\"box-body\">\n                            <h3 class=\"elementskit-info-box-title\">\n                    06. J\u0119zyk edukacji spo\u0142eczno-przyrodniczej i edukacji zdrowotnej                <\/h3>\n                                            <\/div>\n        \n        \n                <\/div>\n        <\/div>\t\t<\/div>\n\t\t\t\t<\/div>\n\t\t\t\t<div class=\"elementor-element elementor-element-4aa26ca ekit-equal-height-disable elementor-widget elementor-widget-elementskit-icon-box\" data-id=\"4aa26ca\" data-element_type=\"widget\" data-widget_type=\"elementskit-icon-box.default\">\n\t\t\t\t<div class=\"elementor-widget-container\">\n\t\t\t<div class=\"ekit-wid-con\" >        <!-- link opening -->\n                <!-- end link opening -->\n\n        <div class=\"elementskit-infobox text- text-left icon-lef-right-aligin elementor-animation- media  \">\n                    <div class=\"elementskit-box-header elementor-animation-\">\n                <div class=\"elementskit-info-box-icon  text-center\">\n                    <i aria-hidden=\"true\" class=\"elementkit-infobox-icon icon icon-idea1\"><\/i>\n                <\/div>\n          <\/div>\n                        <div class=\"box-body\">\n                            <h3 class=\"elementskit-info-box-title\">\n                    07. J\u0119zyk edukacji artystycznej                <\/h3>\n                                            <\/div>\n        \n        \n                <\/div>\n        <\/div>\t\t<\/div>\n\t\t\t\t<\/div>\n\t\t\t\t\t\t<\/div>\n\t\t\t\t\t<\/div>\n\t\t<\/div>\n\t\t\t\t\t\t\t\t<\/div>\n\t\t\t\t\t<\/div>\n\t\t<\/section>\n\t\t\t\t<section class=\"elementor-section elementor-top-section elementor-element elementor-element-4c74e2d elementor-section-content-middle elementor-section-boxed elementor-section-height-default elementor-section-height-default\" data-id=\"4c74e2d\" data-element_type=\"section\" data-settings=\"{&quot;background_background&quot;:&quot;classic&quot;}\">\n\t\t\t\t\t\t<div class=\"elementor-container elementor-column-gap-default\">\n\t\t\t\t\t\t\t<div class=\"elementor-row\">\n\t\t\t\t\t<div class=\"elementor-column elementor-col-100 elementor-top-column elementor-element elementor-element-63bbd9b\" data-id=\"63bbd9b\" data-element_type=\"column\">\n\t\t\t<div class=\"elementor-column-wrap elementor-element-populated\">\n\t\t\t\t\t\t\t<div class=\"elementor-widget-wrap\">\n\t\t\t\t\t\t<div class=\"elementor-element elementor-element-37cfc27 elementor-widget elementor-widget-text-editor\" data-id=\"37cfc27\" data-element_type=\"widget\" data-widget_type=\"text-editor.default\">\n\t\t\t\t<div class=\"elementor-widget-container\">\n\t\t\t\t\t\t\t\t<div class=\"elementor-text-editor elementor-clearfix\">\n\t\t\t\t<p>Konferencja dofinansowana przez Ministerstwo Edukacji i Nauki w ramach programu DOSKONA\u0141A NAUKA \u2013 wsparcie konferencji naukowych (DKN\/SP\/547378\/2022)<\/p>\t\t\t\t\t<\/div>\n\t\t\t\t\t\t<\/div>\n\t\t\t\t<\/div>\n\t\t\t\t\t\t<\/div>\n\t\t\t\t\t<\/div>\n\t\t<\/div>\n\t\t\t\t\t\t\t\t<\/div>\n\t\t\t\t\t<\/div>\n\t\t<\/section>\n\t\t\t\t\t\t\t\t\t<\/div>\n\t\t\t<\/div>\n\t\t\t\t\t<\/div>\n\t\t","protected":false},"excerpt":{"rendered":"<p>DZIECKO I &quot;J\u0118ZYK WCZESNEJ EDUKACJI&quot; Od Korczaka do Kulmowej PL EN PL Konferencja zwi\u0105zana jest z dziewi\u0119\u0107dziesi\u0105t\u0105 pi\u0105t\u0105 rocznic\u0105 urodzin, poetki Joanny Kulmowej, autorki sztuk o Korczaku, i setn\u0105 rocznic\u0105 wydania dylogii Janusza Korczaka (Kr\u00f3l Maciu\u015b Pierwszy i Kr\u00f3l Maciu\u015b na wyspie bezludnej). Wyb\u00f3r Korczaka i Kulmowej, mistrz\u00f3w s\u0142owa i dialogu pedagogicznego, nie jest przypadkowy. [&hellip;]<\/p>\n","protected":false},"author":2,"featured_media":0,"parent":0,"menu_order":2,"comment_status":"closed","ping_status":"closed","template":"elementor_header_footer","meta":{"footnotes":""},"class_list":["post-471","page","type-page","status-publish","hentry"],"_links":{"self":[{"href":"https:\/\/dzieckoi.usz.edu.pl\/index.php\/wp-json\/wp\/v2\/pages\/471","targetHints":{"allow":["GET"]}}],"collection":[{"href":"https:\/\/dzieckoi.usz.edu.pl\/index.php\/wp-json\/wp\/v2\/pages"}],"about":[{"href":"https:\/\/dzieckoi.usz.edu.pl\/index.php\/wp-json\/wp\/v2\/types\/page"}],"author":[{"embeddable":true,"href":"https:\/\/dzieckoi.usz.edu.pl\/index.php\/wp-json\/wp\/v2\/users\/2"}],"replies":[{"embeddable":true,"href":"https:\/\/dzieckoi.usz.edu.pl\/index.php\/wp-json\/wp\/v2\/comments?post=471"}],"version-history":[{"count":111,"href":"https:\/\/dzieckoi.usz.edu.pl\/index.php\/wp-json\/wp\/v2\/pages\/471\/revisions"}],"predecessor-version":[{"id":1382,"href":"https:\/\/dzieckoi.usz.edu.pl\/index.php\/wp-json\/wp\/v2\/pages\/471\/revisions\/1382"}],"wp:attachment":[{"href":"https:\/\/dzieckoi.usz.edu.pl\/index.php\/wp-json\/wp\/v2\/media?parent=471"}],"curies":[{"name":"wp","href":"https:\/\/api.w.org\/{rel}","templated":true}]}}