{"id":1450,"date":"2023-09-28T18:20:17","date_gmt":"2023-09-28T16:20:17","guid":{"rendered":"https:\/\/dzieckoi.usz.edu.pl\/?page_id=1450"},"modified":"2023-09-28T18:23:50","modified_gmt":"2023-09-28T16:23:50","slug":"sprawozdanie","status":"publish","type":"page","link":"https:\/\/dzieckoi.usz.edu.pl\/index.php\/sprawozdanie\/","title":{"rendered":"Sprawozdanie"},"content":{"rendered":"\t\t<div data-elementor-type=\"wp-page\" data-elementor-id=\"1450\" class=\"elementor elementor-1450\">\n\t\t\t\t\t\t<div class=\"elementor-inner\">\n\t\t\t\t<div class=\"elementor-section-wrap\">\n\t\t\t\t\t\t\t\t\t<section class=\"elementor-section elementor-top-section elementor-element elementor-element-4e6fe608 elementor-section-height-min-height elementor-section-content-middle elementor-section-boxed elementor-section-height-default elementor-section-items-middle\" data-id=\"4e6fe608\" data-element_type=\"section\" data-settings=\"{&quot;background_background&quot;:&quot;classic&quot;}\">\n\t\t\t\t\t\t\t<div class=\"elementor-background-overlay\"><\/div>\n\t\t\t\t\t\t\t<div class=\"elementor-container elementor-column-gap-no\">\n\t\t\t\t\t\t\t<div class=\"elementor-row\">\n\t\t\t\t\t<div class=\"elementor-column elementor-col-100 elementor-top-column elementor-element elementor-element-6f860f18\" data-id=\"6f860f18\" data-element_type=\"column\" data-settings=\"{&quot;background_background&quot;:&quot;classic&quot;}\">\n\t\t\t<div class=\"elementor-column-wrap elementor-element-populated\">\n\t\t\t\t\t\t\t<div class=\"elementor-widget-wrap\">\n\t\t\t\t\t\t<div class=\"elementor-element elementor-element-6db16e11 elementor-widget elementor-widget-theme-post-title elementor-page-title elementor-widget-heading\" data-id=\"6db16e11\" data-element_type=\"widget\" data-widget_type=\"theme-post-title.default\">\n\t\t\t\t<div class=\"elementor-widget-container\">\n\t\t\t<h1 class=\"elementor-heading-title elementor-size-default\">Sprawozdanie<\/h1>\t\t<\/div>\n\t\t\t\t<\/div>\n\t\t\t\t\t\t<\/div>\n\t\t\t\t\t<\/div>\n\t\t<\/div>\n\t\t\t\t\t\t\t\t<\/div>\n\t\t\t\t\t<\/div>\n\t\t<\/section>\n\t\t\t\t<section class=\"elementor-section elementor-top-section elementor-element elementor-element-440d2e1 elementor-section-boxed elementor-section-height-default elementor-section-height-default\" data-id=\"440d2e1\" data-element_type=\"section\">\n\t\t\t\t\t\t<div class=\"elementor-container elementor-column-gap-default\">\n\t\t\t\t\t\t\t<div class=\"elementor-row\">\n\t\t\t\t\t<div class=\"elementor-column elementor-col-100 elementor-top-column elementor-element elementor-element-d482118\" data-id=\"d482118\" data-element_type=\"column\">\n\t\t\t<div class=\"elementor-column-wrap elementor-element-populated\">\n\t\t\t\t\t\t\t<div class=\"elementor-widget-wrap\">\n\t\t\t\t\t\t<div class=\"elementor-element elementor-element-e959b61 elementor-widget elementor-widget-elementskit-heading\" data-id=\"e959b61\" data-element_type=\"widget\" data-widget_type=\"elementskit-heading.default\">\n\t\t\t\t<div class=\"elementor-widget-container\">\n\t\t\t<div class=\"ekit-wid-con\" ><div class=\"ekit-heading elementskit-section-title-wraper text_center   ekit_heading_tablet-   ekit_heading_mobile-\"><h3 class=\"elementskit-section-subtitle  \">\n\t\t\t\t\t\tDZIECKO I &quot;J\u0118ZYK WCZESNEJ EDUKACJI&quot;\n\t\t\t\t\t<\/h3><h2 class=\"ekit-heading--title elementskit-section-title \">Sprawozdanie z Konferencji<\/h2><div class=\"ekit_heading_separetor_wraper ekit_heading_elementskit-border-divider elementskit-style-long\"><div class=\"elementskit-border-divider elementskit-style-long\"><\/div><\/div><\/div><\/div>\t\t<\/div>\n\t\t\t\t<\/div>\n\t\t\t\t<div class=\"elementor-element elementor-element-2e8217c elementor-widget elementor-widget-text-editor\" data-id=\"2e8217c\" data-element_type=\"widget\" data-widget_type=\"text-editor.default\">\n\t\t\t\t<div class=\"elementor-widget-container\">\n\t\t\t\t\t\t\t\t<div class=\"elementor-text-editor elementor-clearfix\">\n\t\t\t\t<p>V Og\u00f3lnopolska Konferencja Naukowa Od Korczaka do Kulmowej. Dziecko i \u201ej\u0119zyk wczesnej edukacji\u201d, kt\u00f3ra odby\u0142a si\u0119 w dniach 23\u201324 marca br. na Wydziale Nauk Spo\u0142ecznych US, zosta\u0142a zorganizowana przez Katedr\u0119 Wczesnej Edukacji US.<\/p><h3>\u00a0<\/h3><h3>O konferencji<\/h3><p>Konferencja obj\u0119ta zosta\u0142a honorowym patronatem Ministerstwa Edukacji i Nauki, Komitetu Nauk Pedagogicznych PAN, JM Rektora Uniwersytetu Szczeci\u0144skiego, prof. dr hab. Waldemara Tarczy\u0144skiego, Prezydenta Miasta Szczecin Pana Piotra Krzystka i medialnym patronatem Centrum Edukacji Medialnej i Interaktywno\u015bci US. Konferencja mia\u0142a charakter interdyscyplinarny, adresowana by\u0142a do pedagog\u00f3w, psycholog\u00f3w, literaturoznawc\u00f3w, j\u0119zykoznawc\u00f3w, socjolog\u00f3w, wszystkich os\u00f3b zainteresowanych pedagogik\u0105 dziecka i pedagogik\u0105 wczesnej edukacji. Jej celem by\u0142o pog\u0142\u0119bienie wiedzy na temat aksjologiczno-kulturowego \u201ej\u0119zyka wczesnej edukacji\u201d w dzisiejszej Polsce. Termin ten, postrzegany w wymiarze praktycznym, obejmowa\u0107 mia\u0142 nast\u0119puj\u0105ce obszary edukacji: edukacj\u0119 j\u0119zykow\u0105 i literack\u0105, edukacj\u0119 matematyczno- -informatyczn\u0105, edukacj\u0119 spo\u0142eczno-przyrodnicz\u0105, edukacj\u0119 artystyczn\u0105 z szeroko poj\u0119t\u0105 edukacj\u0105 muzyczn\u0105, plastyczn\u0105 itechniczn\u0105, edukacj\u0119 fizyczn\u0105 i zdrowotn\u0105. \u201eJ\u0119zyk wczesnej edukacji\u201d \u0142\u0105czy si\u0119 bowiem z \u201ej\u0119zykowym obrazem \u015bwiata\u201d dziecka, zdefiniowanym przez wybitnego j\u0119zykoznawc\u0119 i etnologa, Jerzego Bartmi\u0144skiego jako \u201eokre\u015blony spos\u00f3b odwzorowywania \u015bwiata, dany w poj\u0119ciowym rozcz\u0142onkowaniu zawartym w j\u0119zyku ujmuj\u0105cym ten \u015bwiat\u201d. Konferencja Od Korczaka do Kulmowej. Dziecko i \u201ej\u0119zyk wczesnej edukacji\u201d uzyska\u0142a dofinansowanie Ministerstwa Edukacji i Nauki w ramach programu Doskona\u0142a Nauka \u2013 Wsparcie konferencji naukowych (DKN\/SP\/547378\/2022).<\/p><h3>\u00a0<\/h3><h3>O obradach<\/h3><p>W V Og\u00f3lnopolskiej Konferencji Naukowej Od Korczaka do Kulmowej. Dziecko i \u201ej\u0119zyk wczesnej edukacji\u201d wzi\u0119\u0142o udzia\u0142 65 prelegent\u00f3w z r\u00f3\u017cnych o\u015brodk\u00f3w akademickich w kraju i za granic\u0105. Konferencja rozpocz\u0119\u0142a si\u0119 od wyst\u0105pienia dr hab. Kingi Flagi-Gieruszy\u0144skiej, prof. US, prorektor ds. organizacji US, kt\u00f3ra wypowiadaj\u0105c si\u0119 na temat tw\u00f3rczo\u015bci Joanny Kulmowej i jej zwi\u0105zk\u00f3w z Uniwersytetem Szczeci\u0144skim, podkre\u015bli\u0142a jubileuszowy charakter wydarzenia. Poetka Joanna Kulmowa urodzi\u0142a si\u0119 25 marca 1928 roku, r\u00f3wno 95 lat temu. W tym samym roku Janusz Korczak wyda\u0142 tom Prawo dziecka do szacunku. Wyb\u00f3r Janusza Korczaka i Joanny Kulmowej, mistrz\u00f3w s\u0142owa i dialogu pedagogicznego, na patron\u00f3w konferencji, nie by\u0142 wi\u0119c przypadkowy. Korczak, walcz\u0105c o prawa dziecka, wprowadzi\u0142 nowy j\u0119zyk do literatury dla dzieci. Kulmowa i Korczak odwr\u00f3cili porz\u0105dek komunikacji mi\u0119dzy dzieckiem i doros\u0142ym, powierzaj\u0105c dziecku i jego j\u0119zykowi g\u0142\u00f3wn\u0105 rol\u0119 w odrodzeniu duchowym cz\u0142owieka.<\/p><p>Temat ten podj\u0119\u0142a p. Lidia Roga\u015b, zast\u0119pczyni Prezydenta Miasta Szczecin, kt\u00f3ra powita\u0142a uczestnik\u00f3w konferencji w Szczecinie i przypomnia\u0142a, \u017ce to Szczecin jako pierwszy uhonorowa\u0142 poetk\u0119 Joann\u0119 Kulmow\u0105 tytu\u0142em Honorowej Obywatelki Miasta. Przem\u00f3wienia wyg\u0142osi\u0142y tak\u017ce dr hab. Anna Murawska, prof. US, dyrektor Instytutu Pedagogiki US i dr hab. Irena Ramik-Ma\u017cewska, prof. US, dziekan Wydzia\u0142u Nauk Spo\u0142ecznych US, kt\u00f3re zwr\u00f3ci\u0142y uwag\u0119 na konieczno\u015b\u0107 dyskursu krytyczno-emancypacyjnego dotycz\u0105cego pedagogiki wczesnej edukacji. Po wyst\u0105pieniach w\u0142adz uczelni i w\u0142adz miasta uczestnicy konferencji obejrzeli zwiastun filmu o Joannie Kulmowej przygotowany przez red. Beat\u0119 Miko\u0142ajewsk\u0105-Wieczorek, zast\u0119pc\u0119 dyrektora Centrum Edukacji Medialnej i Interaktywno\u015bci US ds. telewizji uniwersyteckiej UNIWIZJA.<\/p><p>Potem rozpocz\u0119\u0142a si\u0119 sesja plenarna. Jako pierwszy zabra\u0142 g\u0142os prof. dr hab. Jan Miodek, recenzent honorowego doktoratu Joanny Kulmowej, autor artyku\u0142\u00f3w na temat jej tw\u00f3rczo\u015bci i recenzent tomu korespondencji Joanny Kulmowej z Wis\u0142aw\u0105 Szymborsk\u0105 \u201eTak wygl\u0105da prawdziwa Poetka, podci\u0105gnij si\u0119!\u201d, wydanego przez wydawnictwo Znak w Krakowie. W dalszej kolejno\u015bci wyst\u0105pi\u0142 prof. Zbyszko Melosik, doctor honoris causa Uniwersytetu Szczeci\u0144skiego i prorektor Uniwersytetu im. Adama Mickiewicza w Poznaniu. Prof. Z. Melosik m\u00f3wi\u0142 z pasj\u0105 i \u201eestetyczn\u0105 przyjemno\u015bci\u0105\u201d o ksi\u0105\u017cce dla dziecka jako wa\u017cnym symbolu kultury, istotnym czynniku socjalizacyjnym pozwalaj\u0105cym na przyswojenie przez dziecko \u201euniwersalnej prawdy i warto\u015bci\u201d. O tw\u00f3rczo\u015bci literackiej Janusza Korczaka jako \u015bwiadectwie nieoboj\u0119tno\u015bci wypowiedzia\u0142a si\u0119 prof. Agnieszka Cybal-Michalska, przewodnicz\u0105ca Komitetu Nauk Pedagogicznych PAN i dziekan Wydzia\u0142u Studi\u00f3w Edukacyjnych UAM, kt\u00f3ra w niekonwencjonalny spos\u00f3b przedstawi\u0142a temat pedagogicznego \u201ewycieniowania\u201d dzie\u0142 Janusza Korczaka.<\/p><p>R\u00f3wnie erudycyjne i wa\u017cne, jak pozna\u0144skie, by\u0142y wyst\u0105pienia szczeci\u0144skie. I prof. Kinga Flaga-Gieruszy\u0144ska, i prof. Anna Murawska m\u00f3wi\u0142y z trosk\u0105 o godno\u015bci dziecka, o konieczno\u015bci zachowania dystansu wobec dzieci\u0119cej niewiedzy, tajemnic i niepowodze\u0144. O prawie dziecka do szacunku, do nadziei, do tego by dziecko \u201eby\u0142o tym, czym jest\u201d. Ten najwa\u017cniejszy dogmat Korczaka przez ca\u0142e swoje \u017cycie powtarza\u0142a Joanna Kulmowa. \u201eUczciwym pisarzem dla dzieci mo\u017ce by\u0107 kto\u015b, kto dorastaj\u0105c, nie zagubi\u0142 w sobie dziecka\u201d \u2013 m\u00f3wi\u0142a w jednym z wywiad\u00f3w.<\/p><p>W cz\u0119\u015bci plenarnej sesji wzi\u0119\u0142y udzia\u0142 tak\u017ce: prof. Katarzyna Kraso\u0144 i prof. Urszula Szu\u015bcik z Uniwersytetu \u015al\u0105skiego, prof. Kinga Kuszak z Uniwersytetu Adama Mickiewicza w Poznaniu, prof. Jolanta Andrzejewska z Uniwersytetu Marii Curie-Sk\u0142odowskiej w Lublinie i prof. Irena Ramik-Ma\u017cewska z Uniwersytetu Szczeci\u0144skiego. Po przerwie obrady przebiega\u0142y w sze\u015bciu sekcjach. Dyskutowano nad j\u0119zykiem dziecka i jego kompetencjami, j\u0119zykiem teorii i historii wychowania, j\u0119zykiem literatury i kultury dzieci\u0119cej, j\u0119zykiem matematyki i informatyki, j\u0119zykiem edukacji spo\u0142eczno-przyrodniczej i edukacji zdrowotnej. W drugim dniu konferencji poruszono tematy zwi\u0105zane z edukacj\u0105 artystyczn\u0105, j\u0119zykiem dziecka i jego kompetencjami komunikacyjnymi. W obradach uczestniczyli radni Miasta Szczecin z p. Renat\u0105 \u0141a\u017cewsk\u0105, przewodnicz\u0105c\u0105 Rady Miasta na czele, dyrektorzy szk\u00f3\u0142, z p. Justyn\u0105 Utecht, dyrektor Szko\u0142y Podstawowej im. Joanny Kulmowej w Komarowie, studenci i nauczyciele.<\/p><h3>\u00a0<\/h3><h3>O wystawach i zwiedzaniu<\/h3><p>Zwiedzanie Laboratorium Neuronauki Poznawczej i spotkanie z prof. Kesr\u0105 Nermendem, dyrektorem Instytutu Zarz\u0105dzania US i dr. in\u017c. Mateuszem Piwowarskim na temat neuronauki jako innowacyjnego podej\u015bcia do identyfikacji zachowa\u0144 spo\u0142ecznych stanowi\u0142y bardzo wa\u017cne punkty konferencji, nawi\u0105zuj\u0105ce do projektu Ministerstwa Edukacji i Nauki \u201eLaboratoria Przysz\u0142o\u015bci\u201d. W Laboratorium Neuronauki Poznawczej odby\u0142a si\u0119 specjalna prezentacja przygotowana przez dr Ma\u0142gorzat\u0119 Nermend promuj\u0105ca neuronauk\u0119 poznawcz\u0105 w kontek\u015bcie wczesnej edukacji. W trakcie pierwszej przerwy mia\u0142o miejsce otwarcie wystawy prac dzieci z Niepublicznej Szko\u0142y Plastycznej Ars Atelier Wiersze Joanny Kulmowej w kontek\u015bcie wczesnej edukacji. Kuratorami wystawy byli: dr Miko\u0142aj Materne i studentka Karolina So\u0142tys.<\/p><p>Konferencji towarzyszy\u0142a lekcja pokazowa w Szkole Podstawowej nr 11 im. UNICEF-u w Szczecinie, wystawa prac plastycznych dzieci i Ko\u0142a Naukowego ArtPeak, kierowanego przez dr. Miko\u0142aja Materne, sesja posterowa przygotowana przez student\u00f3w edukacji artystycznej oraz zwiedzanie Filharmonii Szczeci\u0144skiej. W drugim dniu konferencji, tu\u017c po zako\u0144czeniu obrad, odby\u0142y si\u0119 certyfikowane warsztaty dla nauczycieli wczesnej edukacji, kt\u00f3re przygotowali dr Miko\u0142aj Materne i prof. Mariusz Szajda z Akademii Sztuki. Bohaterk\u0105 wystaw, recytacji i prezentacji by\u0142a Joanna Kulmowa.<\/p><h3>\u00a0<\/h3><h3>O wyk\u0142adzie na cztery strony \u015bwiata<\/h3><p>Uniwersytet Szczeci\u0144ski wsp\u00f3\u0142pracuje z Will\u0105 Lentza od 2022 roku. W cyklu Szczecin Humanistyczny w Willi Lentza zatytu\u0142owanym \u201eBiografie, autobiografie, listy\u201d odby\u0142y si\u0119 dwa spotkania. W trakcie pierwszego prof. Waldemar Tarczy\u0144ski, rektor Uniwersytetu Szczeci\u0144skiego i p. Lidia Roga\u015b, zast\u0119pca Prezydenta Miasta Szczecin czytali listy Joanny Kulmowej i Wis\u0142awy Szymborskiej. A redaktorzy czasopism biograficznych dyskutowali o roli biografistyki w naukach spo\u0142ecznych i humanistycznych.<\/p><p>Potem nast\u0105pi\u0142o otwarcie wystawy kola\u017cy Wis\u0142awy Szymborskiej wysy\u0142anych do Joanny Kulmowej \u201eTak wygl\u0105da prawdziwa Poetka, podci\u0105gnij si\u0119!\u201d. I spotkanie z prof. Micha\u0142em Rusinkiem, a tak\u017ce wspania\u0142y wyk\u0142ad Przyja\u017anie epistolarne Wis\u0142awy Szymborskiej. Prof. Micha\u0142 Rusinek wyst\u0105pi\u0142 w roli autora i sekretarza, kongenialnie \u0142\u0105cz\u0105cego obie te funkcje.<\/p><p>W czasie V Og\u00f3lnopolskiej Konferencji Naukowej Od Korczaka do Kulmowej. Dziecko i \u201ej\u0119zyk wczesnej edukacji\u201d odby\u0142 si\u0119 kolejny wyk\u0142ad z cyklu Szczecin Humanistyczny w Willi Lentza. Tym razem wyg\u0142osi\u0142 go prof. Jan Miodek. Erudycyjny, jubileuszowy wyk\u0142ad, na cztery strony \u015bwiata, bo takie by\u0142o ustawienie krzese\u0142 we wszystkich salach Willi Lentza. I taka by\u0142a \u201ejubileuszowa\u201d frekwencja. Pi\u0119tna\u015bcie lat temu prof. Jan Miodek wyg\u0142osi\u0142 sw\u00f3j wyk\u0142ad w uniwersyteckiej auli przy ul. Krakowskiej. Tak pi\u0119tna\u015bcie lat temu rozpocz\u0105\u0142 si\u0119 Szczecin Humanistyczny, kt\u00f3ry mia\u0142 swoje dobre ods\u0142ony, kiedy redaktork\u0105 \u201ePrzegl\u0105du Uniwersyteckiego\u201d by\u0142a p. redaktor Kamila Paradowska, a wsp\u00f3\u0142pracowniczk\u0105 p. Begina S\u0142awi\u0144ska z Instytutu Filozofii US. Po wyk\u0142adzie prof. Jana Miodka pt. Spodziewane i niespodziewane w polszczy\u017anie odby\u0142o si\u0119 wspania\u0142e spotkanie w restauracji Atrium i \u201ekolacja na cztery r\u0119ce\u201d. Uczestniczy\u0142y w niej w\u0142adze miasta i w\u0142adze Uniwersytetu Szczeci\u0144skiego.<\/p><h3>\u00a0<\/h3><h3>Podsumowanie i podzi\u0119kowanie<\/h3><p>S\u0142owa Ludwiga Wittengsteina: \u201eGranice mojego j\u0119zyka wyznaczaj\u0105 granice mojego \u015bwiata\u201d, dope\u0142nione filozofi\u0105 j\u0119zyka Janusza Korczaka i Joanny Kulmowej, podkre\u015bli\u0107 mia\u0142y konieczno\u015b\u0107 nowych \u201enarracji pedagogicznych\u201d zwi\u0105zanych ze zmianami spo\u0142ecznymi, warto\u015bci\u0105 dzieci\u0144stwa i wa\u017cn\u0105 rol\u0105 kompetencji j\u0119zykowych i komunikacyjnych dziecka we wsp\u00f3\u0142czesnym \u015bwiecie. Dzi\u0119ki obecno\u015bci Janusza Korczaka i Joanny Kulmowej oraz prof. Jana Miodka, prof. Zbyszka Melosika, prof. Agnieszki Cybal-Michalskiej i innych wa\u017cnych uczestnik\u00f3w konferencji dyskurs wychowawczy sta\u0142 si\u0119 dyskursem literackim.<\/p><p>To\u017csamo\u015b\u0107 pedagogiczna Korczaka i Kulmowej, zainteresowanie dzieckiem i wychowaniem, artyzm polszczyzny, kt\u00f3ra sta\u0142y si\u0119 dzisiaj najdoskonalszym wzorem do na\u015bladowania, wymaga\u0142y jak wida\u0107 przypomnienia i naukowej refleksji. W Szczecinie, w kt\u00f3rym Honorow\u0105 Obywatelk\u0105 Miasta zosta\u0142a bliska Januszowi Korczakowi, Joanna Kulmowa, bardzo si\u0119 to uda\u0142o. St\u0105d podzi\u0119kowania dla Ministerstwa Edukacji i Nauki, w\u0142adz rektorskich, w\u0142adz miasta, w\u0142adz Instytut Pedagogiki US, dyrektor\u00f3w szk\u00f3\u0142, uczestnik\u00f3w konferencji, Centrum Edukacji Medialnej i Interaktywno\u015bci US, Dzia\u0142u Promocji US i Dzia\u0142u Komunikacji US oraz wspania\u0142ej Katedry Wczesnej Edukacji US. Fruwaj\u0105ca Leokadia, wymy\u015blona przez Joann\u0119 Kulmow\u0105 sze\u015b\u0107dziesi\u0105t lat temu, w 1963 roku, wymalowana przez dr Agnieszk\u0119 Materne na potrzeby konferencji, rozpoczyna nowy rozdzia\u0142 swojego pedagogicznego bytowania w Instytucie Pedagogiki US w kontek\u015bcie artystycznych dzia\u0142a\u0144 dziecka i \u201ewczesnej edukacji\u201d.<\/p><p>dr hab. Urszula Ch\u0119ci\u0144ska, prof. US<\/p><p>Instytut Pedagogiki US<\/p>\t\t\t\t\t<\/div>\n\t\t\t\t\t\t<\/div>\n\t\t\t\t<\/div>\n\t\t\t\t<div class=\"elementor-element elementor-element-2a372b4 elementor-widget elementor-widget-image\" data-id=\"2a372b4\" data-element_type=\"widget\" data-widget_type=\"image.default\">\n\t\t\t\t<div class=\"elementor-widget-container\">\n\t\t\t\t\t\t\t\t<div class=\"elementor-image\">\n\t\t\t\t\t\t\t\t\t\t\t\t<img loading=\"lazy\" decoding=\"async\" width=\"2560\" height=\"597\" src=\"https:\/\/dzieckoi.usz.edu.pl\/wp-content\/uploads\/2022\/11\/korczak-kulmowa-scaled.jpg\" class=\"attachment-full size-full\" alt=\"Korczak i Kulmowa\" srcset=\"https:\/\/dzieckoi.usz.edu.pl\/wp-content\/uploads\/2022\/11\/korczak-kulmowa-scaled.jpg 2560w, https:\/\/dzieckoi.usz.edu.pl\/wp-content\/uploads\/2022\/11\/korczak-kulmowa-300x70.jpg 300w, https:\/\/dzieckoi.usz.edu.pl\/wp-content\/uploads\/2022\/11\/korczak-kulmowa-1024x239.jpg 1024w, https:\/\/dzieckoi.usz.edu.pl\/wp-content\/uploads\/2022\/11\/korczak-kulmowa-768x179.jpg 768w, https:\/\/dzieckoi.usz.edu.pl\/wp-content\/uploads\/2022\/11\/korczak-kulmowa-1536x358.jpg 1536w, https:\/\/dzieckoi.usz.edu.pl\/wp-content\/uploads\/2022\/11\/korczak-kulmowa-2048x478.jpg 2048w\" sizes=\"auto, (max-width: 2560px) 100vw, 2560px\" \/>\t\t\t\t\t\t\t\t\t\t\t\t\t\t<\/div>\n\t\t\t\t\t\t<\/div>\n\t\t\t\t<\/div>\n\t\t\t\t\t\t<\/div>\n\t\t\t\t\t<\/div>\n\t\t<\/div>\n\t\t\t\t\t\t\t\t<\/div>\n\t\t\t\t\t<\/div>\n\t\t<\/section>\n\t\t\t\t<section class=\"elementor-section elementor-top-section elementor-element elementor-element-dc6078b elementor-section-content-middle elementor-section-boxed elementor-section-height-default elementor-section-height-default\" data-id=\"dc6078b\" data-element_type=\"section\" data-settings=\"{&quot;background_background&quot;:&quot;classic&quot;}\">\n\t\t\t\t\t\t<div class=\"elementor-container elementor-column-gap-default\">\n\t\t\t\t\t\t\t<div class=\"elementor-row\">\n\t\t\t\t\t<div class=\"elementor-column elementor-col-100 elementor-top-column elementor-element elementor-element-a0c6074\" data-id=\"a0c6074\" data-element_type=\"column\">\n\t\t\t<div class=\"elementor-column-wrap elementor-element-populated\">\n\t\t\t\t\t\t\t<div class=\"elementor-widget-wrap\">\n\t\t\t\t\t\t<div class=\"elementor-element elementor-element-a8e7b9a elementor-widget elementor-widget-text-editor\" data-id=\"a8e7b9a\" data-element_type=\"widget\" data-widget_type=\"text-editor.default\">\n\t\t\t\t<div class=\"elementor-widget-container\">\n\t\t\t\t\t\t\t\t<div class=\"elementor-text-editor elementor-clearfix\">\n\t\t\t\t<p>Konferencja dofinansowana przez Ministerstwo Edukacji i Nauki w ramach programu DOSKONA\u0141A NAUKA \u2013 wsparcie konferencji naukowych (DKN\/SP\/547378\/2022)<\/p>\t\t\t\t\t<\/div>\n\t\t\t\t\t\t<\/div>\n\t\t\t\t<\/div>\n\t\t\t\t\t\t<\/div>\n\t\t\t\t\t<\/div>\n\t\t<\/div>\n\t\t\t\t\t\t\t\t<\/div>\n\t\t\t\t\t<\/div>\n\t\t<\/section>\n\t\t\t\t\t\t\t\t\t<\/div>\n\t\t\t<\/div>\n\t\t\t\t\t<\/div>\n\t\t","protected":false},"excerpt":{"rendered":"<p>DZIECKO I &quot;J\u0118ZYK WCZESNEJ EDUKACJI&quot; Cz\u0142onkowie Komitetu Naukowego Kolegium Rektorskie: prof. dr hab. Waldemar Tarczy\u0144ski\u00a0 prof. dr hab. Andrzej Skrendo dr hab. Kinga Flaga-Gieruszy\u0144ska, prof. US dr hab. Renata Podg\u00f3rza\u0144ska, prof. US dr hab. Katarzyna Kotarska, prof. US dr hab. Jacek Bat\u00f3g, prof. US Cz\u0142onkowie: prof. dr hab. Jan Miodek prof. dr hab. Zbyszko Melosik [&hellip;]<\/p>\n","protected":false},"author":2,"featured_media":0,"parent":0,"menu_order":3,"comment_status":"closed","ping_status":"closed","template":"elementor_header_footer","meta":{"footnotes":""},"class_list":["post-1450","page","type-page","status-publish","hentry"],"_links":{"self":[{"href":"https:\/\/dzieckoi.usz.edu.pl\/index.php\/wp-json\/wp\/v2\/pages\/1450","targetHints":{"allow":["GET"]}}],"collection":[{"href":"https:\/\/dzieckoi.usz.edu.pl\/index.php\/wp-json\/wp\/v2\/pages"}],"about":[{"href":"https:\/\/dzieckoi.usz.edu.pl\/index.php\/wp-json\/wp\/v2\/types\/page"}],"author":[{"embeddable":true,"href":"https:\/\/dzieckoi.usz.edu.pl\/index.php\/wp-json\/wp\/v2\/users\/2"}],"replies":[{"embeddable":true,"href":"https:\/\/dzieckoi.usz.edu.pl\/index.php\/wp-json\/wp\/v2\/comments?post=1450"}],"version-history":[{"count":4,"href":"https:\/\/dzieckoi.usz.edu.pl\/index.php\/wp-json\/wp\/v2\/pages\/1450\/revisions"}],"predecessor-version":[{"id":1454,"href":"https:\/\/dzieckoi.usz.edu.pl\/index.php\/wp-json\/wp\/v2\/pages\/1450\/revisions\/1454"}],"wp:attachment":[{"href":"https:\/\/dzieckoi.usz.edu.pl\/index.php\/wp-json\/wp\/v2\/media?parent=1450"}],"curies":[{"name":"wp","href":"https:\/\/api.w.org\/{rel}","templated":true}]}}