{"id":1228,"date":"2023-02-17T19:49:58","date_gmt":"2023-02-17T18:49:58","guid":{"rendered":"https:\/\/dzieckoi.usz.edu.pl\/?page_id=1228"},"modified":"2023-03-31T08:45:42","modified_gmt":"2023-03-31T06:45:42","slug":"warsztaty","status":"publish","type":"page","link":"https:\/\/dzieckoi.usz.edu.pl\/index.php\/warsztaty\/","title":{"rendered":"Warsztaty"},"content":{"rendered":"\t\t<div data-elementor-type=\"wp-page\" data-elementor-id=\"1228\" class=\"elementor elementor-1228\">\n\t\t\t\t\t\t<div class=\"elementor-inner\">\n\t\t\t\t<div class=\"elementor-section-wrap\">\n\t\t\t\t\t\t\t\t\t<section class=\"elementor-section elementor-top-section elementor-element elementor-element-4e6fe608 elementor-section-height-min-height elementor-section-content-middle elementor-section-boxed elementor-section-height-default elementor-section-items-middle\" data-id=\"4e6fe608\" data-element_type=\"section\" data-settings=\"{&quot;background_background&quot;:&quot;classic&quot;}\">\n\t\t\t\t\t\t\t<div class=\"elementor-background-overlay\"><\/div>\n\t\t\t\t\t\t\t<div class=\"elementor-container elementor-column-gap-no\">\n\t\t\t\t\t\t\t<div class=\"elementor-row\">\n\t\t\t\t\t<div class=\"elementor-column elementor-col-100 elementor-top-column elementor-element elementor-element-6f860f18\" data-id=\"6f860f18\" data-element_type=\"column\" data-settings=\"{&quot;background_background&quot;:&quot;classic&quot;}\">\n\t\t\t<div class=\"elementor-column-wrap elementor-element-populated\">\n\t\t\t\t\t\t\t<div class=\"elementor-widget-wrap\">\n\t\t\t\t\t\t<div class=\"elementor-element elementor-element-6db16e11 elementor-widget elementor-widget-theme-post-title elementor-page-title elementor-widget-heading\" data-id=\"6db16e11\" data-element_type=\"widget\" data-widget_type=\"theme-post-title.default\">\n\t\t\t\t<div class=\"elementor-widget-container\">\n\t\t\t<h1 class=\"elementor-heading-title elementor-size-default\">Warsztaty<\/h1>\t\t<\/div>\n\t\t\t\t<\/div>\n\t\t\t\t\t\t<\/div>\n\t\t\t\t\t<\/div>\n\t\t<\/div>\n\t\t\t\t\t\t\t\t<\/div>\n\t\t\t\t\t<\/div>\n\t\t<\/section>\n\t\t\t\t<section class=\"elementor-section elementor-top-section elementor-element elementor-element-440d2e1 elementor-section-boxed elementor-section-height-default elementor-section-height-default\" data-id=\"440d2e1\" data-element_type=\"section\">\n\t\t\t\t\t\t<div class=\"elementor-container elementor-column-gap-default\">\n\t\t\t\t\t\t\t<div class=\"elementor-row\">\n\t\t\t\t\t<div class=\"elementor-column elementor-col-100 elementor-top-column elementor-element elementor-element-d482118\" data-id=\"d482118\" data-element_type=\"column\">\n\t\t\t<div class=\"elementor-column-wrap elementor-element-populated\">\n\t\t\t\t\t\t\t<div class=\"elementor-widget-wrap\">\n\t\t\t\t\t\t<div class=\"elementor-element elementor-element-e959b61 elementor-widget elementor-widget-elementskit-heading\" data-id=\"e959b61\" data-element_type=\"widget\" data-widget_type=\"elementskit-heading.default\">\n\t\t\t\t<div class=\"elementor-widget-container\">\n\t\t\t<div class=\"ekit-wid-con\" ><div class=\"ekit-heading elementskit-section-title-wraper text_center   ekit_heading_tablet-   ekit_heading_mobile-\"><h3 class=\"elementskit-section-subtitle  \">\n\t\t\t\t\t\tDZIECKO I &quot;J\u0118ZYK WCZESNEJ EDUKACJI&quot;\n\t\t\t\t\t<\/h3><h2 class=\"ekit-heading--title elementskit-section-title \">Certyfikowane metodyczne warsztaty artystyczne dla nauczycieli<\/h2><div class=\"ekit_heading_separetor_wraper ekit_heading_elementskit-border-divider elementskit-style-long\"><div class=\"elementskit-border-divider elementskit-style-long\"><\/div><\/div><\/div><\/div>\t\t<\/div>\n\t\t\t\t<\/div>\n\t\t\t\t<div class=\"elementor-element elementor-element-d284f84 elementor-widget elementor-widget-text-editor\" data-id=\"d284f84\" data-element_type=\"widget\" data-widget_type=\"text-editor.default\">\n\t\t\t\t<div class=\"elementor-widget-container\">\n\t\t\t\t\t\t\t\t<div class=\"elementor-text-editor elementor-clearfix\">\n\t\t\t\t<p>Zapraszamy do udzia\u0142u w naszych warsztatach towarzysz\u0105cych konferencji .\u00a0<\/p><p><strong>\u00a0<\/strong><\/p><p><strong>Warsztaty dla nauczycieli &#8211; 100 z\u0142<\/strong>\u00a0\/ warsztat\u00a0 (do wyboru).\u00a0<\/p><p>Po wype\u0142nieniu formularza rejestracyjnego nale\u017cy wnie\u015b\u0107 op\u0142at\u0119 na konto nr: ING BANK \u015aL\u0104SKI 46 1050 1559 1000 0022 8790 4474 z dopiskiem: Subkonto 0053 i podaniem nazwiska uczestnika warsztat\u00f3w.<\/p><p><strong>Ka\u017cda osoba, kt\u00f3ra we\u017amie udzia\u0142 warsztatach otrzyma certyfikat uczestnictwa za\u015bwiadczaj\u0105cy o nabytej wiedzy, umiej\u0119tno\u015bciach i kompetencjach.<\/strong><\/p><p>\u00a0<\/p><p><strong>Miejsce:<\/strong><\/p><p>Wydzia\u0142 Nauk Spo\u0142ecznych Uniwersytetu Szczeci\u0144skiego, ul. Krakowska 71-79.<br \/>Termin i godziny odbywania si\u0119 warsztat\u00f3w podano w\u00a0<a href=\"https:\/\/dzieckoi.usz.edu.pl\/index.php\/program\/\">programie konferencji<\/a>.<\/p><p>\u00a0<\/p><p><strong>Warsztaty do wyboru:<\/strong><\/p><p><em><strong><u>Sztuka awangardowa XX wieku jako inspiracja dla pracy tw\u00f3rczej ucznia<\/u><\/strong><\/em><strong>\u00a0&#8211;\u00a0<\/strong><strong>dr hab. Mariusz Szajda, prof. AS<\/strong><\/p><p>Uczestnicy zdob\u0119d\u0105 wiedz\u0119 dotycz\u0105c\u0105 zagadnie\u0144 zwi\u0105zanych z wybranymi epokami historycznymi w zakresie sztuki, kt\u00f3r\u0105 poddadz\u0105 analizie i syntezie. Na tej podstawie skonstruuj\u0105 ciekawe zaj\u0119cia, rozwijaj\u0105ce poznawczo, tw\u00f3rczo i estetycznie wychowank\u00f3w. Tre\u015bci warsztat\u00f3w b\u0119d\u0105 integrowa\u0107 zagadnienia z r\u00f3\u017cnych obszar\u00f3w edukacji wczesnoszkolnej.<\/p><p><strong>Techniki grafiki warsztatowej w edukacji szkolnej dziecka &#8211; <\/strong><strong>art. plast. dr Miko\u0142aj Materne<\/strong><\/p><p>Uczestnicy poznaj\u0105 r\u00f3\u017cne rodzaje grafiki warsztatowej (artystycznej) zar\u00f3wno od strony teoretycznej jak i praktycznej, \u0142\u0105cz\u0105c dzia\u0142ania plastyczne z pozosta\u0142ymi obszarami edukacji zintegrowanej. Przedstawione techniki grafiki warsztatowej b\u0119d\u0105 dostosowane do mo\u017cliwo\u015bci realizacji ich w przestrzeni szkolnej.<\/p>\t\t\t\t\t<\/div>\n\t\t\t\t\t\t<\/div>\n\t\t\t\t<\/div>\n\t\t\t\t<div class=\"elementor-element elementor-element-4f4a03d elementor-hidden-tablet elementor-hidden-mobile elementor-widget elementor-widget-text-editor\" data-id=\"4f4a03d\" data-element_type=\"widget\" data-widget_type=\"text-editor.default\">\n\t\t\t\t<div class=\"elementor-widget-container\">\n\t\t\t\t\t\t\t\t<div class=\"elementor-text-editor elementor-clearfix\">\n\t\t\t\t<p>Formularz ju\u017c zosta\u0142 wy\u0142\u0105czony<\/p>\t\t\t\t\t<\/div>\n\t\t\t\t\t\t<\/div>\n\t\t\t\t<\/div>\n\t\t\t\t<div class=\"elementor-element elementor-element-2a372b4 elementor-widget elementor-widget-image\" data-id=\"2a372b4\" data-element_type=\"widget\" data-widget_type=\"image.default\">\n\t\t\t\t<div class=\"elementor-widget-container\">\n\t\t\t\t\t\t\t\t<div class=\"elementor-image\">\n\t\t\t\t\t\t\t\t\t\t\t\t<img loading=\"lazy\" decoding=\"async\" width=\"2560\" height=\"597\" src=\"https:\/\/dzieckoi.usz.edu.pl\/wp-content\/uploads\/2022\/11\/korczak-kulmowa-scaled.jpg\" class=\"attachment-full size-full\" alt=\"Korczak i Kulmowa\" srcset=\"https:\/\/dzieckoi.usz.edu.pl\/wp-content\/uploads\/2022\/11\/korczak-kulmowa-scaled.jpg 2560w, https:\/\/dzieckoi.usz.edu.pl\/wp-content\/uploads\/2022\/11\/korczak-kulmowa-300x70.jpg 300w, https:\/\/dzieckoi.usz.edu.pl\/wp-content\/uploads\/2022\/11\/korczak-kulmowa-1024x239.jpg 1024w, https:\/\/dzieckoi.usz.edu.pl\/wp-content\/uploads\/2022\/11\/korczak-kulmowa-768x179.jpg 768w, https:\/\/dzieckoi.usz.edu.pl\/wp-content\/uploads\/2022\/11\/korczak-kulmowa-1536x358.jpg 1536w, https:\/\/dzieckoi.usz.edu.pl\/wp-content\/uploads\/2022\/11\/korczak-kulmowa-2048x478.jpg 2048w\" sizes=\"auto, (max-width: 2560px) 100vw, 2560px\" \/>\t\t\t\t\t\t\t\t\t\t\t\t\t\t<\/div>\n\t\t\t\t\t\t<\/div>\n\t\t\t\t<\/div>\n\t\t\t\t\t\t<\/div>\n\t\t\t\t\t<\/div>\n\t\t<\/div>\n\t\t\t\t\t\t\t\t<\/div>\n\t\t\t\t\t<\/div>\n\t\t<\/section>\n\t\t\t\t<section class=\"elementor-section elementor-top-section elementor-element elementor-element-99f8927 elementor-section-content-middle elementor-section-boxed elementor-section-height-default elementor-section-height-default\" data-id=\"99f8927\" data-element_type=\"section\" data-settings=\"{&quot;background_background&quot;:&quot;classic&quot;}\">\n\t\t\t\t\t\t<div class=\"elementor-container elementor-column-gap-default\">\n\t\t\t\t\t\t\t<div class=\"elementor-row\">\n\t\t\t\t\t<div class=\"elementor-column elementor-col-100 elementor-top-column elementor-element elementor-element-ae96503\" data-id=\"ae96503\" data-element_type=\"column\">\n\t\t\t<div class=\"elementor-column-wrap elementor-element-populated\">\n\t\t\t\t\t\t\t<div class=\"elementor-widget-wrap\">\n\t\t\t\t\t\t<div class=\"elementor-element elementor-element-f0afb18 elementor-widget elementor-widget-text-editor\" data-id=\"f0afb18\" data-element_type=\"widget\" data-widget_type=\"text-editor.default\">\n\t\t\t\t<div class=\"elementor-widget-container\">\n\t\t\t\t\t\t\t\t<div class=\"elementor-text-editor elementor-clearfix\">\n\t\t\t\t<p>Konferencja dofinansowana przez Ministerstwo Edukacji i Nauki w ramach programu DOSKONA\u0141A NAUKA \u2013 wsparcie konferencji naukowych (DKN\/SP\/547378\/2022)<\/p>\t\t\t\t\t<\/div>\n\t\t\t\t\t\t<\/div>\n\t\t\t\t<\/div>\n\t\t\t\t\t\t<\/div>\n\t\t\t\t\t<\/div>\n\t\t<\/div>\n\t\t\t\t\t\t\t\t<\/div>\n\t\t\t\t\t<\/div>\n\t\t<\/section>\n\t\t\t\t\t\t\t\t\t<\/div>\n\t\t\t<\/div>\n\t\t\t\t\t<\/div>\n\t\t","protected":false},"excerpt":{"rendered":"<p>DZIECKO I &quot;J\u0118ZYK WCZESNEJ EDUKACJI&quot; Certyfikowane metodyczne warsztaty artystyczne dla nauczycieli Zapraszamy do udzia\u0142u w naszych warsztatach towarzysz\u0105cych konferencji .\u00a0 \u00a0 Warsztaty dla nauczycieli &#8211; 100 z\u0142\u00a0\/ warsztat\u00a0 (do wyboru).\u00a0 Po wype\u0142nieniu formularza rejestracyjnego nale\u017cy wnie\u015b\u0107 op\u0142at\u0119 na konto nr: ING BANK \u015aL\u0104SKI 46 1050 1559 1000 0022 8790 4474 z dopiskiem: Subkonto 0053 i [&hellip;]<\/p>\n","protected":false},"author":2,"featured_media":0,"parent":0,"menu_order":14,"comment_status":"closed","ping_status":"closed","template":"elementor_header_footer","meta":{"footnotes":""},"class_list":["post-1228","page","type-page","status-publish","hentry"],"_links":{"self":[{"href":"https:\/\/dzieckoi.usz.edu.pl\/index.php\/wp-json\/wp\/v2\/pages\/1228","targetHints":{"allow":["GET"]}}],"collection":[{"href":"https:\/\/dzieckoi.usz.edu.pl\/index.php\/wp-json\/wp\/v2\/pages"}],"about":[{"href":"https:\/\/dzieckoi.usz.edu.pl\/index.php\/wp-json\/wp\/v2\/types\/page"}],"author":[{"embeddable":true,"href":"https:\/\/dzieckoi.usz.edu.pl\/index.php\/wp-json\/wp\/v2\/users\/2"}],"replies":[{"embeddable":true,"href":"https:\/\/dzieckoi.usz.edu.pl\/index.php\/wp-json\/wp\/v2\/comments?post=1228"}],"version-history":[{"count":69,"href":"https:\/\/dzieckoi.usz.edu.pl\/index.php\/wp-json\/wp\/v2\/pages\/1228\/revisions"}],"predecessor-version":[{"id":1446,"href":"https:\/\/dzieckoi.usz.edu.pl\/index.php\/wp-json\/wp\/v2\/pages\/1228\/revisions\/1446"}],"wp:attachment":[{"href":"https:\/\/dzieckoi.usz.edu.pl\/index.php\/wp-json\/wp\/v2\/media?parent=1228"}],"curies":[{"name":"wp","href":"https:\/\/api.w.org\/{rel}","templated":true}]}}